{"id":22170,"date":"2021-06-17T15:16:28","date_gmt":"2021-06-17T15:16:28","guid":{"rendered":"https:\/\/www.mydemenageur.com\/blog\/?page_id=22170"},"modified":"2022-03-08T12:41:45","modified_gmt":"2022-03-08T12:41:45","slug":"logement","status":"publish","type":"page","link":"https:\/\/www.mydemenageur.com\/blog\/logement\/","title":{"rendered":"Logement : d\u00e9m\u00e9nagement et emm\u00e9nagement"},"content":{"rendered":"<section class=\"wpb-content-wrapper\"><p>[vc_row][vc_column][vc_column_text woodmart_inline=\u00a0\u00bbno\u00a0\u00bb text_larger=\u00a0\u00bbno\u00a0\u00bb]D\u00e9m\u00e9nager et emm\u00e9nager dans un nouveau logement implique de revoir une grande partie de son mode de vie : nouvelles habitudes de quartier, r\u00e9organisation des meubles dans la nouvelle maison, achat immobilier ou location. MyDemenageur est l\u00e0 pour vous orienter dans votre nouvelle vie. D\u00e9couvrez nos nouvelles <a href=\"https:\/\/www.mydemenageur.com\/aide-demenagement\/\">offres d&rsquo;aide au d\u00e9m\u00e9nagement<\/a>, vous avez une urgence ? Un artisan vous r\u00e9pond en moins de 20 minutes.<\/p>\n<h2>Conseils logement et emm\u00e9nagement<\/h2>\n<p>[\/vc_column_text]\t\t\t<link rel=\"stylesheet\" id=\"wd-blog-base-css\" href=\"https:\/\/www.mydemenageur.com\/blog\/wp-content\/themes\/woodmart\/css\/parts\/blog-base.min.css?ver=6.5.4\" type=\"text\/css\" media=\"all\" \/> \t\t\t\t\t\t<link rel=\"stylesheet\" id=\"wd-blog-loop-base-old-css\" href=\"https:\/\/www.mydemenageur.com\/blog\/wp-content\/themes\/woodmart\/css\/parts\/blog-loop-base-old.min.css?ver=6.5.4\" type=\"text\/css\" media=\"all\" \/> \t\t\t\t\t\t<link rel=\"stylesheet\" id=\"wd-blog-loop-design-masonry-css\" href=\"https:\/\/www.mydemenageur.com\/blog\/wp-content\/themes\/woodmart\/css\/parts\/blog-loop-design-masonry.min.css?ver=6.5.4\" type=\"text\/css\" media=\"all\" \/> \t\t\t<div class=\"wd-blog-holder blog-shortcode  masonry-container wd-spacing-20 row blog-pagination-more-btn\" id=\"69f2091991d65\" data-paged=\"1\" data-atts=\"{&quot;post_type&quot;:&quot;post&quot;,&quot;include&quot;:&quot;&quot;,&quot;custom_query&quot;:&quot;&quot;,&quot;taxonomies&quot;:&quot;102&quot;,&quot;pagination&quot;:&quot;more-btn&quot;,&quot;parts_media&quot;:true,&quot;parts_title&quot;:&quot;1&quot;,&quot;parts_meta&quot;:&quot;0&quot;,&quot;parts_text&quot;:&quot;1&quot;,&quot;parts_btn&quot;:&quot;0&quot;,&quot;items_per_page&quot;:&quot;20&quot;,&quot;offset&quot;:&quot;&quot;,&quot;orderby&quot;:&quot;date&quot;,&quot;order&quot;:&quot;DESC&quot;,&quot;meta_key&quot;:&quot;&quot;,&quot;exclude&quot;:&quot;&quot;,&quot;class&quot;:&quot;&quot;,&quot;ajax_page&quot;:&quot;&quot;,&quot;img_size&quot;:&quot;medium&quot;,&quot;blog_design&quot;:&quot;masonry&quot;,&quot;blog_carousel_design&quot;:&quot;masonry&quot;,&quot;blog_columns&quot;:&quot;3&quot;,&quot;blog_columns_tablet&quot;:&quot;auto&quot;,&quot;blog_columns_mobile&quot;:&quot;auto&quot;,&quot;blog_spacing&quot;:&quot;20&quot;,&quot;speed&quot;:&quot;5000&quot;,&quot;slides_per_view&quot;:&quot;3&quot;,&quot;slides_per_view_tablet&quot;:&quot;auto&quot;,&quot;slides_per_view_mobile&quot;:&quot;auto&quot;,&quot;wrap&quot;:&quot;&quot;,&quot;autoplay&quot;:&quot;no&quot;,&quot;hide_pagination_control&quot;:&quot;&quot;,&quot;hide_prev_next_buttons&quot;:&quot;&quot;,&quot;lazy_loading&quot;:&quot;no&quot;,&quot;scroll_carousel_init&quot;:&quot;no&quot;,&quot;scroll_per_page&quot;:&quot;yes&quot;,&quot;search&quot;:&quot;&quot;}\" data-source=\"shortcode\">\n<article id=\"post-32278\" class=\"blog-design-masonry blog-post-loop blog-style-shadow  col-lg-4 col-md-4 col-sm-6 col-12 post-32278 post type-post status-publish format-standard has-post-thumbnail hentry category-logement\">\n\t<div class=\"article-inner\">\n\t\t\t\t\t<header class=\"entry-header\">\n\t\t\t\t\t\t\t\t\t\n\t\t\t\t\t<figure id=\"carousel-412\" class=\"entry-thumbnail\" data-owl-carousel data-hide_pagination_control=\"yes\" data-desktop=\"1\" data-tablet=\"1\" data-tablet_landscape=\"1\" data-mobile=\"1\">\n\t\t\t\t\t\t\n\t\t\t\t\t\t\t<div class=\"post-img-wrapp\">\n\t\t\t\t\t\t\t\t<a href=\"https:\/\/www.mydemenageur.com\/blog\/assurance-de-pret-immobilier\/\">\n\t\t\t\t\t\t\t\t\t<img decoding=\"async\" width=\"300\" height=\"150\" src=\"data:image\/jpeg;base64,\/9j\/4AAQSkZJRgABAQEAYABgAAD\/\/gA7Q1JFQVRPUjogZ2QtanBlZyB2MS4wICh1c2luZyBJSkcgSlBFRyB2ODApLCBxdWFsaXR5ID0gODIK\/9sAQwAGBAQFBAQGBQUFBgYGBwkOCQkICAkSDQ0KDhUSFhYVEhQUFxohHBcYHxkUFB0nHR8iIyUlJRYcKSwoJCshJCUk\/9sAQwEGBgYJCAkRCQkRJBgUGCQkJCQkJCQkJCQkJCQkJCQkJCQkJCQkJCQkJCQkJCQkJCQkJCQkJCQkJCQkJCQkJCQk\/8AAEQgACgAUAwEiAAIRAQMRAf\/EAB8AAAEFAQEBAQEBAAAAAAAAAAABAgMEBQYHCAkKC\/\/EALUQAAIBAwMCBAMFBQQEAAABfQECAwAEEQUSITFBBhNRYQcicRQygZGhCCNCscEVUtHwJDNicoIJChYXGBkaJSYnKCkqNDU2Nzg5OkNERUZHSElKU1RVVldYWVpjZGVmZ2hpanN0dXZ3eHl6g4SFhoeIiYqSk5SVlpeYmZqio6Slpqeoqaqys7S1tre4ubrCw8TFxsfIycrS09TV1tfY2drh4uPk5ebn6Onq8fLz9PX29\/j5+v\/EAB8BAAMBAQEBAQEBAQEAAAAAAAABAgMEBQYHCAkKC\/\/EALURAAIBAgQEAwQHBQQEAAECdwABAgMRBAUhMQYSQVEHYXETIjKBCBRCkaGxwQkjM1LwFWJy0QoWJDThJfEXGBkaJicoKSo1Njc4OTpDREVGR0hJSlNUVVZXWFlaY2RlZmdoaWpzdHV2d3h5eoKDhIWGh4iJipKTlJWWl5iZmqKjpKWmp6ipqrKztLW2t7i5usLDxMXGx8jJytLT1NXW19jZ2uLj5OXm5+jp6vLz9PX29\/j5+v\/aAAwDAQACEQMRAD8A4jRNJubaC0so9XjjnVJXRJEyZAVI456AN+lejWngvwoPhxP4k8R62+oXWnWrARWl4E2gAJGhUcglsen3q8n8UyyQaJaGJ2jIkjcFTjDYl5+vA59q6\/xLbwzWmjTSRRvLKI97soLP8o6nvXlYKlFN1WtdeiPUxj2pLRerPHhfwyokk4lR2GSGUt+RJyRRROS8zsx3Ek5J70V3LVXONqzsf\/\/Z\" class=\"attachment-large wp-post-image attachment-medium wd-lazy-load wd-lazy-fade\" alt=\"Assurance de pr\u00eat immobilier\" title=\"67d7ee18e6114-freepik-the-style-is-candid-image-photography-with-natural-56137\" srcset=\"\" sizes=\"(max-width: 300px) 100vw, 300px\" data-wood-src=\"https:\/\/www.mydemenageur.com\/blog\/wp-content\/uploads\/2025\/03\/67d7ee18e6114-freepik-the-style-is-candid-image-photography-with-natural-56137-300x150.jpeg\" data-srcset=\"https:\/\/www.mydemenageur.com\/blog\/wp-content\/uploads\/2025\/03\/67d7ee18e6114-freepik-the-style-is-candid-image-photography-with-natural-56137-300x150.jpeg 300w, https:\/\/www.mydemenageur.com\/blog\/wp-content\/uploads\/2025\/03\/67d7ee18e6114-freepik-the-style-is-candid-image-photography-with-natural-56137-1200x600.jpeg 1200w, https:\/\/www.mydemenageur.com\/blog\/wp-content\/uploads\/2025\/03\/67d7ee18e6114-freepik-the-style-is-candid-image-photography-with-natural-56137-768x384.jpeg 768w, https:\/\/www.mydemenageur.com\/blog\/wp-content\/uploads\/2025\/03\/67d7ee18e6114-freepik-the-style-is-candid-image-photography-with-natural-56137.jpeg 1408w\" \/>\t\t\t\t\t\t\t\t<\/a>\n\t\t\t\t\t\t\t<\/div>\n\t\t\t\t\t\t\t<div class=\"post-image-mask\">\n\t\t\t\t\t\t\t\t<span><\/span>\n\t\t\t\t\t\t\t<\/div>\n\n\t\t\t\t\t\t\n\t\t\t\t\t<\/figure>\n\t\t\t\t\n\t\t\t\t\t\t\t\t\t\t\t\t<div class=\"post-date wd-post-date wd-style-with-bg\" onclick=\"\">\n\t\t\t\t<span class=\"post-date-day\">\n\t\t\t\t\t20\t\t\t\t<\/span>\n\t\t\t\t<span class=\"post-date-month\">\n\t\t\t\t\tMar\t\t\t\t<\/span>\n\t\t\t<\/div>\n\t\t\t\t\t\t\n\t\t\t<\/header><!-- .entry-header -->\n\n\t\t<div class=\"article-body-container\">\n\t\t\t\n\t\t\t\t\n\t\t\t\t\t\t\t\t\t<h3 class=\"wd-entities-title title post-title\">\n\t\t\t\t\t\t<a href=\"https:\/\/www.mydemenageur.com\/blog\/assurance-de-pret-immobilier\/\" rel=\"bookmark\">Assurance de pr\u00eat immobilier : est-elle obligatoire pour votre pr\u00eat ?<\/a>\n\t\t\t\t\t<\/h3>\n\t\t\t\t\n\t\t\t\t\t\t\t\n\t\t\t\t\t\t\t<div class=\"entry-content wd-entry-content\">\n\t\t\t\t\tLorsqu'il s'agit d'acheter un bien immobilier, l\u2019assurance de pr\u00eat immobilier est un \u00e9l\u00e9ment souvent incontournable. Beaucoup d'emprunt...\t\t\t\t\t\t\t\t\t<\/div><!-- .entry-content -->\n\t\t\t\n\t\t\t\n\t\t\t\t\t<\/div>\n\t<\/div>\n<\/article><!-- #post -->\n\n\n\n<article id=\"post-32274\" class=\"blog-design-masonry blog-post-loop blog-style-shadow  col-lg-4 col-md-4 col-sm-6 col-12 first  post-32274 post type-post status-publish format-standard has-post-thumbnail hentry category-logement\">\n\t<div class=\"article-inner\">\n\t\t\t\t\t<header class=\"entry-header\">\n\t\t\t\t\t\t\t\t\t\n\t\t\t\t\t<figure id=\"carousel-405\" class=\"entry-thumbnail\" data-owl-carousel data-hide_pagination_control=\"yes\" data-desktop=\"1\" data-tablet=\"1\" data-tablet_landscape=\"1\" data-mobile=\"1\">\n\t\t\t\t\t\t\n\t\t\t\t\t\t\t<div class=\"post-img-wrapp\">\n\t\t\t\t\t\t\t\t<a href=\"https:\/\/www.mydemenageur.com\/blog\/assurance-habitation-et-colocation\/\">\n\t\t\t\t\t\t\t\t\t<img decoding=\"async\" width=\"300\" height=\"150\" src=\"data:image\/jpeg;base64,\/9j\/4AAQSkZJRgABAQEAYABgAAD\/\/gA7Q1JFQVRPUjogZ2QtanBlZyB2MS4wICh1c2luZyBJSkcgSlBFRyB2ODApLCBxdWFsaXR5ID0gODIK\/9sAQwAGBAQFBAQGBQUFBgYGBwkOCQkICAkSDQ0KDhUSFhYVEhQUFxohHBcYHxkUFB0nHR8iIyUlJRYcKSwoJCshJCUk\/9sAQwEGBgYJCAkRCQkRJBgUGCQkJCQkJCQkJCQkJCQkJCQkJCQkJCQkJCQkJCQkJCQkJCQkJCQkJCQkJCQkJCQkJCQk\/8AAEQgACgAUAwEiAAIRAQMRAf\/EAB8AAAEFAQEBAQEBAAAAAAAAAAABAgMEBQYHCAkKC\/\/EALUQAAIBAwMCBAMFBQQEAAABfQECAwAEEQUSITFBBhNRYQcicRQygZGhCCNCscEVUtHwJDNicoIJChYXGBkaJSYnKCkqNDU2Nzg5OkNERUZHSElKU1RVVldYWVpjZGVmZ2hpanN0dXZ3eHl6g4SFhoeIiYqSk5SVlpeYmZqio6Slpqeoqaqys7S1tre4ubrCw8TFxsfIycrS09TV1tfY2drh4uPk5ebn6Onq8fLz9PX29\/j5+v\/EAB8BAAMBAQEBAQEBAQEAAAAAAAABAgMEBQYHCAkKC\/\/EALURAAIBAgQEAwQHBQQEAAECdwABAgMRBAUhMQYSQVEHYXETIjKBCBRCkaGxwQkjM1LwFWJy0QoWJDThJfEXGBkaJicoKSo1Njc4OTpDREVGR0hJSlNUVVZXWFlaY2RlZmdoaWpzdHV2d3h5eoKDhIWGh4iJipKTlJWWl5iZmqKjpKWmp6ipqrKztLW2t7i5usLDxMXGx8jJytLT1NXW19jZ2uLj5OXm5+jp6vLz9PX29\/j5+v\/aAAwDAQACEQMRAD8AwdMGkaLe2sWmavc3NvpQnu1iSUlLuTaMqwXkquwZJ4wT06n0YeL4n8ATy3l9EtzOXlm8wcwszkjYDngYAAzjGOa8t0ICXxPHDIA8bWkqsjcqQbc5BH4n869o\/sXS\/wDhHI2\/s2yyUQk+QvJKr7V4OJilG7PVovmfL2seBWVyNQtY5ppBI4yu8jBYAnBI9cUVjaYxFjFgkfe\/9CNFdHIRKWp\/\/9k=\" class=\"attachment-large wp-post-image attachment-medium wd-lazy-load wd-lazy-fade\" alt=\"Assurance habitation et colocation\" title=\"67da7f21d5f3b-freepik-the-style-is-candid-image-photography-with-natural-56138\" srcset=\"\" sizes=\"(max-width: 300px) 100vw, 300px\" data-wood-src=\"https:\/\/www.mydemenageur.com\/blog\/wp-content\/uploads\/2025\/03\/67da7f21d5f3b-freepik-the-style-is-candid-image-photography-with-natural-56138-300x150.jpeg\" data-srcset=\"https:\/\/www.mydemenageur.com\/blog\/wp-content\/uploads\/2025\/03\/67da7f21d5f3b-freepik-the-style-is-candid-image-photography-with-natural-56138-300x150.jpeg 300w, https:\/\/www.mydemenageur.com\/blog\/wp-content\/uploads\/2025\/03\/67da7f21d5f3b-freepik-the-style-is-candid-image-photography-with-natural-56138-1200x600.jpeg 1200w, https:\/\/www.mydemenageur.com\/blog\/wp-content\/uploads\/2025\/03\/67da7f21d5f3b-freepik-the-style-is-candid-image-photography-with-natural-56138-768x384.jpeg 768w, https:\/\/www.mydemenageur.com\/blog\/wp-content\/uploads\/2025\/03\/67da7f21d5f3b-freepik-the-style-is-candid-image-photography-with-natural-56138.jpeg 1408w\" \/>\t\t\t\t\t\t\t\t<\/a>\n\t\t\t\t\t\t\t<\/div>\n\t\t\t\t\t\t\t<div class=\"post-image-mask\">\n\t\t\t\t\t\t\t\t<span><\/span>\n\t\t\t\t\t\t\t<\/div>\n\n\t\t\t\t\t\t\n\t\t\t\t\t<\/figure>\n\t\t\t\t\n\t\t\t\t\t\t\t\t\t\t\t\t<div class=\"post-date wd-post-date wd-style-with-bg\" onclick=\"\">\n\t\t\t\t<span class=\"post-date-day\">\n\t\t\t\t\t20\t\t\t\t<\/span>\n\t\t\t\t<span class=\"post-date-month\">\n\t\t\t\t\tMar\t\t\t\t<\/span>\n\t\t\t<\/div>\n\t\t\t\t\t\t\n\t\t\t<\/header><!-- .entry-header -->\n\n\t\t<div class=\"article-body-container\">\n\t\t\t\n\t\t\t\t\n\t\t\t\t\t\t\t\t\t<h3 class=\"wd-entities-title title post-title\">\n\t\t\t\t\t\t<a href=\"https:\/\/www.mydemenageur.com\/blog\/assurance-habitation-et-colocation\/\" rel=\"bookmark\">Assurance habitation et colocation : quelles sp\u00e9cificit\u00e9s ?<\/a>\n\t\t\t\t\t<\/h3>\n\t\t\t\t\n\t\t\t\t\t\t\t\n\t\t\t\t\t\t\t<div class=\"entry-content wd-entry-content\">\n\t\t\t\t\tL\u2019assurance habitation est un sujet crucial lorsqu'il s'agit de colocation. Dans cette configuration, les colocataires partagent non se...\t\t\t\t\t\t\t\t\t<\/div><!-- .entry-content -->\n\t\t\t\n\t\t\t\n\t\t\t\t\t<\/div>\n\t<\/div>\n<\/article><!-- #post -->\n\n\n\n<article id=\"post-32233\" class=\"blog-design-masonry blog-post-loop blog-style-shadow  col-lg-4 col-md-4 col-sm-6 col-12 post-32233 post type-post status-publish format-standard has-post-thumbnail hentry category-logement\">\n\t<div class=\"article-inner\">\n\t\t\t\t\t<header class=\"entry-header\">\n\t\t\t\t\t\t\t\t\t\n\t\t\t\t\t<figure id=\"carousel-272\" class=\"entry-thumbnail\" data-owl-carousel data-hide_pagination_control=\"yes\" data-desktop=\"1\" data-tablet=\"1\" data-tablet_landscape=\"1\" data-mobile=\"1\">\n\t\t\t\t\t\t\n\t\t\t\t\t\t\t<div class=\"post-img-wrapp\">\n\t\t\t\t\t\t\t\t<a href=\"https:\/\/www.mydemenageur.com\/blog\/carreaux-de-ciment-dans-votre-maison\/\">\n\t\t\t\t\t\t\t\t\t<img decoding=\"async\" width=\"300\" height=\"200\" src=\"data:image\/jpg;base64,\/9j\/4AAQSkZJRgABAQEAYABgAAD\/\/gA7Q1JFQVRPUjogZ2QtanBlZyB2MS4wICh1c2luZyBJSkcgSlBFRyB2ODApLCBxdWFsaXR5ID0gODIK\/9sAQwAGBAQFBAQGBQUFBgYGBwkOCQkICAkSDQ0KDhUSFhYVEhQUFxohHBcYHxkUFB0nHR8iIyUlJRYcKSwoJCshJCUk\/9sAQwEGBgYJCAkRCQkRJBgUGCQkJCQkJCQkJCQkJCQkJCQkJCQkJCQkJCQkJCQkJCQkJCQkJCQkJCQkJCQkJCQkJCQk\/8AAEQgACgAPAwEiAAIRAQMRAf\/EAB8AAAEFAQEBAQEBAAAAAAAAAAABAgMEBQYHCAkKC\/\/EALUQAAIBAwMCBAMFBQQEAAABfQECAwAEEQUSITFBBhNRYQcicRQygZGhCCNCscEVUtHwJDNicoIJChYXGBkaJSYnKCkqNDU2Nzg5OkNERUZHSElKU1RVVldYWVpjZGVmZ2hpanN0dXZ3eHl6g4SFhoeIiYqSk5SVlpeYmZqio6Slpqeoqaqys7S1tre4ubrCw8TFxsfIycrS09TV1tfY2drh4uPk5ebn6Onq8fLz9PX29\/j5+v\/EAB8BAAMBAQEBAQEBAQEAAAAAAAABAgMEBQYHCAkKC\/\/EALURAAIBAgQEAwQHBQQEAAECdwABAgMRBAUhMQYSQVEHYXETIjKBCBRCkaGxwQkjM1LwFWJy0QoWJDThJfEXGBkaJicoKSo1Njc4OTpDREVGR0hJSlNUVVZXWFlaY2RlZmdoaWpzdHV2d3h5eoKDhIWGh4iJipKTlJWWl5iZmqKjpKWmp6ipqrKztLW2t7i5usLDxMXGx8jJytLT1NXW19jZ2uLj5OXm5+jp6vLz9PX29\/j5+v\/aAAwDAQACEQMRAD8A09T8SxafqT2v2ZI1SFQXCc2qkZyPQgE\/jXP+NZdOnt\/J0m8upryBt00iI6lAehLcHPb05NdB4eijufCPiOaeNJZVuAQ7jcwO49zXNaj\/AKPaWLQ\/uzLGS5Tjedx6461yyjOTactDWai4qyP\/2Q==\" class=\"attachment-large wp-post-image attachment-medium wd-lazy-load wd-lazy-fade\" alt=\"carrelage en carreaux de ciment\" title=\"2151141449\" srcset=\"\" sizes=\"(max-width: 300px) 100vw, 300px\" data-wood-src=\"https:\/\/www.mydemenageur.com\/blog\/wp-content\/uploads\/2025\/01\/2151141449-300x200.jpg\" data-srcset=\"https:\/\/www.mydemenageur.com\/blog\/wp-content\/uploads\/2025\/01\/2151141449-300x200.jpg 300w, https:\/\/www.mydemenageur.com\/blog\/wp-content\/uploads\/2025\/01\/2151141449-1200x800.jpg 1200w, https:\/\/www.mydemenageur.com\/blog\/wp-content\/uploads\/2025\/01\/2151141449-768x512.jpg 768w, https:\/\/www.mydemenageur.com\/blog\/wp-content\/uploads\/2025\/01\/2151141449.jpg 1500w\" \/>\t\t\t\t\t\t\t\t<\/a>\n\t\t\t\t\t\t\t<\/div>\n\t\t\t\t\t\t\t<div class=\"post-image-mask\">\n\t\t\t\t\t\t\t\t<span><\/span>\n\t\t\t\t\t\t\t<\/div>\n\n\t\t\t\t\t\t\n\t\t\t\t\t<\/figure>\n\t\t\t\t\n\t\t\t\t\t\t\t\t\t\t\t\t<div class=\"post-date wd-post-date wd-style-with-bg\" onclick=\"\">\n\t\t\t\t<span class=\"post-date-day\">\n\t\t\t\t\t20\t\t\t\t<\/span>\n\t\t\t\t<span class=\"post-date-month\">\n\t\t\t\t\tJan\t\t\t\t<\/span>\n\t\t\t<\/div>\n\t\t\t\t\t\t\n\t\t\t<\/header><!-- .entry-header -->\n\n\t\t<div class=\"article-body-container\">\n\t\t\t\n\t\t\t\t\n\t\t\t\t\t\t\t\t\t<h3 class=\"wd-entities-title title post-title\">\n\t\t\t\t\t\t<a href=\"https:\/\/www.mydemenageur.com\/blog\/carreaux-de-ciment-dans-votre-maison\/\" rel=\"bookmark\">Carrelage en carreaux de ciment pour une maison styl\u00e9e et intemporelle<\/a>\n\t\t\t\t\t<\/h3>\n\t\t\t\t\n\t\t\t\t\t\t\t\n\t\t\t\t\t\t\t<div class=\"entry-content wd-entry-content\">\n\t\t\t\t\tLe carrelage en carreaux de ciment fait son grand retour dans nos int\u00e9rieurs. Il apporte une touche d'\u00e9l\u00e9gance, de charme et surtout un...\t\t\t\t\t\t\t\t\t<\/div><!-- .entry-content -->\n\t\t\t\n\t\t\t\n\t\t\t\t\t<\/div>\n\t<\/div>\n<\/article><!-- #post -->\n\n\n\n<article id=\"post-32190\" class=\"blog-design-masonry blog-post-loop blog-style-shadow  col-lg-4 col-md-4 col-sm-6 col-12 last  post-32190 post type-post status-publish format-standard has-post-thumbnail hentry category-logement\">\n\t<div class=\"article-inner\">\n\t\t\t\t\t<header class=\"entry-header\">\n\t\t\t\t\t\t\t\t\t\n\t\t\t\t\t<figure id=\"carousel-889\" class=\"entry-thumbnail\" data-owl-carousel data-hide_pagination_control=\"yes\" data-desktop=\"1\" data-tablet=\"1\" data-tablet_landscape=\"1\" data-mobile=\"1\">\n\t\t\t\t\t\t\n\t\t\t\t\t\t\t<div class=\"post-img-wrapp\">\n\t\t\t\t\t\t\t\t<a href=\"https:\/\/www.mydemenageur.com\/blog\/lmnp-avantages-regimes-fiscaux-et-gestion-optimale\/\">\n\t\t\t\t\t\t\t\t\t<img decoding=\"async\" width=\"300\" height=\"169\" src=\"data:image\/png;base64,iVBORw0KGgoAAAANSUhEUgAAABIAAAAKCAYAAAC5Sw6hAAAACXBIWXMAAA7EAAAOxAGVKw4bAAACP0lEQVQokSXQy04TUQCA4f\/MnGk706uFWmm5KRSoBlBMGhOjSxbu3foGvoMv4NIX0MSQuDZx0URINBpJiIDRBJUIpRZKSy+0MO2ZmePC7xE+8fzpY50plrCjccKWST74zmD3E5t7DXquhwo0WgNaIwQIwEQz6kiWl2c4iC0xNBzMUuri2fHeDr4hSVzNY6RmSYSG6P4FQ8IIGUFYNkbIxgw5CCuCY0eZKs5RSa4QOCMEmEjLEHjDC+pbZSZli8jdVdLFh8jMPOFqnXqzjeu6eJ5HrrDI+NwSkbCFRjB1Xqd7sM3RtzJSGAID0ED48pjD9ZdM3y9g1s843T6icnKOUh5BoOlbI1QSKxRyIYJBQH7nLebwjFzpDoYpAGCgfDo9FyNkM7r6hOREDqV80CANgTQFEWkSs3q0\/r7CG3QR2qddrfLz\/UcM4P+g1vQvFc1mi9rGGxqHNVxX4QUBfqDxfE3K1sSGNTY3fkC\/QSs6zq65wC9\/DNlXGiXDCMug3vc5v3RZe\/2BbD6LMXqNqO3i+z6eHxAOSW5f8YgXbnBa2cO+fouF5AwWPrLhSUr3FkEHVCsnKK\/H5\/028VZAxjHBVyRiUaQVQpkRmHhAJjqPbLX4svYCe\/ImTiKFvBh4KC2Ix2JUGr8Zy6Z5ND9NIhmn3+lyetzEsSOYUhKXmoHrEnbiZJ047UiG8rsysWQKuf2nyVZlHSlNAqUoDgJm56b4ul+j0+hgGRLpKhAeoU6XWUNgmBaeGpJOp8lmM7iDIf8AOBj8MVTs2cUAAAAASUVORK5CYII=\" class=\"attachment-large wp-post-image attachment-medium wd-lazy-load wd-lazy-fade\" alt=\"Location meubl\u00e9e\" title=\"675047578339b-Brouillon-11\" srcset=\"\" sizes=\"(max-width: 300px) 100vw, 300px\" data-wood-src=\"https:\/\/www.mydemenageur.com\/blog\/wp-content\/uploads\/2024\/12\/675047578339b-Brouillon-11-300x169.png\" data-srcset=\"https:\/\/www.mydemenageur.com\/blog\/wp-content\/uploads\/2024\/12\/675047578339b-Brouillon-11-300x169.png 300w, https:\/\/www.mydemenageur.com\/blog\/wp-content\/uploads\/2024\/12\/675047578339b-Brouillon-11-1200x675.png 1200w, https:\/\/www.mydemenageur.com\/blog\/wp-content\/uploads\/2024\/12\/675047578339b-Brouillon-11-768x432.png 768w, https:\/\/www.mydemenageur.com\/blog\/wp-content\/uploads\/2024\/12\/675047578339b-Brouillon-11.png 1280w\" \/>\t\t\t\t\t\t\t\t<\/a>\n\t\t\t\t\t\t\t<\/div>\n\t\t\t\t\t\t\t<div class=\"post-image-mask\">\n\t\t\t\t\t\t\t\t<span><\/span>\n\t\t\t\t\t\t\t<\/div>\n\n\t\t\t\t\t\t\n\t\t\t\t\t<\/figure>\n\t\t\t\t\n\t\t\t\t\t\t\t\t\t\t\t\t<div class=\"post-date wd-post-date wd-style-with-bg\" onclick=\"\">\n\t\t\t\t<span class=\"post-date-day\">\n\t\t\t\t\t06\t\t\t\t<\/span>\n\t\t\t\t<span class=\"post-date-month\">\n\t\t\t\t\tD\u00e9c\t\t\t\t<\/span>\n\t\t\t<\/div>\n\t\t\t\t\t\t\n\t\t\t<\/header><!-- .entry-header -->\n\n\t\t<div class=\"article-body-container\">\n\t\t\t\n\t\t\t\t\n\t\t\t\t\t\t\t\t\t<h3 class=\"wd-entities-title title post-title\">\n\t\t\t\t\t\t<a href=\"https:\/\/www.mydemenageur.com\/blog\/lmnp-avantages-regimes-fiscaux-et-gestion-optimale\/\" rel=\"bookmark\">Comment g\u00e9rer sa location meubl\u00e9e non professionnelle ?<\/a>\n\t\t\t\t\t<\/h3>\n\t\t\t\t\n\t\t\t\t\t\t\t\n\t\t\t\t\t\t\t<div class=\"entry-content wd-entry-content\">\n\t\t\t\t\tLa location meubl\u00e9e non professionnelle, souvent abr\u00e9g\u00e9e en LMNP, repr\u00e9sente une option int\u00e9ressante pour les cadres souhaitant optimis...\t\t\t\t\t\t\t\t\t<\/div><!-- .entry-content -->\n\t\t\t\n\t\t\t\n\t\t\t\t\t<\/div>\n\t<\/div>\n<\/article><!-- #post -->\n\n\n\n<article id=\"post-1193\" class=\"blog-design-masonry blog-post-loop blog-style-shadow  col-lg-4 col-md-4 col-sm-6 col-12 first  post-1193 post type-post status-publish format-standard has-post-thumbnail hentry category-logement\">\n\t<div class=\"article-inner\">\n\t\t\t\t\t<header class=\"entry-header\">\n\t\t\t\t\t\t\t\t\t\n\t\t\t\t\t<figure id=\"carousel-238\" class=\"entry-thumbnail\" data-owl-carousel data-hide_pagination_control=\"yes\" data-desktop=\"1\" data-tablet=\"1\" data-tablet_landscape=\"1\" data-mobile=\"1\">\n\t\t\t\t\t\t\n\t\t\t\t\t\t\t<div class=\"post-img-wrapp\">\n\t\t\t\t\t\t\t\t<a href=\"https:\/\/www.mydemenageur.com\/blog\/demenagement-vivre-a-paris\/\">\n\t\t\t\t\t\t\t\t\t<img decoding=\"async\" width=\"300\" height=\"200\" src=\"data:image\/jpg;base64,\/9j\/4AAQSkZJRgABAQEAYABgAAD\/\/gA7Q1JFQVRPUjogZ2QtanBlZyB2MS4wICh1c2luZyBJSkcgSlBFRyB2NjIpLCBxdWFsaXR5ID0gODIK\/9sAQwAGBAQFBAQGBQUFBgYGBwkOCQkICAkSDQ0KDhUSFhYVEhQUFxohHBcYHxkUFB0nHR8iIyUlJRYcKSwoJCshJCUk\/9sAQwEGBgYJCAkRCQkRJBgUGCQkJCQkJCQkJCQkJCQkJCQkJCQkJCQkJCQkJCQkJCQkJCQkJCQkJCQkJCQkJCQkJCQk\/8AAEQgACgAPAwEiAAIRAQMRAf\/EAB8AAAEFAQEBAQEBAAAAAAAAAAABAgMEBQYHCAkKC\/\/EALUQAAIBAwMCBAMFBQQEAAABfQECAwAEEQUSITFBBhNRYQcicRQygZGhCCNCscEVUtHwJDNicoIJChYXGBkaJSYnKCkqNDU2Nzg5OkNERUZHSElKU1RVVldYWVpjZGVmZ2hpanN0dXZ3eHl6g4SFhoeIiYqSk5SVlpeYmZqio6Slpqeoqaqys7S1tre4ubrCw8TFxsfIycrS09TV1tfY2drh4uPk5ebn6Onq8fLz9PX29\/j5+v\/EAB8BAAMBAQEBAQEBAQEAAAAAAAABAgMEBQYHCAkKC\/\/EALURAAIBAgQEAwQHBQQEAAECdwABAgMRBAUhMQYSQVEHYXETIjKBCBRCkaGxwQkjM1LwFWJy0QoWJDThJfEXGBkaJicoKSo1Njc4OTpDREVGR0hJSlNUVVZXWFlaY2RlZmdoaWpzdHV2d3h5eoKDhIWGh4iJipKTlJWWl5iZmqKjpKWmp6ipqrKztLW2t7i5usLDxMXGx8jJytLT1NXW19jZ2uLj5OXm5+jp6vLz9PX29\/j5+v\/aAAwDAQACEQMRAD8A5rw38X7zS7Q+XBbznAGZIN2M9O9Udc+Jst3DJIYIQ4IZ2WEADJ9unWvMLQlViAOAQc4pmoMSSCSRuY4\/GvVdWL15d\/N\/5nDHDcqtfReUf8j\/2Q==\" class=\"attachment-large wp-post-image attachment-medium wd-lazy-load wd-lazy-fade\" alt=\"d\u00e9m\u00e9nagement \u00e0 paris\" title=\"demenagement-paris\" srcset=\"\" sizes=\"(max-width: 300px) 100vw, 300px\" data-wood-src=\"https:\/\/www.mydemenageur.com\/blog\/wp-content\/uploads\/2019\/04\/demenagement-paris-300x200.jpg\" data-srcset=\"https:\/\/www.mydemenageur.com\/blog\/wp-content\/uploads\/2019\/04\/demenagement-paris-300x200.jpg 300w, https:\/\/www.mydemenageur.com\/blog\/wp-content\/uploads\/2019\/04\/demenagement-paris.jpg 680w\" \/>\t\t\t\t\t\t\t\t<\/a>\n\t\t\t\t\t\t\t<\/div>\n\t\t\t\t\t\t\t<div class=\"post-image-mask\">\n\t\t\t\t\t\t\t\t<span><\/span>\n\t\t\t\t\t\t\t<\/div>\n\n\t\t\t\t\t\t\n\t\t\t\t\t<\/figure>\n\t\t\t\t\n\t\t\t\t\t\t\t\t\t\t\t\t<div class=\"post-date wd-post-date wd-style-with-bg\" onclick=\"\">\n\t\t\t\t<span class=\"post-date-day\">\n\t\t\t\t\t16\t\t\t\t<\/span>\n\t\t\t\t<span class=\"post-date-month\">\n\t\t\t\t\tSep\t\t\t\t<\/span>\n\t\t\t<\/div>\n\t\t\t\t\t\t\n\t\t\t<\/header><!-- .entry-header -->\n\n\t\t<div class=\"article-body-container\">\n\t\t\t\n\t\t\t\t\n\t\t\t\t\t\t\t\t\t<h3 class=\"wd-entities-title title post-title\">\n\t\t\t\t\t\t<a href=\"https:\/\/www.mydemenageur.com\/blog\/demenagement-vivre-a-paris\/\" rel=\"bookmark\">D\u00e9m\u00e9nagement \u00e0 Paris : 18 choses \u00e0 savoir avant de venir vivre \u00e0 Paris<\/a>\n\t\t\t\t\t<\/h3>\n\t\t\t\t\n\t\t\t\t\t\t\t\n\t\t\t\t\t\t\t<div class=\"entry-content wd-entry-content\">\n\t\t\t\t\tVous pensez venir vivre \u00e0 Paris, que ce soit pour votre travail ou vos \u00e9tudes, mais vous ne savez pas \u00e0 quoi vous attendre ? Vous aimer...\t\t\t\t\t\t\t\t\t<\/div><!-- .entry-content -->\n\t\t\t\n\t\t\t\n\t\t\t\t\t<\/div>\n\t<\/div>\n<\/article><!-- #post -->\n\n\n\n<article id=\"post-31294\" class=\"blog-design-masonry blog-post-loop blog-style-shadow  col-lg-4 col-md-4 col-sm-6 col-12 post-31294 post type-post status-publish format-standard has-post-thumbnail hentry category-logement\">\n\t<div class=\"article-inner\">\n\t\t\t\t\t<header class=\"entry-header\">\n\t\t\t\t\t\t\t\t\t\n\t\t\t\t\t<figure id=\"carousel-575\" class=\"entry-thumbnail\" data-owl-carousel data-hide_pagination_control=\"yes\" data-desktop=\"1\" data-tablet=\"1\" data-tablet_landscape=\"1\" data-mobile=\"1\">\n\t\t\t\t\t\t\n\t\t\t\t\t\t\t<div class=\"post-img-wrapp\">\n\t\t\t\t\t\t\t\t<a href=\"https:\/\/www.mydemenageur.com\/blog\/budget-amenagement-jardin\/\">\n\t\t\t\t\t\t\t\t\t<img decoding=\"async\" width=\"300\" height=\"200\" src=\"data:image\/jpg;base64,\/9j\/4AAQSkZJRgABAQEAYABgAAD\/\/gA7Q1JFQVRPUjogZ2QtanBlZyB2MS4wICh1c2luZyBJSkcgSlBFRyB2ODApLCBxdWFsaXR5ID0gODIK\/9sAQwAGBAQFBAQGBQUFBgYGBwkOCQkICAkSDQ0KDhUSFhYVEhQUFxohHBcYHxkUFB0nHR8iIyUlJRYcKSwoJCshJCUk\/9sAQwEGBgYJCAkRCQkRJBgUGCQkJCQkJCQkJCQkJCQkJCQkJCQkJCQkJCQkJCQkJCQkJCQkJCQkJCQkJCQkJCQkJCQk\/8AAEQgACgAPAwEiAAIRAQMRAf\/EAB8AAAEFAQEBAQEBAAAAAAAAAAABAgMEBQYHCAkKC\/\/EALUQAAIBAwMCBAMFBQQEAAABfQECAwAEEQUSITFBBhNRYQcicRQygZGhCCNCscEVUtHwJDNicoIJChYXGBkaJSYnKCkqNDU2Nzg5OkNERUZHSElKU1RVVldYWVpjZGVmZ2hpanN0dXZ3eHl6g4SFhoeIiYqSk5SVlpeYmZqio6Slpqeoqaqys7S1tre4ubrCw8TFxsfIycrS09TV1tfY2drh4uPk5ebn6Onq8fLz9PX29\/j5+v\/EAB8BAAMBAQEBAQEBAQEAAAAAAAABAgMEBQYHCAkKC\/\/EALURAAIBAgQEAwQHBQQEAAECdwABAgMRBAUhMQYSQVEHYXETIjKBCBRCkaGxwQkjM1LwFWJy0QoWJDThJfEXGBkaJicoKSo1Njc4OTpDREVGR0hJSlNUVVZXWFlaY2RlZmdoaWpzdHV2d3h5eoKDhIWGh4iJipKTlJWWl5iZmqKjpKWmp6ipqrKztLW2t7i5usLDxMXGx8jJytLT1NXW19jZ2uLj5OXm5+jp6vLz9PX29\/j5+v\/aAAwDAQACEQMRAD8AueAPEOt6hcquY5fKXeYS46DGcE8H6ZJ54qXxf8Urq+ZjbPDFFG2BCzEkHofl6CvOdHuZ7bUiYJpYigwuxiu3Oc4x0rJ8XO39qXUm5t5ZSWzycqM8183jss+rtKE3bRjzutUwUVGnZ3tuu\/pY\/9k=\" class=\"attachment-large wp-post-image attachment-medium wd-lazy-load wd-lazy-fade\" alt=\"jardin am\u00e9nag\u00e9\" title=\"jardin am\u00e9nag\u00e9\" srcset=\"\" sizes=\"(max-width: 300px) 100vw, 300px\" data-wood-src=\"https:\/\/www.mydemenageur.com\/blog\/wp-content\/uploads\/2024\/07\/jardin-amenage-300x200.jpg\" data-srcset=\"https:\/\/www.mydemenageur.com\/blog\/wp-content\/uploads\/2024\/07\/jardin-amenage-300x200.jpg 300w, https:\/\/www.mydemenageur.com\/blog\/wp-content\/uploads\/2024\/07\/jardin-amenage-1200x800.jpg 1200w, https:\/\/www.mydemenageur.com\/blog\/wp-content\/uploads\/2024\/07\/jardin-amenage-768x512.jpg 768w, https:\/\/www.mydemenageur.com\/blog\/wp-content\/uploads\/2024\/07\/jardin-amenage.jpg 1500w\" \/>\t\t\t\t\t\t\t\t<\/a>\n\t\t\t\t\t\t\t<\/div>\n\t\t\t\t\t\t\t<div class=\"post-image-mask\">\n\t\t\t\t\t\t\t\t<span><\/span>\n\t\t\t\t\t\t\t<\/div>\n\n\t\t\t\t\t\t\n\t\t\t\t\t<\/figure>\n\t\t\t\t\n\t\t\t\t\t\t\t\t\t\t\t\t<div class=\"post-date wd-post-date wd-style-with-bg\" onclick=\"\">\n\t\t\t\t<span class=\"post-date-day\">\n\t\t\t\t\t09\t\t\t\t<\/span>\n\t\t\t\t<span class=\"post-date-month\">\n\t\t\t\t\tJuil\t\t\t\t<\/span>\n\t\t\t<\/div>\n\t\t\t\t\t\t\n\t\t\t<\/header><!-- .entry-header -->\n\n\t\t<div class=\"article-body-container\">\n\t\t\t\n\t\t\t\t\n\t\t\t\t\t\t\t\t\t<h3 class=\"wd-entities-title title post-title\">\n\t\t\t\t\t\t<a href=\"https:\/\/www.mydemenageur.com\/blog\/budget-amenagement-jardin\/\" rel=\"bookmark\">Quel budget pour am\u00e9nager un jardin ?<\/a>\n\t\t\t\t\t<\/h3>\n\t\t\t\t\n\t\t\t\t\t\t\t\n\t\t\t\t\t\t\t<div class=\"entry-content wd-entry-content\">\n\t\t\t\t\tAm\u00e9nager un jardin est un projet captivant et enrichissant qui peut apporter une\u00a0r\u00e9elle plus-value\u00a0\u00e0 votre maison. Cependant, d\u00e9termine...\t\t\t\t\t\t\t\t\t<\/div><!-- .entry-content -->\n\t\t\t\n\t\t\t\n\t\t\t\t\t<\/div>\n\t<\/div>\n<\/article><!-- #post -->\n\n\n\n<article id=\"post-31291\" class=\"blog-design-masonry blog-post-loop blog-style-shadow  col-lg-4 col-md-4 col-sm-6 col-12 last  post-31291 post type-post status-publish format-standard has-post-thumbnail hentry category-logement\">\n\t<div class=\"article-inner\">\n\t\t\t\t\t<header class=\"entry-header\">\n\t\t\t\t\t\t\t\t\t\n\t\t\t\t\t<figure id=\"carousel-309\" class=\"entry-thumbnail\" data-owl-carousel data-hide_pagination_control=\"yes\" data-desktop=\"1\" data-tablet=\"1\" data-tablet_landscape=\"1\" data-mobile=\"1\">\n\t\t\t\t\t\t\n\t\t\t\t\t\t\t<div class=\"post-img-wrapp\">\n\t\t\t\t\t\t\t\t<a href=\"https:\/\/www.mydemenageur.com\/blog\/ptz-achat-logement-neuf\/\">\n\t\t\t\t\t\t\t\t\t<img decoding=\"async\" width=\"300\" height=\"200\" src=\"data:image\/jpg;base64,\/9j\/4AAQSkZJRgABAQEAYABgAAD\/\/gA7Q1JFQVRPUjogZ2QtanBlZyB2MS4wICh1c2luZyBJSkcgSlBFRyB2ODApLCBxdWFsaXR5ID0gODIK\/9sAQwAGBAQFBAQGBQUFBgYGBwkOCQkICAkSDQ0KDhUSFhYVEhQUFxohHBcYHxkUFB0nHR8iIyUlJRYcKSwoJCshJCUk\/9sAQwEGBgYJCAkRCQkRJBgUGCQkJCQkJCQkJCQkJCQkJCQkJCQkJCQkJCQkJCQkJCQkJCQkJCQkJCQkJCQkJCQkJCQk\/8AAEQgACgAPAwEiAAIRAQMRAf\/EAB8AAAEFAQEBAQEBAAAAAAAAAAABAgMEBQYHCAkKC\/\/EALUQAAIBAwMCBAMFBQQEAAABfQECAwAEEQUSITFBBhNRYQcicRQygZGhCCNCscEVUtHwJDNicoIJChYXGBkaJSYnKCkqNDU2Nzg5OkNERUZHSElKU1RVVldYWVpjZGVmZ2hpanN0dXZ3eHl6g4SFhoeIiYqSk5SVlpeYmZqio6Slpqeoqaqys7S1tre4ubrCw8TFxsfIycrS09TV1tfY2drh4uPk5ebn6Onq8fLz9PX29\/j5+v\/EAB8BAAMBAQEBAQEBAQEAAAAAAAABAgMEBQYHCAkKC\/\/EALURAAIBAgQEAwQHBQQEAAECdwABAgMRBAUhMQYSQVEHYXETIjKBCBRCkaGxwQkjM1LwFWJy0QoWJDThJfEXGBkaJicoKSo1Njc4OTpDREVGR0hJSlNUVVZXWFlaY2RlZmdoaWpzdHV2d3h5eoKDhIWGh4iJipKTlJWWl5iZmqKjpKWmp6ipqrKztLW2t7i5usLDxMXGx8jJytLT1NXW19jZ2uLj5OXm5+jp6vLz9PX29\/j5+v\/aAAwDAQACEQMRAD8A7Wy+Iq3FtBo9rKbXUEjSOX7THhwduWCBeC4HTsTRf3Nz4W\/s68kupL3VbiWSIzMm4FdrEq3zAhcKv\/AlHrXk+iSyNpt1IXYuLgYYnkcetdZp5IgBzyeprwsZm88LFrlvbRandSw6n1P\/2Q==\" class=\"attachment-large wp-post-image attachment-medium wd-lazy-load wd-lazy-fade\" alt=\"\" title=\"beneficier du ptz\" srcset=\"\" sizes=\"(max-width: 300px) 100vw, 300px\" data-wood-src=\"https:\/\/www.mydemenageur.com\/blog\/wp-content\/uploads\/2024\/07\/beneficier-du-ptz-300x200.jpg\" data-srcset=\"https:\/\/www.mydemenageur.com\/blog\/wp-content\/uploads\/2024\/07\/beneficier-du-ptz-300x200.jpg 300w, https:\/\/www.mydemenageur.com\/blog\/wp-content\/uploads\/2024\/07\/beneficier-du-ptz-1200x800.jpg 1200w, https:\/\/www.mydemenageur.com\/blog\/wp-content\/uploads\/2024\/07\/beneficier-du-ptz-768x512.jpg 768w, https:\/\/www.mydemenageur.com\/blog\/wp-content\/uploads\/2024\/07\/beneficier-du-ptz.jpg 1500w\" \/>\t\t\t\t\t\t\t\t<\/a>\n\t\t\t\t\t\t\t<\/div>\n\t\t\t\t\t\t\t<div class=\"post-image-mask\">\n\t\t\t\t\t\t\t\t<span><\/span>\n\t\t\t\t\t\t\t<\/div>\n\n\t\t\t\t\t\t\n\t\t\t\t\t<\/figure>\n\t\t\t\t\n\t\t\t\t\t\t\t\t\t\t\t\t<div class=\"post-date wd-post-date wd-style-with-bg\" onclick=\"\">\n\t\t\t\t<span class=\"post-date-day\">\n\t\t\t\t\t04\t\t\t\t<\/span>\n\t\t\t\t<span class=\"post-date-month\">\n\t\t\t\t\tJuil\t\t\t\t<\/span>\n\t\t\t<\/div>\n\t\t\t\t\t\t\n\t\t\t<\/header><!-- .entry-header -->\n\n\t\t<div class=\"article-body-container\">\n\t\t\t\n\t\t\t\t\n\t\t\t\t\t\t\t\t\t<h3 class=\"wd-entities-title title post-title\">\n\t\t\t\t\t\t<a href=\"https:\/\/www.mydemenageur.com\/blog\/ptz-achat-logement-neuf\/\" rel=\"bookmark\">B\u00e9n\u00e9ficier du PTZ pour l&rsquo;achat d&rsquo;un logement neuf : une opportunit\u00e9 \u00e0 saisir<\/a>\n\t\t\t\t\t<\/h3>\n\t\t\t\t\n\t\t\t\t\t\t\t\n\t\t\t\t\t\t\t<div class=\"entry-content wd-entry-content\">\n\t\t\t\t\tDans le domaine de l'immobilier, et notamment celui de l'immobilier neuf, les dispositifs d'aide peuvent constituer un levier important...\t\t\t\t\t\t\t\t\t<\/div><!-- .entry-content -->\n\t\t\t\n\t\t\t\n\t\t\t\t\t<\/div>\n\t<\/div>\n<\/article><!-- #post -->\n\n\n\n<article id=\"post-31141\" class=\"blog-design-masonry blog-post-loop blog-style-shadow  col-lg-4 col-md-4 col-sm-6 col-12 first  post-31141 post type-post status-publish format-standard has-post-thumbnail hentry category-logement\">\n\t<div class=\"article-inner\">\n\t\t\t\t\t<header class=\"entry-header\">\n\t\t\t\t\t\t\t\t\t\n\t\t\t\t\t<figure id=\"carousel-704\" class=\"entry-thumbnail\" data-owl-carousel data-hide_pagination_control=\"yes\" data-desktop=\"1\" data-tablet=\"1\" data-tablet_landscape=\"1\" data-mobile=\"1\">\n\t\t\t\t\t\t\n\t\t\t\t\t\t\t<div class=\"post-img-wrapp\">\n\t\t\t\t\t\t\t\t<a href=\"https:\/\/www.mydemenageur.com\/blog\/investir-dans-limmobilier-locatif-en-2024\/\">\n\t\t\t\t\t\t\t\t\t<img decoding=\"async\" width=\"300\" height=\"200\" src=\"data:image\/jpg;base64,\/9j\/4AAQSkZJRgABAQEAYABgAAD\/\/gA7Q1JFQVRPUjogZ2QtanBlZyB2MS4wICh1c2luZyBJSkcgSlBFRyB2ODApLCBxdWFsaXR5ID0gODIK\/9sAQwAGBAQFBAQGBQUFBgYGBwkOCQkICAkSDQ0KDhUSFhYVEhQUFxohHBcYHxkUFB0nHR8iIyUlJRYcKSwoJCshJCUk\/9sAQwEGBgYJCAkRCQkRJBgUGCQkJCQkJCQkJCQkJCQkJCQkJCQkJCQkJCQkJCQkJCQkJCQkJCQkJCQkJCQkJCQkJCQk\/8AAEQgACgAPAwEiAAIRAQMRAf\/EAB8AAAEFAQEBAQEBAAAAAAAAAAABAgMEBQYHCAkKC\/\/EALUQAAIBAwMCBAMFBQQEAAABfQECAwAEEQUSITFBBhNRYQcicRQygZGhCCNCscEVUtHwJDNicoIJChYXGBkaJSYnKCkqNDU2Nzg5OkNERUZHSElKU1RVVldYWVpjZGVmZ2hpanN0dXZ3eHl6g4SFhoeIiYqSk5SVlpeYmZqio6Slpqeoqaqys7S1tre4ubrCw8TFxsfIycrS09TV1tfY2drh4uPk5ebn6Onq8fLz9PX29\/j5+v\/EAB8BAAMBAQEBAQEBAQEAAAAAAAABAgMEBQYHCAkKC\/\/EALURAAIBAgQEAwQHBQQEAAECdwABAgMRBAUhMQYSQVEHYXETIjKBCBRCkaGxwQkjM1LwFWJy0QoWJDThJfEXGBkaJicoKSo1Njc4OTpDREVGR0hJSlNUVVZXWFlaY2RlZmdoaWpzdHV2d3h5eoKDhIWGh4iJipKTlJWWl5iZmqKjpKWmp6ipqrKztLW2t7i5usLDxMXGx8jJytLT1NXW19jZ2uLj5OXm5+jp6vLz9PX29\/j5+v\/aAAwDAQACEQMRAD8A6y78P6bZXj6dbxncodZZkyNpCZwCCCO3PX0q\/o8OhS6U8mo3aLFHJsWac\/OCVU7c4+bqeTk8dT1rlBczz3ssss0kkn2iQbnYk4MZ71ct5HsbSwjtGa3RoEYrEdgJ29cDvwPyrkxOMr+29spar7jbD4el7B0eXfqf\/9k=\" class=\"attachment-large wp-post-image attachment-medium wd-lazy-load wd-lazy-fade\" alt=\"Investissement immobilier en 2024\" title=\"Investissement immobilier en 2024\" srcset=\"\" sizes=\"(max-width: 300px) 100vw, 300px\" data-wood-src=\"https:\/\/www.mydemenageur.com\/blog\/wp-content\/uploads\/2024\/02\/Investissement-immobilier-en-2024-300x200.jpg\" data-srcset=\"https:\/\/www.mydemenageur.com\/blog\/wp-content\/uploads\/2024\/02\/Investissement-immobilier-en-2024-300x200.jpg 300w, https:\/\/www.mydemenageur.com\/blog\/wp-content\/uploads\/2024\/02\/Investissement-immobilier-en-2024-768x512.jpg 768w, https:\/\/www.mydemenageur.com\/blog\/wp-content\/uploads\/2024\/02\/Investissement-immobilier-en-2024.jpg 900w\" \/>\t\t\t\t\t\t\t\t<\/a>\n\t\t\t\t\t\t\t<\/div>\n\t\t\t\t\t\t\t<div class=\"post-image-mask\">\n\t\t\t\t\t\t\t\t<span><\/span>\n\t\t\t\t\t\t\t<\/div>\n\n\t\t\t\t\t\t\n\t\t\t\t\t<\/figure>\n\t\t\t\t\n\t\t\t\t\t\t\t\t\t\t\t\t<div class=\"post-date wd-post-date wd-style-with-bg\" onclick=\"\">\n\t\t\t\t<span class=\"post-date-day\">\n\t\t\t\t\t12\t\t\t\t<\/span>\n\t\t\t\t<span class=\"post-date-month\">\n\t\t\t\t\tF\u00e9v\t\t\t\t<\/span>\n\t\t\t<\/div>\n\t\t\t\t\t\t\n\t\t\t<\/header><!-- .entry-header -->\n\n\t\t<div class=\"article-body-container\">\n\t\t\t\n\t\t\t\t\n\t\t\t\t\t\t\t\t\t<h3 class=\"wd-entities-title title post-title\">\n\t\t\t\t\t\t<a href=\"https:\/\/www.mydemenageur.com\/blog\/investir-dans-limmobilier-locatif-en-2024\/\" rel=\"bookmark\">Investir dans l\u2019immobilier locatif en 2024\u00a0<\/a>\n\t\t\t\t\t<\/h3>\n\t\t\t\t\n\t\t\t\t\t\t\t\n\t\t\t\t\t\t\t<div class=\"entry-content wd-entry-content\">\n\t\t\t\t\t\u00c0 une \u00e9poque caract\u00e9ris\u00e9e par des avanc\u00e9es technologiques rapides et des changements r\u00e9guliers dans les politiques gouvernementales, co...\t\t\t\t\t\t\t\t\t<\/div><!-- .entry-content -->\n\t\t\t\n\t\t\t\n\t\t\t\t\t<\/div>\n\t<\/div>\n<\/article><!-- #post -->\n\n\n\n<article id=\"post-31063\" class=\"blog-design-masonry blog-post-loop blog-style-shadow  col-lg-4 col-md-4 col-sm-6 col-12 post-31063 post type-post status-publish format-standard has-post-thumbnail hentry category-actualite category-logement\">\n\t<div class=\"article-inner\">\n\t\t\t\t\t<header class=\"entry-header\">\n\t\t\t\t\t\t\t\t\t\n\t\t\t\t\t<figure id=\"carousel-497\" class=\"entry-thumbnail\" data-owl-carousel data-hide_pagination_control=\"yes\" data-desktop=\"1\" data-tablet=\"1\" data-tablet_landscape=\"1\" data-mobile=\"1\">\n\t\t\t\t\t\t\n\t\t\t\t\t\t\t<div class=\"post-img-wrapp\">\n\t\t\t\t\t\t\t\t<a href=\"https:\/\/www.mydemenageur.com\/blog\/legislation-assurance-emprunteur\/\">\n\t\t\t\t\t\t\t\t\t<img decoding=\"async\" width=\"300\" height=\"200\" src=\"data:image\/jpg;base64,\/9j\/4AAQSkZJRgABAQEAYABgAAD\/\/gA7Q1JFQVRPUjogZ2QtanBlZyB2MS4wICh1c2luZyBJSkcgSlBFRyB2ODApLCBxdWFsaXR5ID0gODIK\/9sAQwAGBAQFBAQGBQUFBgYGBwkOCQkICAkSDQ0KDhUSFhYVEhQUFxohHBcYHxkUFB0nHR8iIyUlJRYcKSwoJCshJCUk\/9sAQwEGBgYJCAkRCQkRJBgUGCQkJCQkJCQkJCQkJCQkJCQkJCQkJCQkJCQkJCQkJCQkJCQkJCQkJCQkJCQkJCQkJCQk\/8AAEQgACgAPAwEiAAIRAQMRAf\/EAB8AAAEFAQEBAQEBAAAAAAAAAAABAgMEBQYHCAkKC\/\/EALUQAAIBAwMCBAMFBQQEAAABfQECAwAEEQUSITFBBhNRYQcicRQygZGhCCNCscEVUtHwJDNicoIJChYXGBkaJSYnKCkqNDU2Nzg5OkNERUZHSElKU1RVVldYWVpjZGVmZ2hpanN0dXZ3eHl6g4SFhoeIiYqSk5SVlpeYmZqio6Slpqeoqaqys7S1tre4ubrCw8TFxsfIycrS09TV1tfY2drh4uPk5ebn6Onq8fLz9PX29\/j5+v\/EAB8BAAMBAQEBAQEBAQEAAAAAAAABAgMEBQYHCAkKC\/\/EALURAAIBAgQEAwQHBQQEAAECdwABAgMRBAUhMQYSQVEHYXETIjKBCBRCkaGxwQkjM1LwFWJy0QoWJDThJfEXGBkaJicoKSo1Njc4OTpDREVGR0hJSlNUVVZXWFlaY2RlZmdoaWpzdHV2d3h5eoKDhIWGh4iJipKTlJWWl5iZmqKjpKWmp6ipqrKztLW2t7i5usLDxMXGx8jJytLT1NXW19jZ2uLj5OXm5+jp6vLz9PX29\/j5+v\/aAAwDAQACEQMRAD8Apahq+n6ULa3FzK0ltdAT\/Z2GHUK2VDZ55I\/hI4rpvBXhbTfH8dw2p2t5AYn+79oUgrjj\/lmpJz7YrovEcEUPgu4aOJEbzIuVUA96s\/DInyJee39RV62M01e1j\/\/Z\" class=\"attachment-large wp-post-image attachment-medium wd-lazy-load wd-lazy-fade\" alt=\"L\u00e9gislation sur l&#039;assurance emprunteur\" title=\"loi sur l&#039;assurance emprunteur\" srcset=\"\" sizes=\"(max-width: 300px) 100vw, 300px\" data-wood-src=\"https:\/\/www.mydemenageur.com\/blog\/wp-content\/uploads\/2024\/01\/loi-sur-lassurance-emprunteur-300x200.jpg\" data-srcset=\"https:\/\/www.mydemenageur.com\/blog\/wp-content\/uploads\/2024\/01\/loi-sur-lassurance-emprunteur-300x200.jpg 300w, https:\/\/www.mydemenageur.com\/blog\/wp-content\/uploads\/2024\/01\/loi-sur-lassurance-emprunteur-768x512.jpg 768w, https:\/\/www.mydemenageur.com\/blog\/wp-content\/uploads\/2024\/01\/loi-sur-lassurance-emprunteur.jpg 900w\" \/>\t\t\t\t\t\t\t\t<\/a>\n\t\t\t\t\t\t\t<\/div>\n\t\t\t\t\t\t\t<div class=\"post-image-mask\">\n\t\t\t\t\t\t\t\t<span><\/span>\n\t\t\t\t\t\t\t<\/div>\n\n\t\t\t\t\t\t\n\t\t\t\t\t<\/figure>\n\t\t\t\t\n\t\t\t\t\t\t\t\t\t\t\t\t<div class=\"post-date wd-post-date wd-style-with-bg\" onclick=\"\">\n\t\t\t\t<span class=\"post-date-day\">\n\t\t\t\t\t09\t\t\t\t<\/span>\n\t\t\t\t<span class=\"post-date-month\">\n\t\t\t\t\tJan\t\t\t\t<\/span>\n\t\t\t<\/div>\n\t\t\t\t\t\t\n\t\t\t<\/header><!-- .entry-header -->\n\n\t\t<div class=\"article-body-container\">\n\t\t\t\n\t\t\t\t\n\t\t\t\t\t\t\t\t\t<h3 class=\"wd-entities-title title post-title\">\n\t\t\t\t\t\t<a href=\"https:\/\/www.mydemenageur.com\/blog\/legislation-assurance-emprunteur\/\" rel=\"bookmark\">Assurance emprunteur : ce que dit la loi<\/a>\n\t\t\t\t\t<\/h3>\n\t\t\t\t\n\t\t\t\t\t\t\t\n\t\t\t\t\t\t\t<div class=\"entry-content wd-entry-content\">\n\t\t\t\t\tL'acquisition d'une propri\u00e9t\u00e9 ou d'un bien immobilier est souvent accompagn\u00e9e d'un pr\u00eat bancaire, rendant l'assurance emprunteur un \u00e9l\u00e9...\t\t\t\t\t\t\t\t\t<\/div><!-- .entry-content -->\n\t\t\t\n\t\t\t\n\t\t\t\t\t<\/div>\n\t<\/div>\n<\/article><!-- #post -->\n\n\n\n<article id=\"post-30961\" class=\"blog-design-masonry blog-post-loop blog-style-shadow  col-lg-4 col-md-4 col-sm-6 col-12 last  post-30961 post type-post status-publish format-standard has-post-thumbnail hentry category-logement\">\n\t<div class=\"article-inner\">\n\t\t\t\t\t<header class=\"entry-header\">\n\t\t\t\t\t\t\t\t\t\n\t\t\t\t\t<figure id=\"carousel-246\" class=\"entry-thumbnail\" data-owl-carousel data-hide_pagination_control=\"yes\" data-desktop=\"1\" data-tablet=\"1\" data-tablet_landscape=\"1\" data-mobile=\"1\">\n\t\t\t\t\t\t\n\t\t\t\t\t\t\t<div class=\"post-img-wrapp\">\n\t\t\t\t\t\t\t\t<a href=\"https:\/\/www.mydemenageur.com\/blog\/lits-faciles-a-demonter\/\">\n\t\t\t\t\t\t\t\t\t<img decoding=\"async\" width=\"300\" height=\"200\" src=\"data:image\/jpg;base64,\/9j\/4AAQSkZJRgABAQEAYABgAAD\/\/gA7Q1JFQVRPUjogZ2QtanBlZyB2MS4wICh1c2luZyBJSkcgSlBFRyB2ODApLCBxdWFsaXR5ID0gODIK\/9sAQwAGBAQFBAQGBQUFBgYGBwkOCQkICAkSDQ0KDhUSFhYVEhQUFxohHBcYHxkUFB0nHR8iIyUlJRYcKSwoJCshJCUk\/9sAQwEGBgYJCAkRCQkRJBgUGCQkJCQkJCQkJCQkJCQkJCQkJCQkJCQkJCQkJCQkJCQkJCQkJCQkJCQkJCQkJCQkJCQk\/8AAEQgACgAPAwEiAAIRAQMRAf\/EAB8AAAEFAQEBAQEBAAAAAAAAAAABAgMEBQYHCAkKC\/\/EALUQAAIBAwMCBAMFBQQEAAABfQECAwAEEQUSITFBBhNRYQcicRQygZGhCCNCscEVUtHwJDNicoIJChYXGBkaJSYnKCkqNDU2Nzg5OkNERUZHSElKU1RVVldYWVpjZGVmZ2hpanN0dXZ3eHl6g4SFhoeIiYqSk5SVlpeYmZqio6Slpqeoqaqys7S1tre4ubrCw8TFxsfIycrS09TV1tfY2drh4uPk5ebn6Onq8fLz9PX29\/j5+v\/EAB8BAAMBAQEBAQEBAQEAAAAAAAABAgMEBQYHCAkKC\/\/EALURAAIBAgQEAwQHBQQEAAECdwABAgMRBAUhMQYSQVEHYXETIjKBCBRCkaGxwQkjM1LwFWJy0QoWJDThJfEXGBkaJicoKSo1Njc4OTpDREVGR0hJSlNUVVZXWFlaY2RlZmdoaWpzdHV2d3h5eoKDhIWGh4iJipKTlJWWl5iZmqKjpKWmp6ipqrKztLW2t7i5usLDxMXGx8jJytLT1NXW19jZ2uLj5OXm5+jp6vLz9PX29\/j5+v\/aAAwDAQACEQMRAD8A2db8T2NrezWMCo92luZFIdQC53AKPm5IK8jtkVCniJ9R1Lw3AJizi0k+3RqFKrLtBGcZx3xzXKfF2CGKz0+WOKNJPtP31UA8kk8+55rqPA8MQ8O6a4jQM8sxZtoyx9T60lKLw6nbW9i+Rqu4X0Suf\/\/Z\" class=\"attachment-large wp-post-image attachment-medium wd-lazy-load wd-lazy-fade\" alt=\"\" title=\"chambre design\" srcset=\"\" sizes=\"(max-width: 300px) 100vw, 300px\" data-wood-src=\"https:\/\/www.mydemenageur.com\/blog\/wp-content\/uploads\/2023\/12\/chambre-design-300x200.jpg\" data-srcset=\"https:\/\/www.mydemenageur.com\/blog\/wp-content\/uploads\/2023\/12\/chambre-design-300x200.jpg 300w, https:\/\/www.mydemenageur.com\/blog\/wp-content\/uploads\/2023\/12\/chambre-design-1200x800.jpg 1200w, https:\/\/www.mydemenageur.com\/blog\/wp-content\/uploads\/2023\/12\/chambre-design-768x512.jpg 768w, https:\/\/www.mydemenageur.com\/blog\/wp-content\/uploads\/2023\/12\/chambre-design.jpg 1280w\" \/>\t\t\t\t\t\t\t\t<\/a>\n\t\t\t\t\t\t\t<\/div>\n\t\t\t\t\t\t\t<div class=\"post-image-mask\">\n\t\t\t\t\t\t\t\t<span><\/span>\n\t\t\t\t\t\t\t<\/div>\n\n\t\t\t\t\t\t\n\t\t\t\t\t<\/figure>\n\t\t\t\t\n\t\t\t\t\t\t\t\t\t\t\t\t<div class=\"post-date wd-post-date wd-style-with-bg\" onclick=\"\">\n\t\t\t\t<span class=\"post-date-day\">\n\t\t\t\t\t13\t\t\t\t<\/span>\n\t\t\t\t<span class=\"post-date-month\">\n\t\t\t\t\tD\u00e9c\t\t\t\t<\/span>\n\t\t\t<\/div>\n\t\t\t\t\t\t\n\t\t\t<\/header><!-- .entry-header -->\n\n\t\t<div class=\"article-body-container\">\n\t\t\t\n\t\t\t\t\n\t\t\t\t\t\t\t\t\t<h3 class=\"wd-entities-title title post-title\">\n\t\t\t\t\t\t<a href=\"https:\/\/www.mydemenageur.com\/blog\/lits-faciles-a-demonter\/\" rel=\"bookmark\">5 types de lits les plus faciles \u00e0 d\u00e9monter<\/a>\n\t\t\t\t\t<\/h3>\n\t\t\t\t\n\t\t\t\t\t\t\t\n\t\t\t\t\t\t\t<div class=\"entry-content wd-entry-content\">\n\t\t\t\t\tUn lit facilement d\u00e9montable est assez pratique si vous voyagez ou si vous recevez des invit\u00e9s assez souvent. Cependant, il n\u2019est pas t...\t\t\t\t\t\t\t\t\t<\/div><!-- .entry-content -->\n\t\t\t\n\t\t\t\n\t\t\t\t\t<\/div>\n\t<\/div>\n<\/article><!-- #post -->\n\n\n\n<article id=\"post-30945\" class=\"blog-design-masonry blog-post-loop blog-style-shadow  col-lg-4 col-md-4 col-sm-6 col-12 first  post-30945 post type-post status-publish format-standard has-post-thumbnail hentry category-logement\">\n\t<div class=\"article-inner\">\n\t\t\t\t\t<header class=\"entry-header\">\n\t\t\t\t\t\t\t\t\t\n\t\t\t\t\t<figure id=\"carousel-146\" class=\"entry-thumbnail\" data-owl-carousel data-hide_pagination_control=\"yes\" data-desktop=\"1\" data-tablet=\"1\" data-tablet_landscape=\"1\" data-mobile=\"1\">\n\t\t\t\t\t\t\n\t\t\t\t\t\t\t<div class=\"post-img-wrapp\">\n\t\t\t\t\t\t\t\t<a href=\"https:\/\/www.mydemenageur.com\/blog\/bien-choisir-assurance-habitation\/\">\n\t\t\t\t\t\t\t\t\t<img decoding=\"async\" width=\"300\" height=\"172\" src=\"data:image\/jpg;base64,\/9j\/4AAQSkZJRgABAQEAYABgAAD\/\/gA7Q1JFQVRPUjogZ2QtanBlZyB2MS4wICh1c2luZyBJSkcgSlBFRyB2ODApLCBxdWFsaXR5ID0gODIK\/9sAQwAGBAQFBAQGBQUFBgYGBwkOCQkICAkSDQ0KDhUSFhYVEhQUFxohHBcYHxkUFB0nHR8iIyUlJRYcKSwoJCshJCUk\/9sAQwEGBgYJCAkRCQkRJBgUGCQkJCQkJCQkJCQkJCQkJCQkJCQkJCQkJCQkJCQkJCQkJCQkJCQkJCQkJCQkJCQkJCQk\/8AAEQgACgASAwEiAAIRAQMRAf\/EAB8AAAEFAQEBAQEBAAAAAAAAAAABAgMEBQYHCAkKC\/\/EALUQAAIBAwMCBAMFBQQEAAABfQECAwAEEQUSITFBBhNRYQcicRQygZGhCCNCscEVUtHwJDNicoIJChYXGBkaJSYnKCkqNDU2Nzg5OkNERUZHSElKU1RVVldYWVpjZGVmZ2hpanN0dXZ3eHl6g4SFhoeIiYqSk5SVlpeYmZqio6Slpqeoqaqys7S1tre4ubrCw8TFxsfIycrS09TV1tfY2drh4uPk5ebn6Onq8fLz9PX29\/j5+v\/EAB8BAAMBAQEBAQEBAQEAAAAAAAABAgMEBQYHCAkKC\/\/EALURAAIBAgQEAwQHBQQEAAECdwABAgMRBAUhMQYSQVEHYXETIjKBCBRCkaGxwQkjM1LwFWJy0QoWJDThJfEXGBkaJicoKSo1Njc4OTpDREVGR0hJSlNUVVZXWFlaY2RlZmdoaWpzdHV2d3h5eoKDhIWGh4iJipKTlJWWl5iZmqKjpKWmp6ipqrKztLW2t7i5usLDxMXGx8jJytLT1NXW19jZ2uLj5OXm5+jp6vLz9PX29\/j5+v\/aAAwDAQACEQMRAD8A0NDu9eiuZ7yTVoGuVkaMC7hzsbOME9s8c4ycCu58HeMfFNxc31rfojC1jTbIg\/dOTzgHA7flXKeJI0Op64SikrNFtOOnzjpWjo00iaDrrLI4ZVJBB5B2V8RHD+yV09fLTv8A5Hr06Cas3v8A8E2G+KkcLGKa2mSRDtdTEwKkdRjdRXM6pbwtqd2TDGSZnJJUc\/MaK1+qr+ZmTpK5\/9k=\" class=\"attachment-large wp-post-image attachment-medium wd-lazy-load wd-lazy-fade\" alt=\"Choix d&#039;assurance habitation\" title=\"money-2724245_1280\" srcset=\"\" sizes=\"(max-width: 300px) 100vw, 300px\" data-wood-src=\"https:\/\/www.mydemenageur.com\/blog\/wp-content\/uploads\/2023\/11\/money-2724245_1280-300x172.jpg\" data-srcset=\"https:\/\/www.mydemenageur.com\/blog\/wp-content\/uploads\/2023\/11\/money-2724245_1280-300x172.jpg 300w, https:\/\/www.mydemenageur.com\/blog\/wp-content\/uploads\/2023\/11\/money-2724245_1280-1200x688.jpg 1200w, https:\/\/www.mydemenageur.com\/blog\/wp-content\/uploads\/2023\/11\/money-2724245_1280-768x440.jpg 768w, https:\/\/www.mydemenageur.com\/blog\/wp-content\/uploads\/2023\/11\/money-2724245_1280.jpg 1280w\" \/>\t\t\t\t\t\t\t\t<\/a>\n\t\t\t\t\t\t\t<\/div>\n\t\t\t\t\t\t\t<div class=\"post-image-mask\">\n\t\t\t\t\t\t\t\t<span><\/span>\n\t\t\t\t\t\t\t<\/div>\n\n\t\t\t\t\t\t\n\t\t\t\t\t<\/figure>\n\t\t\t\t\n\t\t\t\t\t\t\t\t\t\t\t\t<div class=\"post-date wd-post-date wd-style-with-bg\" onclick=\"\">\n\t\t\t\t<span class=\"post-date-day\">\n\t\t\t\t\t23\t\t\t\t<\/span>\n\t\t\t\t<span class=\"post-date-month\">\n\t\t\t\t\tNov\t\t\t\t<\/span>\n\t\t\t<\/div>\n\t\t\t\t\t\t\n\t\t\t<\/header><!-- .entry-header -->\n\n\t\t<div class=\"article-body-container\">\n\t\t\t\n\t\t\t\t\n\t\t\t\t\t\t\t\t\t<h3 class=\"wd-entities-title title post-title\">\n\t\t\t\t\t\t<a href=\"https:\/\/www.mydemenageur.com\/blog\/bien-choisir-assurance-habitation\/\" rel=\"bookmark\">Bien choisir son assurance habitation\u00a0: les crit\u00e8res essentiels<\/a>\n\t\t\t\t\t<\/h3>\n\t\t\t\t\n\t\t\t\t\t\t\t\n\t\t\t\t\t\t\t<div class=\"entry-content wd-entry-content\">\n\t\t\t\t\tEn tant que locataire, propri\u00e9taire ou colocataire, souscrire une\u00a0assurance habitation est indispensable pour prot\u00e9ger votre logement e...\t\t\t\t\t\t\t\t\t<\/div><!-- .entry-content -->\n\t\t\t\n\t\t\t\n\t\t\t\t\t<\/div>\n\t<\/div>\n<\/article><!-- #post -->\n\n\n\n<article id=\"post-30942\" class=\"blog-design-masonry blog-post-loop blog-style-shadow  col-lg-4 col-md-4 col-sm-6 col-12 post-30942 post type-post status-publish format-standard has-post-thumbnail hentry category-logement\">\n\t<div class=\"article-inner\">\n\t\t\t\t\t<header class=\"entry-header\">\n\t\t\t\t\t\t\t\t\t\n\t\t\t\t\t<figure id=\"carousel-153\" class=\"entry-thumbnail\" data-owl-carousel data-hide_pagination_control=\"yes\" data-desktop=\"1\" data-tablet=\"1\" data-tablet_landscape=\"1\" data-mobile=\"1\">\n\t\t\t\t\t\t\n\t\t\t\t\t\t\t<div class=\"post-img-wrapp\">\n\t\t\t\t\t\t\t\t<a href=\"https:\/\/www.mydemenageur.com\/blog\/viabiliser-un-terrain\/\">\n\t\t\t\t\t\t\t\t\t<img decoding=\"async\" width=\"300\" height=\"188\" src=\"data:image\/jpg;base64,\/9j\/4AAQSkZJRgABAQEAYABgAAD\/\/gA7Q1JFQVRPUjogZ2QtanBlZyB2MS4wICh1c2luZyBJSkcgSlBFRyB2ODApLCBxdWFsaXR5ID0gODIK\/9sAQwAGBAQFBAQGBQUFBgYGBwkOCQkICAkSDQ0KDhUSFhYVEhQUFxohHBcYHxkUFB0nHR8iIyUlJRYcKSwoJCshJCUk\/9sAQwEGBgYJCAkRCQkRJBgUGCQkJCQkJCQkJCQkJCQkJCQkJCQkJCQkJCQkJCQkJCQkJCQkJCQkJCQkJCQkJCQkJCQk\/8AAEQgACgAQAwEiAAIRAQMRAf\/EAB8AAAEFAQEBAQEBAAAAAAAAAAABAgMEBQYHCAkKC\/\/EALUQAAIBAwMCBAMFBQQEAAABfQECAwAEEQUSITFBBhNRYQcicRQygZGhCCNCscEVUtHwJDNicoIJChYXGBkaJSYnKCkqNDU2Nzg5OkNERUZHSElKU1RVVldYWVpjZGVmZ2hpanN0dXZ3eHl6g4SFhoeIiYqSk5SVlpeYmZqio6Slpqeoqaqys7S1tre4ubrCw8TFxsfIycrS09TV1tfY2drh4uPk5ebn6Onq8fLz9PX29\/j5+v\/EAB8BAAMBAQEBAQEBAQEAAAAAAAABAgMEBQYHCAkKC\/\/EALURAAIBAgQEAwQHBQQEAAECdwABAgMRBAUhMQYSQVEHYXETIjKBCBRCkaGxwQkjM1LwFWJy0QoWJDThJfEXGBkaJicoKSo1Njc4OTpDREVGR0hJSlNUVVZXWFlaY2RlZmdoaWpzdHV2d3h5eoKDhIWGh4iJipKTlJWWl5iZmqKjpKWmp6ipqrKztLW2t7i5usLDxMXGx8jJytLT1NXW19jZ2uLj5OXm5+jp6vLz9PX29\/j5+v\/aAAwDAQACEQMRAD8Aur8UdPkUIyht33twHP8AOqlx8XNOsp5o4tPuHKKpV4sbWz2BA7V5DA7kD5m6DvTn5Bzz1rn\/ALTxDlq\/wMvq1NdD\/9k=\" class=\"attachment-large wp-post-image attachment-medium wd-lazy-load wd-lazy-fade\" alt=\"\" title=\"village-4720938_1280\" srcset=\"\" sizes=\"(max-width: 300px) 100vw, 300px\" data-wood-src=\"https:\/\/www.mydemenageur.com\/blog\/wp-content\/uploads\/2023\/11\/village-4720938_1280-300x188.jpg\" data-srcset=\"https:\/\/www.mydemenageur.com\/blog\/wp-content\/uploads\/2023\/11\/village-4720938_1280-300x188.jpg 300w, https:\/\/www.mydemenageur.com\/blog\/wp-content\/uploads\/2023\/11\/village-4720938_1280-1200x750.jpg 1200w, https:\/\/www.mydemenageur.com\/blog\/wp-content\/uploads\/2023\/11\/village-4720938_1280-768x480.jpg 768w, https:\/\/www.mydemenageur.com\/blog\/wp-content\/uploads\/2023\/11\/village-4720938_1280.jpg 1280w\" \/>\t\t\t\t\t\t\t\t<\/a>\n\t\t\t\t\t\t\t<\/div>\n\t\t\t\t\t\t\t<div class=\"post-image-mask\">\n\t\t\t\t\t\t\t\t<span><\/span>\n\t\t\t\t\t\t\t<\/div>\n\n\t\t\t\t\t\t\n\t\t\t\t\t<\/figure>\n\t\t\t\t\n\t\t\t\t\t\t\t\t\t\t\t\t<div class=\"post-date wd-post-date wd-style-with-bg\" onclick=\"\">\n\t\t\t\t<span class=\"post-date-day\">\n\t\t\t\t\t23\t\t\t\t<\/span>\n\t\t\t\t<span class=\"post-date-month\">\n\t\t\t\t\tNov\t\t\t\t<\/span>\n\t\t\t<\/div>\n\t\t\t\t\t\t\n\t\t\t<\/header><!-- .entry-header -->\n\n\t\t<div class=\"article-body-container\">\n\t\t\t\n\t\t\t\t\n\t\t\t\t\t\t\t\t\t<h3 class=\"wd-entities-title title post-title\">\n\t\t\t\t\t\t<a href=\"https:\/\/www.mydemenageur.com\/blog\/viabiliser-un-terrain\/\" rel=\"bookmark\">Viabiliser un terrain<\/a>\n\t\t\t\t\t<\/h3>\n\t\t\t\t\n\t\t\t\t\t\t\t\n\t\t\t\t\t\t\t<div class=\"entry-content wd-entry-content\">\n\t\t\t\t\tLa viabilisation d'un terrain est un processus crucial pour transformer une parcelle brute en un site constructible. Ce processus impli...\t\t\t\t\t\t\t\t\t<\/div><!-- .entry-content -->\n\t\t\t\n\t\t\t\n\t\t\t\t\t<\/div>\n\t<\/div>\n<\/article><!-- #post -->\n\n\n\n<article id=\"post-30777\" class=\"blog-design-masonry blog-post-loop blog-style-shadow  col-lg-4 col-md-4 col-sm-6 col-12 last  post-30777 post type-post status-publish format-standard has-post-thumbnail hentry category-logement\">\n\t<div class=\"article-inner\">\n\t\t\t\t\t<header class=\"entry-header\">\n\t\t\t\t\t\t\t\t\t\n\t\t\t\t\t<figure id=\"carousel-330\" class=\"entry-thumbnail\" data-owl-carousel data-hide_pagination_control=\"yes\" data-desktop=\"1\" data-tablet=\"1\" data-tablet_landscape=\"1\" data-mobile=\"1\">\n\t\t\t\t\t\t\n\t\t\t\t\t\t\t<div class=\"post-img-wrapp\">\n\t\t\t\t\t\t\t\t<a href=\"https:\/\/www.mydemenageur.com\/blog\/investir-immobilier-aix-en-provence\/\">\n\t\t\t\t\t\t\t\t\t<img decoding=\"async\" width=\"300\" height=\"200\" src=\"data:image\/jpg;base64,\/9j\/4AAQSkZJRgABAQEAYABgAAD\/\/gA7Q1JFQVRPUjogZ2QtanBlZyB2MS4wICh1c2luZyBJSkcgSlBFRyB2ODApLCBxdWFsaXR5ID0gODIK\/9sAQwAGBAQFBAQGBQUFBgYGBwkOCQkICAkSDQ0KDhUSFhYVEhQUFxohHBcYHxkUFB0nHR8iIyUlJRYcKSwoJCshJCUk\/9sAQwEGBgYJCAkRCQkRJBgUGCQkJCQkJCQkJCQkJCQkJCQkJCQkJCQkJCQkJCQkJCQkJCQkJCQkJCQkJCQkJCQkJCQk\/8AAEQgACgAPAwEiAAIRAQMRAf\/EAB8AAAEFAQEBAQEBAAAAAAAAAAABAgMEBQYHCAkKC\/\/EALUQAAIBAwMCBAMFBQQEAAABfQECAwAEEQUSITFBBhNRYQcicRQygZGhCCNCscEVUtHwJDNicoIJChYXGBkaJSYnKCkqNDU2Nzg5OkNERUZHSElKU1RVVldYWVpjZGVmZ2hpanN0dXZ3eHl6g4SFhoeIiYqSk5SVlpeYmZqio6Slpqeoqaqys7S1tre4ubrCw8TFxsfIycrS09TV1tfY2drh4uPk5ebn6Onq8fLz9PX29\/j5+v\/EAB8BAAMBAQEBAQEBAQEAAAAAAAABAgMEBQYHCAkKC\/\/EALURAAIBAgQEAwQHBQQEAAECdwABAgMRBAUhMQYSQVEHYXETIjKBCBRCkaGxwQkjM1LwFWJy0QoWJDThJfEXGBkaJicoKSo1Njc4OTpDREVGR0hJSlNUVVZXWFlaY2RlZmdoaWpzdHV2d3h5eoKDhIWGh4iJipKTlJWWl5iZmqKjpKWmp6ipqrKztLW2t7i5usLDxMXGx8jJytLT1NXW19jZ2uLj5OXm5+jp6vLz9PX29\/j5+v\/aAAwDAQACEQMRAD8AteE\/GEdtIb28IWWQsw81Fiz++RQCccNwOB14rpdR8aeGJrXauo6UlwrqWzdQFm+8Dkbsn+E8\/wB4ehrorDQdIksmZ9KsGMcm1CbdDtBcZA44FYFx4e0YISNJ08H5zn7On95favO5bJx6Hbe+p\/\/Z\" class=\"attachment-large wp-post-image attachment-medium wd-lazy-load wd-lazy-fade\" alt=\"Aix en Provence immeible\" title=\"Aix en Provence immeible\" srcset=\"\" sizes=\"(max-width: 300px) 100vw, 300px\" data-wood-src=\"https:\/\/www.mydemenageur.com\/blog\/wp-content\/uploads\/2023\/10\/Aix-en-Provence-immeible-300x200.jpg\" data-srcset=\"https:\/\/www.mydemenageur.com\/blog\/wp-content\/uploads\/2023\/10\/Aix-en-Provence-immeible-300x200.jpg 300w, https:\/\/www.mydemenageur.com\/blog\/wp-content\/uploads\/2023\/10\/Aix-en-Provence-immeible-1200x800.jpg 1200w, https:\/\/www.mydemenageur.com\/blog\/wp-content\/uploads\/2023\/10\/Aix-en-Provence-immeible-768x512.jpg 768w, https:\/\/www.mydemenageur.com\/blog\/wp-content\/uploads\/2023\/10\/Aix-en-Provence-immeible-1536x1024.jpg 1536w, https:\/\/www.mydemenageur.com\/blog\/wp-content\/uploads\/2023\/10\/Aix-en-Provence-immeible.jpg 1920w\" \/>\t\t\t\t\t\t\t\t<\/a>\n\t\t\t\t\t\t\t<\/div>\n\t\t\t\t\t\t\t<div class=\"post-image-mask\">\n\t\t\t\t\t\t\t\t<span><\/span>\n\t\t\t\t\t\t\t<\/div>\n\n\t\t\t\t\t\t\n\t\t\t\t\t<\/figure>\n\t\t\t\t\n\t\t\t\t\t\t\t\t\t\t\t\t<div class=\"post-date wd-post-date wd-style-with-bg\" onclick=\"\">\n\t\t\t\t<span class=\"post-date-day\">\n\t\t\t\t\t26\t\t\t\t<\/span>\n\t\t\t\t<span class=\"post-date-month\">\n\t\t\t\t\tOct\t\t\t\t<\/span>\n\t\t\t<\/div>\n\t\t\t\t\t\t\n\t\t\t<\/header><!-- .entry-header -->\n\n\t\t<div class=\"article-body-container\">\n\t\t\t\n\t\t\t\t\n\t\t\t\t\t\t\t\t\t<h3 class=\"wd-entities-title title post-title\">\n\t\t\t\t\t\t<a href=\"https:\/\/www.mydemenageur.com\/blog\/investir-immobilier-aix-en-provence\/\" rel=\"bookmark\">Investir dans l\u2019immobilier aixois<\/a>\n\t\t\t\t\t<\/h3>\n\t\t\t\t\n\t\t\t\t\t\t\t\n\t\t\t\t\t\t\t<div class=\"entry-content wd-entry-content\">\n\t\t\t\t\tAu c\u0153ur du sud de la France, l\u00e0 o\u00f9 la\u00a0douceur proven\u00e7ale\u00a0rencontre l'effervescence d'une\u00a0ville dynamique,\u00a0Aix-en-Provence\u00a0se r\u00e9v\u00e8le com...\t\t\t\t\t\t\t\t\t<\/div><!-- .entry-content -->\n\t\t\t\n\t\t\t\n\t\t\t\t\t<\/div>\n\t<\/div>\n<\/article><!-- #post -->\n\n\n\n<article id=\"post-30498\" class=\"blog-design-masonry blog-post-loop blog-style-shadow  col-lg-4 col-md-4 col-sm-6 col-12 first  post-30498 post type-post status-publish format-standard has-post-thumbnail hentry category-logement\">\n\t<div class=\"article-inner\">\n\t\t\t\t\t<header class=\"entry-header\">\n\t\t\t\t\t\t\t\t\t\n\t\t\t\t\t<figure id=\"carousel-496\" class=\"entry-thumbnail\" data-owl-carousel data-hide_pagination_control=\"yes\" data-desktop=\"1\" data-tablet=\"1\" data-tablet_landscape=\"1\" data-mobile=\"1\">\n\t\t\t\t\t\t\n\t\t\t\t\t\t\t<div class=\"post-img-wrapp\">\n\t\t\t\t\t\t\t\t<a href=\"https:\/\/www.mydemenageur.com\/blog\/meilleurs-matelas-en-ligne\/\">\n\t\t\t\t\t\t\t\t\t<img decoding=\"async\" width=\"300\" height=\"200\" src=\"data:image\/jpg;base64,\/9j\/4AAQSkZJRgABAQEAYABgAAD\/\/gA7Q1JFQVRPUjogZ2QtanBlZyB2MS4wICh1c2luZyBJSkcgSlBFRyB2ODApLCBxdWFsaXR5ID0gODIK\/9sAQwAGBAQFBAQGBQUFBgYGBwkOCQkICAkSDQ0KDhUSFhYVEhQUFxohHBcYHxkUFB0nHR8iIyUlJRYcKSwoJCshJCUk\/9sAQwEGBgYJCAkRCQkRJBgUGCQkJCQkJCQkJCQkJCQkJCQkJCQkJCQkJCQkJCQkJCQkJCQkJCQkJCQkJCQkJCQkJCQk\/8AAEQgACgAPAwEiAAIRAQMRAf\/EAB8AAAEFAQEBAQEBAAAAAAAAAAABAgMEBQYHCAkKC\/\/EALUQAAIBAwMCBAMFBQQEAAABfQECAwAEEQUSITFBBhNRYQcicRQygZGhCCNCscEVUtHwJDNicoIJChYXGBkaJSYnKCkqNDU2Nzg5OkNERUZHSElKU1RVVldYWVpjZGVmZ2hpanN0dXZ3eHl6g4SFhoeIiYqSk5SVlpeYmZqio6Slpqeoqaqys7S1tre4ubrCw8TFxsfIycrS09TV1tfY2drh4uPk5ebn6Onq8fLz9PX29\/j5+v\/EAB8BAAMBAQEBAQEBAQEAAAAAAAABAgMEBQYHCAkKC\/\/EALURAAIBAgQEAwQHBQQEAAECdwABAgMRBAUhMQYSQVEHYXETIjKBCBRCkaGxwQkjM1LwFWJy0QoWJDThJfEXGBkaJicoKSo1Njc4OTpDREVGR0hJSlNUVVZXWFlaY2RlZmdoaWpzdHV2d3h5eoKDhIWGh4iJipKTlJWWl5iZmqKjpKWmp6ipqrKztLW2t7i5usLDxMXGx8jJytLT1NXW19jZ2uLj5OXm5+jp6vLz9PX29\/j5+v\/aAAwDAQACEQMRAD8AnufFWg6Z45uF1GZ7OWO6Lx7oHPmg5wVIHTkV23geWC4tI5pL\/Vpf7RJBN1bZMRQvkM2eAcAg85yKzL61gnuoZJYIpHRiFZlBK5HODXXaMALSQAYAAwPTmvIo0oKCaWp7NWc7tN6H\/9k=\" class=\"attachment-large wp-post-image attachment-medium wd-lazy-load wd-lazy-fade\" alt=\"Meilleures marques de matelas en ligne TOP 4\" title=\"Meilleures marques de matelas en ligne TOP 4\" srcset=\"\" sizes=\"(max-width: 300px) 100vw, 300px\" data-wood-src=\"https:\/\/www.mydemenageur.com\/blog\/wp-content\/uploads\/2023\/10\/Meilleures-marques-de-matelas-en-ligne-TOP-4-300x200.jpg\" data-srcset=\"https:\/\/www.mydemenageur.com\/blog\/wp-content\/uploads\/2023\/10\/Meilleures-marques-de-matelas-en-ligne-TOP-4-300x200.jpg 300w, https:\/\/www.mydemenageur.com\/blog\/wp-content\/uploads\/2023\/10\/Meilleures-marques-de-matelas-en-ligne-TOP-4-768x512.jpg 768w, https:\/\/www.mydemenageur.com\/blog\/wp-content\/uploads\/2023\/10\/Meilleures-marques-de-matelas-en-ligne-TOP-4.jpg 900w\" \/>\t\t\t\t\t\t\t\t<\/a>\n\t\t\t\t\t\t\t<\/div>\n\t\t\t\t\t\t\t<div class=\"post-image-mask\">\n\t\t\t\t\t\t\t\t<span><\/span>\n\t\t\t\t\t\t\t<\/div>\n\n\t\t\t\t\t\t\n\t\t\t\t\t<\/figure>\n\t\t\t\t\n\t\t\t\t\t\t\t\t\t\t\t\t<div class=\"post-date wd-post-date wd-style-with-bg\" onclick=\"\">\n\t\t\t\t<span class=\"post-date-day\">\n\t\t\t\t\t12\t\t\t\t<\/span>\n\t\t\t\t<span class=\"post-date-month\">\n\t\t\t\t\tOct\t\t\t\t<\/span>\n\t\t\t<\/div>\n\t\t\t\t\t\t\n\t\t\t<\/header><!-- .entry-header -->\n\n\t\t<div class=\"article-body-container\">\n\t\t\t\n\t\t\t\t\n\t\t\t\t\t\t\t\t\t<h3 class=\"wd-entities-title title post-title\">\n\t\t\t\t\t\t<a href=\"https:\/\/www.mydemenageur.com\/blog\/meilleurs-matelas-en-ligne\/\" rel=\"bookmark\">Meilleures marques de matelas en ligne : TOP 4<\/a>\n\t\t\t\t\t<\/h3>\n\t\t\t\t\n\t\t\t\t\t\t\t\n\t\t\t\t\t\t\t<div class=\"entry-content wd-entry-content\">\n\t\t\t\t\tChanger de matelas intervient tous les 7 \u00e0 10 ans dans la majorit\u00e9 des cas. Choisir une literie n\u2019est jamais facile : latex ou m\u00e9moire ...\t\t\t\t\t\t\t\t\t<\/div><!-- .entry-content -->\n\t\t\t\n\t\t\t\n\t\t\t\t\t<\/div>\n\t<\/div>\n<\/article><!-- #post -->\n\n\n\n<article id=\"post-30458\" class=\"blog-design-masonry blog-post-loop blog-style-shadow  col-lg-4 col-md-4 col-sm-6 col-12 post-30458 post type-post status-publish format-standard has-post-thumbnail hentry category-logement\">\n\t<div class=\"article-inner\">\n\t\t\t\t\t<header class=\"entry-header\">\n\t\t\t\t\t\t\t\t\t\n\t\t\t\t\t<figure id=\"carousel-920\" class=\"entry-thumbnail\" data-owl-carousel data-hide_pagination_control=\"yes\" data-desktop=\"1\" data-tablet=\"1\" data-tablet_landscape=\"1\" data-mobile=\"1\">\n\t\t\t\t\t\t\n\t\t\t\t\t\t\t<div class=\"post-img-wrapp\">\n\t\t\t\t\t\t\t\t<a href=\"https:\/\/www.mydemenageur.com\/blog\/avantages-matelas-latex-naturel\/\">\n\t\t\t\t\t\t\t\t\t<img decoding=\"async\" width=\"300\" height=\"200\" src=\"data:image\/jpg;base64,\/9j\/4AAQSkZJRgABAQEAYABgAAD\/\/gA7Q1JFQVRPUjogZ2QtanBlZyB2MS4wICh1c2luZyBJSkcgSlBFRyB2ODApLCBxdWFsaXR5ID0gODIK\/9sAQwAGBAQFBAQGBQUFBgYGBwkOCQkICAkSDQ0KDhUSFhYVEhQUFxohHBcYHxkUFB0nHR8iIyUlJRYcKSwoJCshJCUk\/9sAQwEGBgYJCAkRCQkRJBgUGCQkJCQkJCQkJCQkJCQkJCQkJCQkJCQkJCQkJCQkJCQkJCQkJCQkJCQkJCQkJCQkJCQk\/8AAEQgACgAPAwEiAAIRAQMRAf\/EAB8AAAEFAQEBAQEBAAAAAAAAAAABAgMEBQYHCAkKC\/\/EALUQAAIBAwMCBAMFBQQEAAABfQECAwAEEQUSITFBBhNRYQcicRQygZGhCCNCscEVUtHwJDNicoIJChYXGBkaJSYnKCkqNDU2Nzg5OkNERUZHSElKU1RVVldYWVpjZGVmZ2hpanN0dXZ3eHl6g4SFhoeIiYqSk5SVlpeYmZqio6Slpqeoqaqys7S1tre4ubrCw8TFxsfIycrS09TV1tfY2drh4uPk5ebn6Onq8fLz9PX29\/j5+v\/EAB8BAAMBAQEBAQEBAQEAAAAAAAABAgMEBQYHCAkKC\/\/EALURAAIBAgQEAwQHBQQEAAECdwABAgMRBAUhMQYSQVEHYXETIjKBCBRCkaGxwQkjM1LwFWJy0QoWJDThJfEXGBkaJicoKSo1Njc4OTpDREVGR0hJSlNUVVZXWFlaY2RlZmdoaWpzdHV2d3h5eoKDhIWGh4iJipKTlJWWl5iZmqKjpKWmp6ipqrKztLW2t7i5usLDxMXGx8jJytLT1NXW19jZ2uLj5OXm5+jp6vLz9PX29\/j5+v\/aAAwDAQACEQMRAD8A9kTU3yAseR0zkc81bguSXYyAICAwOeOnIz65\/pXKRO2fvH862LN2yPmP51Cd2bOKsf\/Z\" class=\"attachment-large wp-post-image attachment-medium wd-lazy-load wd-lazy-fade\" alt=\"les avantages du matelas en latex naturel\" title=\"matelas en latex naturel\" srcset=\"\" sizes=\"(max-width: 300px) 100vw, 300px\" data-wood-src=\"https:\/\/www.mydemenageur.com\/blog\/wp-content\/uploads\/2023\/09\/Design-sans-titre-1-300x200.jpg\" data-srcset=\"https:\/\/www.mydemenageur.com\/blog\/wp-content\/uploads\/2023\/09\/Design-sans-titre-1-300x200.jpg 300w, https:\/\/www.mydemenageur.com\/blog\/wp-content\/uploads\/2023\/09\/Design-sans-titre-1-768x512.jpg 768w, https:\/\/www.mydemenageur.com\/blog\/wp-content\/uploads\/2023\/09\/Design-sans-titre-1.jpg 900w\" \/>\t\t\t\t\t\t\t\t<\/a>\n\t\t\t\t\t\t\t<\/div>\n\t\t\t\t\t\t\t<div class=\"post-image-mask\">\n\t\t\t\t\t\t\t\t<span><\/span>\n\t\t\t\t\t\t\t<\/div>\n\n\t\t\t\t\t\t\n\t\t\t\t\t<\/figure>\n\t\t\t\t\n\t\t\t\t\t\t\t\t\t\t\t\t<div class=\"post-date wd-post-date wd-style-with-bg\" onclick=\"\">\n\t\t\t\t<span class=\"post-date-day\">\n\t\t\t\t\t26\t\t\t\t<\/span>\n\t\t\t\t<span class=\"post-date-month\">\n\t\t\t\t\tSep\t\t\t\t<\/span>\n\t\t\t<\/div>\n\t\t\t\t\t\t\n\t\t\t<\/header><!-- .entry-header -->\n\n\t\t<div class=\"article-body-container\">\n\t\t\t\n\t\t\t\t\n\t\t\t\t\t\t\t\t\t<h3 class=\"wd-entities-title title post-title\">\n\t\t\t\t\t\t<a href=\"https:\/\/www.mydemenageur.com\/blog\/avantages-matelas-latex-naturel\/\" rel=\"bookmark\">Les avantages d\u2019un matelas en latex naturel\u00a0\u00a0<\/a>\n\t\t\t\t\t<\/h3>\n\t\t\t\t\n\t\t\t\t\t\t\t\n\t\t\t\t\t\t\t<div class=\"entry-content wd-entry-content\">\n\t\t\t\t\tDe nos jours, la qualit\u00e9 du sommeil occupe une place centrale dans nos pr\u00e9occupations de bien-\u00eatre et de sant\u00e9. Face \u00e0 une multitude de...\t\t\t\t\t\t\t\t\t<\/div><!-- .entry-content -->\n\t\t\t\n\t\t\t\n\t\t\t\t\t<\/div>\n\t<\/div>\n<\/article><!-- #post -->\n\n\n\n<article id=\"post-30423\" class=\"blog-design-masonry blog-post-loop blog-style-shadow  col-lg-4 col-md-4 col-sm-6 col-12 last  post-30423 post type-post status-publish format-standard has-post-thumbnail hentry category-logement\">\n\t<div class=\"article-inner\">\n\t\t\t\t\t<header class=\"entry-header\">\n\t\t\t\t\t\t\t\t\t\n\t\t\t\t\t<figure id=\"carousel-278\" class=\"entry-thumbnail\" data-owl-carousel data-hide_pagination_control=\"yes\" data-desktop=\"1\" data-tablet=\"1\" data-tablet_landscape=\"1\" data-mobile=\"1\">\n\t\t\t\t\t\t\n\t\t\t\t\t\t\t<div class=\"post-img-wrapp\">\n\t\t\t\t\t\t\t\t<a href=\"https:\/\/www.mydemenageur.com\/blog\/comment-choisir-un-matelas-memoire-de-forme\/\">\n\t\t\t\t\t\t\t\t\t<img decoding=\"async\" width=\"300\" height=\"200\" src=\"data:image\/jpg;base64,\/9j\/4AAQSkZJRgABAQEAYABgAAD\/\/gA7Q1JFQVRPUjogZ2QtanBlZyB2MS4wICh1c2luZyBJSkcgSlBFRyB2ODApLCBxdWFsaXR5ID0gODIK\/9sAQwAGBAQFBAQGBQUFBgYGBwkOCQkICAkSDQ0KDhUSFhYVEhQUFxohHBcYHxkUFB0nHR8iIyUlJRYcKSwoJCshJCUk\/9sAQwEGBgYJCAkRCQkRJBgUGCQkJCQkJCQkJCQkJCQkJCQkJCQkJCQkJCQkJCQkJCQkJCQkJCQkJCQkJCQkJCQkJCQk\/8AAEQgACgAPAwEiAAIRAQMRAf\/EAB8AAAEFAQEBAQEBAAAAAAAAAAABAgMEBQYHCAkKC\/\/EALUQAAIBAwMCBAMFBQQEAAABfQECAwAEEQUSITFBBhNRYQcicRQygZGhCCNCscEVUtHwJDNicoIJChYXGBkaJSYnKCkqNDU2Nzg5OkNERUZHSElKU1RVVldYWVpjZGVmZ2hpanN0dXZ3eHl6g4SFhoeIiYqSk5SVlpeYmZqio6Slpqeoqaqys7S1tre4ubrCw8TFxsfIycrS09TV1tfY2drh4uPk5ebn6Onq8fLz9PX29\/j5+v\/EAB8BAAMBAQEBAQEBAQEAAAAAAAABAgMEBQYHCAkKC\/\/EALURAAIBAgQEAwQHBQQEAAECdwABAgMRBAUhMQYSQVEHYXETIjKBCBRCkaGxwQkjM1LwFWJy0QoWJDThJfEXGBkaJicoKSo1Njc4OTpDREVGR0hJSlNUVVZXWFlaY2RlZmdoaWpzdHV2d3h5eoKDhIWGh4iJipKTlJWWl5iZmqKjpKWmp6ipqrKztLW2t7i5usLDxMXGx8jJytLT1NXW19jZ2uLj5OXm5+jp6vLz9PX29\/j5+v\/aAAwDAQACEQMRAD8A9\/1m\/wBVtLOGTSLRLuUuA6FsHHtkgfmRXNaFYSa5q02v+KbBUvAPKs7aXDrbw+uORubJJroLd28sfMfzqjqDMGByc\/Wo5bu7LU7Rskf\/2Q==\" class=\"attachment-large wp-post-image attachment-medium wd-lazy-load wd-lazy-fade\" alt=\"choisir un matelas \u00e0 memoire de forme\" title=\"matelas m\u00e9moire de forme\" srcset=\"\" sizes=\"(max-width: 300px) 100vw, 300px\" data-wood-src=\"https:\/\/www.mydemenageur.com\/blog\/wp-content\/uploads\/2023\/09\/Design-sans-titre-300x200.jpg\" data-srcset=\"https:\/\/www.mydemenageur.com\/blog\/wp-content\/uploads\/2023\/09\/Design-sans-titre-300x200.jpg 300w, https:\/\/www.mydemenageur.com\/blog\/wp-content\/uploads\/2023\/09\/Design-sans-titre-768x512.jpg 768w, https:\/\/www.mydemenageur.com\/blog\/wp-content\/uploads\/2023\/09\/Design-sans-titre.jpg 900w\" \/>\t\t\t\t\t\t\t\t<\/a>\n\t\t\t\t\t\t\t<\/div>\n\t\t\t\t\t\t\t<div class=\"post-image-mask\">\n\t\t\t\t\t\t\t\t<span><\/span>\n\t\t\t\t\t\t\t<\/div>\n\n\t\t\t\t\t\t\n\t\t\t\t\t<\/figure>\n\t\t\t\t\n\t\t\t\t\t\t\t\t\t\t\t\t<div class=\"post-date wd-post-date wd-style-with-bg\" onclick=\"\">\n\t\t\t\t<span class=\"post-date-day\">\n\t\t\t\t\t25\t\t\t\t<\/span>\n\t\t\t\t<span class=\"post-date-month\">\n\t\t\t\t\tSep\t\t\t\t<\/span>\n\t\t\t<\/div>\n\t\t\t\t\t\t\n\t\t\t<\/header><!-- .entry-header -->\n\n\t\t<div class=\"article-body-container\">\n\t\t\t\n\t\t\t\t\n\t\t\t\t\t\t\t\t\t<h3 class=\"wd-entities-title title post-title\">\n\t\t\t\t\t\t<a href=\"https:\/\/www.mydemenageur.com\/blog\/comment-choisir-un-matelas-memoire-de-forme\/\" rel=\"bookmark\">Comment choisir un matelas \u00e0 m\u00e9moire de forme<\/a>\n\t\t\t\t\t<\/h3>\n\t\t\t\t\n\t\t\t\t\t\t\t\n\t\t\t\t\t\t\t<div class=\"entry-content wd-entry-content\">\n\t\t\t\t\tLa m\u00e9moire de forme est une mati\u00e8re fascinante qui \u00e9pouse les formes du corps, qui r\u00e9agit \u00e0 la chaleur, et qui dure longtemps. Elle est...\t\t\t\t\t\t\t\t\t<\/div><!-- .entry-content -->\n\t\t\t\n\t\t\t\n\t\t\t\t\t<\/div>\n\t<\/div>\n<\/article><!-- #post -->\n\n\n\n<article id=\"post-30397\" class=\"blog-design-masonry blog-post-loop blog-style-shadow  col-lg-4 col-md-4 col-sm-6 col-12 first  post-30397 post type-post status-publish format-standard has-post-thumbnail hentry category-actualite category-logement\">\n\t<div class=\"article-inner\">\n\t\t\t\t\t<header class=\"entry-header\">\n\t\t\t\t\t\t\t\t\t\n\t\t\t\t\t<figure id=\"carousel-394\" class=\"entry-thumbnail\" data-owl-carousel data-hide_pagination_control=\"yes\" data-desktop=\"1\" data-tablet=\"1\" data-tablet_landscape=\"1\" data-mobile=\"1\">\n\t\t\t\t\t\t\n\t\t\t\t\t\t\t<div class=\"post-img-wrapp\">\n\t\t\t\t\t\t\t\t<a href=\"https:\/\/www.mydemenageur.com\/blog\/concevoir-cuisine-angle-adaptee-espace\/\">\n\t\t\t\t\t\t\t\t\t<img decoding=\"async\" width=\"300\" height=\"200\" src=\"data:image\/jpg;base64,\/9j\/4AAQSkZJRgABAQEAYABgAAD\/\/gA7Q1JFQVRPUjogZ2QtanBlZyB2MS4wICh1c2luZyBJSkcgSlBFRyB2ODApLCBxdWFsaXR5ID0gODIK\/9sAQwAGBAQFBAQGBQUFBgYGBwkOCQkICAkSDQ0KDhUSFhYVEhQUFxohHBcYHxkUFB0nHR8iIyUlJRYcKSwoJCshJCUk\/9sAQwEGBgYJCAkRCQkRJBgUGCQkJCQkJCQkJCQkJCQkJCQkJCQkJCQkJCQkJCQkJCQkJCQkJCQkJCQkJCQkJCQkJCQk\/8AAEQgACgAPAwEiAAIRAQMRAf\/EAB8AAAEFAQEBAQEBAAAAAAAAAAABAgMEBQYHCAkKC\/\/EALUQAAIBAwMCBAMFBQQEAAABfQECAwAEEQUSITFBBhNRYQcicRQygZGhCCNCscEVUtHwJDNicoIJChYXGBkaJSYnKCkqNDU2Nzg5OkNERUZHSElKU1RVVldYWVpjZGVmZ2hpanN0dXZ3eHl6g4SFhoeIiYqSk5SVlpeYmZqio6Slpqeoqaqys7S1tre4ubrCw8TFxsfIycrS09TV1tfY2drh4uPk5ebn6Onq8fLz9PX29\/j5+v\/EAB8BAAMBAQEBAQEBAQEAAAAAAAABAgMEBQYHCAkKC\/\/EALURAAIBAgQEAwQHBQQEAAECdwABAgMRBAUhMQYSQVEHYXETIjKBCBRCkaGxwQkjM1LwFWJy0QoWJDThJfEXGBkaJicoKSo1Njc4OTpDREVGR0hJSlNUVVZXWFlaY2RlZmdoaWpzdHV2d3h5eoKDhIWGh4iJipKTlJWWl5iZmqKjpKWmp6ipqrKztLW2t7i5usLDxMXGx8jJytLT1NXW19jZ2uLj5OXm5+jp6vLz9PX29\/j5+v\/aAAwDAQACEQMRAD8A3NZ8NWHh6BLuG5QSZ2xmfBRm7ARqAWboQAfWuj0uG9k01JtanW6uJiJQFgKrGCB8u0liP0pdcjTYh2LlJFZTj7p6ZHpwSKuSsc9T1H8hXK6cZatGym47H\/\/Z\" class=\"attachment-large wp-post-image attachment-medium wd-lazy-load wd-lazy-fade\" alt=\"\" title=\"concevoir-cuisine-comment-adaptee\" srcset=\"\" sizes=\"(max-width: 300px) 100vw, 300px\" data-wood-src=\"https:\/\/www.mydemenageur.com\/blog\/wp-content\/uploads\/2023\/09\/concevoir-cuisine-comment-adaptee-300x200.jpg\" data-srcset=\"https:\/\/www.mydemenageur.com\/blog\/wp-content\/uploads\/2023\/09\/concevoir-cuisine-comment-adaptee-300x200.jpg 300w, https:\/\/www.mydemenageur.com\/blog\/wp-content\/uploads\/2023\/09\/concevoir-cuisine-comment-adaptee-768x511.jpg 768w, https:\/\/www.mydemenageur.com\/blog\/wp-content\/uploads\/2023\/09\/concevoir-cuisine-comment-adaptee.jpg 1200w\" \/>\t\t\t\t\t\t\t\t<\/a>\n\t\t\t\t\t\t\t<\/div>\n\t\t\t\t\t\t\t<div class=\"post-image-mask\">\n\t\t\t\t\t\t\t\t<span><\/span>\n\t\t\t\t\t\t\t<\/div>\n\n\t\t\t\t\t\t\n\t\t\t\t\t<\/figure>\n\t\t\t\t\n\t\t\t\t\t\t\t\t\t\t\t\t<div class=\"post-date wd-post-date wd-style-with-bg\" onclick=\"\">\n\t\t\t\t<span class=\"post-date-day\">\n\t\t\t\t\t20\t\t\t\t<\/span>\n\t\t\t\t<span class=\"post-date-month\">\n\t\t\t\t\tSep\t\t\t\t<\/span>\n\t\t\t<\/div>\n\t\t\t\t\t\t\n\t\t\t<\/header><!-- .entry-header -->\n\n\t\t<div class=\"article-body-container\">\n\t\t\t\n\t\t\t\t\n\t\t\t\t\t\t\t\t\t<h3 class=\"wd-entities-title title post-title\">\n\t\t\t\t\t\t<a href=\"https:\/\/www.mydemenageur.com\/blog\/concevoir-cuisine-angle-adaptee-espace\/\" rel=\"bookmark\">Comment concevoir une cuisine en angle adapt\u00e9e \u00e0 votre espace ?<\/a>\n\t\t\t\t\t<\/h3>\n\t\t\t\t\n\t\t\t\t\t\t\t\n\t\t\t\t\t\t\t<div class=\"entry-content wd-entry-content\">\n\t\t\t\t\tLa cuisine en angle offre plusieurs avantages et tient compte des crit\u00e8res essentiels pour avoir une cuisine adapt\u00e9e \u00e0 son espace. Sa c...\t\t\t\t\t\t\t\t\t<\/div><!-- .entry-content -->\n\t\t\t\n\t\t\t\n\t\t\t\t\t<\/div>\n\t<\/div>\n<\/article><!-- #post -->\n\n\n\n<article id=\"post-30387\" class=\"blog-design-masonry blog-post-loop blog-style-shadow  col-lg-4 col-md-4 col-sm-6 col-12 post-30387 post type-post status-publish format-standard has-post-thumbnail hentry category-actualite category-logement\">\n\t<div class=\"article-inner\">\n\t\t\t\t\t<header class=\"entry-header\">\n\t\t\t\t\t\t\t\t\t\n\t\t\t\t\t<figure id=\"carousel-927\" class=\"entry-thumbnail\" data-owl-carousel data-hide_pagination_control=\"yes\" data-desktop=\"1\" data-tablet=\"1\" data-tablet_landscape=\"1\" data-mobile=\"1\">\n\t\t\t\t\t\t\n\t\t\t\t\t\t\t<div class=\"post-img-wrapp\">\n\t\t\t\t\t\t\t\t<a href=\"https:\/\/www.mydemenageur.com\/blog\/ventilateur-de-plafond-5-raisons\/\">\n\t\t\t\t\t\t\t\t\t<img decoding=\"async\" width=\"300\" height=\"200\" src=\"data:image\/jpg;base64,\/9j\/4AAQSkZJRgABAQEAYABgAAD\/\/gA7Q1JFQVRPUjogZ2QtanBlZyB2MS4wICh1c2luZyBJSkcgSlBFRyB2ODApLCBxdWFsaXR5ID0gODIK\/9sAQwAGBAQFBAQGBQUFBgYGBwkOCQkICAkSDQ0KDhUSFhYVEhQUFxohHBcYHxkUFB0nHR8iIyUlJRYcKSwoJCshJCUk\/9sAQwEGBgYJCAkRCQkRJBgUGCQkJCQkJCQkJCQkJCQkJCQkJCQkJCQkJCQkJCQkJCQkJCQkJCQkJCQkJCQkJCQkJCQk\/8AAEQgACgAPAwEiAAIRAQMRAf\/EAB8AAAEFAQEBAQEBAAAAAAAAAAABAgMEBQYHCAkKC\/\/EALUQAAIBAwMCBAMFBQQEAAABfQECAwAEEQUSITFBBhNRYQcicRQygZGhCCNCscEVUtHwJDNicoIJChYXGBkaJSYnKCkqNDU2Nzg5OkNERUZHSElKU1RVVldYWVpjZGVmZ2hpanN0dXZ3eHl6g4SFhoeIiYqSk5SVlpeYmZqio6Slpqeoqaqys7S1tre4ubrCw8TFxsfIycrS09TV1tfY2drh4uPk5ebn6Onq8fLz9PX29\/j5+v\/EAB8BAAMBAQEBAQEBAQEAAAAAAAABAgMEBQYHCAkKC\/\/EALURAAIBAgQEAwQHBQQEAAECdwABAgMRBAUhMQYSQVEHYXETIjKBCBRCkaGxwQkjM1LwFWJy0QoWJDThJfEXGBkaJicoKSo1Njc4OTpDREVGR0hJSlNUVVZXWFlaY2RlZmdoaWpzdHV2d3h5eoKDhIWGh4iJipKTlJWWl5iZmqKjpKWmp6ipqrKztLW2t7i5usLDxMXGx8jJytLT1NXW19jZ2uLj5OXm5+jp6vLz9PX29\/j5+v\/aAAwDAQACEQMRAD8A+kPEN40GmXaW8qi6aFhEoPz7iMAgDnjOaqeH7+GbTYLdL1buaCNVmO8MytjkN3B+tbUiKoYqoBPUgdaxmsbUamLwW0H2koV87YN+OON3XFcNeThNT76HXRSlFx+Z\/9k=\" class=\"attachment-large wp-post-image attachment-medium wd-lazy-load wd-lazy-fade\" alt=\"ventilateur-plafond\" title=\"ventilateur-plafond\" srcset=\"\" sizes=\"(max-width: 300px) 100vw, 300px\" data-wood-src=\"https:\/\/www.mydemenageur.com\/blog\/wp-content\/uploads\/2023\/09\/ceiling-fan-top-room-decoration-300x200.jpg\" data-srcset=\"https:\/\/www.mydemenageur.com\/blog\/wp-content\/uploads\/2023\/09\/ceiling-fan-top-room-decoration-300x200.jpg 300w, https:\/\/www.mydemenageur.com\/blog\/wp-content\/uploads\/2023\/09\/ceiling-fan-top-room-decoration-1200x800.jpg 1200w, https:\/\/www.mydemenageur.com\/blog\/wp-content\/uploads\/2023\/09\/ceiling-fan-top-room-decoration-768x512.jpg 768w, https:\/\/www.mydemenageur.com\/blog\/wp-content\/uploads\/2023\/09\/ceiling-fan-top-room-decoration-1536x1024.jpg 1536w, https:\/\/www.mydemenageur.com\/blog\/wp-content\/uploads\/2023\/09\/ceiling-fan-top-room-decoration-2048x1365.jpg 2048w\" \/>\t\t\t\t\t\t\t\t<\/a>\n\t\t\t\t\t\t\t<\/div>\n\t\t\t\t\t\t\t<div class=\"post-image-mask\">\n\t\t\t\t\t\t\t\t<span><\/span>\n\t\t\t\t\t\t\t<\/div>\n\n\t\t\t\t\t\t\n\t\t\t\t\t<\/figure>\n\t\t\t\t\n\t\t\t\t\t\t\t\t\t\t\t\t<div class=\"post-date wd-post-date wd-style-with-bg\" onclick=\"\">\n\t\t\t\t<span class=\"post-date-day\">\n\t\t\t\t\t20\t\t\t\t<\/span>\n\t\t\t\t<span class=\"post-date-month\">\n\t\t\t\t\tSep\t\t\t\t<\/span>\n\t\t\t<\/div>\n\t\t\t\t\t\t\n\t\t\t<\/header><!-- .entry-header -->\n\n\t\t<div class=\"article-body-container\">\n\t\t\t\n\t\t\t\t\n\t\t\t\t\t\t\t\t\t<h3 class=\"wd-entities-title title post-title\">\n\t\t\t\t\t\t<a href=\"https:\/\/www.mydemenageur.com\/blog\/ventilateur-de-plafond-5-raisons\/\" rel=\"bookmark\">Opter pour un ventilateur de plafond : 5 bonnes raisons<\/a>\n\t\t\t\t\t<\/h3>\n\t\t\t\t\n\t\t\t\t\t\t\t\n\t\t\t\t\t\t\t<div class=\"entry-content wd-entry-content\">\n\t\t\t\t\tL\u2019\u00e9t\u00e9, les ventilateurs et climatiseurs sont sortis pour respirer un air frais pendant les vagues de chaleur. L\u2019air chaud et irrespirab...\t\t\t\t\t\t\t\t\t<\/div><!-- .entry-content -->\n\t\t\t\n\t\t\t\n\t\t\t\t\t<\/div>\n\t<\/div>\n<\/article><!-- #post -->\n\n\n\n<article id=\"post-30332\" class=\"blog-design-masonry blog-post-loop blog-style-shadow  col-lg-4 col-md-4 col-sm-6 col-12 last  post-30332 post type-post status-publish format-standard has-post-thumbnail hentry category-actualite category-logement\">\n\t<div class=\"article-inner\">\n\t\t\t\t\t<header class=\"entry-header\">\n\t\t\t\t\t\t\t\t\t\n\t\t\t\t\t<figure id=\"carousel-175\" class=\"entry-thumbnail\" data-owl-carousel data-hide_pagination_control=\"yes\" data-desktop=\"1\" data-tablet=\"1\" data-tablet_landscape=\"1\" data-mobile=\"1\">\n\t\t\t\t\t\t\n\t\t\t\t\t\t\t<div class=\"post-img-wrapp\">\n\t\t\t\t\t\t\t\t<a href=\"https:\/\/www.mydemenageur.com\/blog\/monte-escalier-debout\/\">\n\t\t\t\t\t\t\t\t\t<img decoding=\"async\" width=\"300\" height=\"200\" src=\"data:image\/jpg;base64,\/9j\/4AAQSkZJRgABAQEAYABgAAD\/\/gA7Q1JFQVRPUjogZ2QtanBlZyB2MS4wICh1c2luZyBJSkcgSlBFRyB2ODApLCBxdWFsaXR5ID0gODIK\/9sAQwAGBAQFBAQGBQUFBgYGBwkOCQkICAkSDQ0KDhUSFhYVEhQUFxohHBcYHxkUFB0nHR8iIyUlJRYcKSwoJCshJCUk\/9sAQwEGBgYJCAkRCQkRJBgUGCQkJCQkJCQkJCQkJCQkJCQkJCQkJCQkJCQkJCQkJCQkJCQkJCQkJCQkJCQkJCQkJCQk\/8AAEQgACgAPAwEiAAIRAQMRAf\/EAB8AAAEFAQEBAQEBAAAAAAAAAAABAgMEBQYHCAkKC\/\/EALUQAAIBAwMCBAMFBQQEAAABfQECAwAEEQUSITFBBhNRYQcicRQygZGhCCNCscEVUtHwJDNicoIJChYXGBkaJSYnKCkqNDU2Nzg5OkNERUZHSElKU1RVVldYWVpjZGVmZ2hpanN0dXZ3eHl6g4SFhoeIiYqSk5SVlpeYmZqio6Slpqeoqaqys7S1tre4ubrCw8TFxsfIycrS09TV1tfY2drh4uPk5ebn6Onq8fLz9PX29\/j5+v\/EAB8BAAMBAQEBAQEBAQEAAAAAAAABAgMEBQYHCAkKC\/\/EALURAAIBAgQEAwQHBQQEAAECdwABAgMRBAUhMQYSQVEHYXETIjKBCBRCkaGxwQkjM1LwFWJy0QoWJDThJfEXGBkaJicoKSo1Njc4OTpDREVGR0hJSlNUVVZXWFlaY2RlZmdoaWpzdHV2d3h5eoKDhIWGh4iJipKTlJWWl5iZmqKjpKWmp6ipqrKztLW2t7i5usLDxMXGx8jJytLT1NXW19jZ2uLj5OXm5+jp6vLz9PX29\/j5+v\/aAAwDAQACEQMRAD8A9HtNW8pW25xtGHz9cj69PzNZKeMppfEcthHpLPArvH9pEuTleuV28fn0qhphK2EmCR0PH+61bfhZjJLOzkswAwW5Irz1iJQxUorrb5Hqexi6Ck+lz\/\/Z\" class=\"attachment-large wp-post-image attachment-medium wd-lazy-load wd-lazy-fade\" alt=\"choisir un monte-escalier debout\" title=\"monte-escalier debout\" srcset=\"\" sizes=\"(max-width: 300px) 100vw, 300px\" data-wood-src=\"https:\/\/www.mydemenageur.com\/blog\/wp-content\/uploads\/2023\/09\/monte-escalier-debout-300x200.jpg\" data-srcset=\"https:\/\/www.mydemenageur.com\/blog\/wp-content\/uploads\/2023\/09\/monte-escalier-debout-300x200.jpg 300w, https:\/\/www.mydemenageur.com\/blog\/wp-content\/uploads\/2023\/09\/monte-escalier-debout-768x512.jpg 768w, https:\/\/www.mydemenageur.com\/blog\/wp-content\/uploads\/2023\/09\/monte-escalier-debout.jpg 900w\" \/>\t\t\t\t\t\t\t\t<\/a>\n\t\t\t\t\t\t\t<\/div>\n\t\t\t\t\t\t\t<div class=\"post-image-mask\">\n\t\t\t\t\t\t\t\t<span><\/span>\n\t\t\t\t\t\t\t<\/div>\n\n\t\t\t\t\t\t\n\t\t\t\t\t<\/figure>\n\t\t\t\t\n\t\t\t\t\t\t\t\t\t\t\t\t<div class=\"post-date wd-post-date wd-style-with-bg\" onclick=\"\">\n\t\t\t\t<span class=\"post-date-day\">\n\t\t\t\t\t18\t\t\t\t<\/span>\n\t\t\t\t<span class=\"post-date-month\">\n\t\t\t\t\tSep\t\t\t\t<\/span>\n\t\t\t<\/div>\n\t\t\t\t\t\t\n\t\t\t<\/header><!-- .entry-header -->\n\n\t\t<div class=\"article-body-container\">\n\t\t\t\n\t\t\t\t\n\t\t\t\t\t\t\t\t\t<h3 class=\"wd-entities-title title post-title\">\n\t\t\t\t\t\t<a href=\"https:\/\/www.mydemenageur.com\/blog\/monte-escalier-debout\/\" rel=\"bookmark\">Choisir un monte-escalier debout\u00a0pour plus de confort<\/a>\n\t\t\t\t\t<\/h3>\n\t\t\t\t\n\t\t\t\t\t\t\t\n\t\t\t\t\t\t\t<div class=\"entry-content wd-entry-content\">\n\t\t\t\t\tLe monte-escalier est un \u00e9quipement indispensable pour le maintien \u00e0 domicile des personnes \u00e0 mobilit\u00e9 r\u00e9duite. Les escaliers sont une ...\t\t\t\t\t\t\t\t\t<\/div><!-- .entry-content -->\n\t\t\t\n\t\t\t\n\t\t\t\t\t<\/div>\n\t<\/div>\n<\/article><!-- #post -->\n\n\n\n<article id=\"post-30246\" class=\"blog-design-masonry blog-post-loop blog-style-shadow  col-lg-4 col-md-4 col-sm-6 col-12 first  post-30246 post type-post status-publish format-standard has-post-thumbnail hentry category-actualite category-logement\">\n\t<div class=\"article-inner\">\n\t\t\t\t\t<header class=\"entry-header\">\n\t\t\t\t\t\t\t\t\t\n\t\t\t\t\t<figure id=\"carousel-233\" class=\"entry-thumbnail\" data-owl-carousel data-hide_pagination_control=\"yes\" data-desktop=\"1\" data-tablet=\"1\" data-tablet_landscape=\"1\" data-mobile=\"1\">\n\t\t\t\t\t\t\n\t\t\t\t\t\t\t<div class=\"post-img-wrapp\">\n\t\t\t\t\t\t\t\t<a href=\"https:\/\/www.mydemenageur.com\/blog\/thyssenkrupp-monte-escalier\/\">\n\t\t\t\t\t\t\t\t\t<img decoding=\"async\" width=\"300\" height=\"225\" src=\"data:image\/jpg;base64,\/9j\/4AAQSkZJRgABAQEAYABgAAD\/\/gA7Q1JFQVRPUjogZ2QtanBlZyB2MS4wICh1c2luZyBJSkcgSlBFRyB2ODApLCBxdWFsaXR5ID0gODIK\/9sAQwAGBAQFBAQGBQUFBgYGBwkOCQkICAkSDQ0KDhUSFhYVEhQUFxohHBcYHxkUFB0nHR8iIyUlJRYcKSwoJCshJCUk\/9sAQwEGBgYJCAkRCQkRJBgUGCQkJCQkJCQkJCQkJCQkJCQkJCQkJCQkJCQkJCQkJCQkJCQkJCQkJCQkJCQkJCQkJCQk\/8AAEQgACgAOAwEiAAIRAQMRAf\/EAB8AAAEFAQEBAQEBAAAAAAAAAAABAgMEBQYHCAkKC\/\/EALUQAAIBAwMCBAMFBQQEAAABfQECAwAEEQUSITFBBhNRYQcicRQygZGhCCNCscEVUtHwJDNicoIJChYXGBkaJSYnKCkqNDU2Nzg5OkNERUZHSElKU1RVVldYWVpjZGVmZ2hpanN0dXZ3eHl6g4SFhoeIiYqSk5SVlpeYmZqio6Slpqeoqaqys7S1tre4ubrCw8TFxsfIycrS09TV1tfY2drh4uPk5ebn6Onq8fLz9PX29\/j5+v\/EAB8BAAMBAQEBAQEBAQEAAAAAAAABAgMEBQYHCAkKC\/\/EALURAAIBAgQEAwQHBQQEAAECdwABAgMRBAUhMQYSQVEHYXETIjKBCBRCkaGxwQkjM1LwFWJy0QoWJDThJfEXGBkaJicoKSo1Njc4OTpDREVGR0hJSlNUVVZXWFlaY2RlZmdoaWpzdHV2d3h5eoKDhIWGh4iJipKTlJWWl5iZmqKjpKWmp6ipqrKztLW2t7i5usLDxMXGx8jJytLT1NXW19jZ2uLj5OXm5+jp6vLz9PX29\/j5+v\/aAAwDAQACEQMRAD8A9Ge53f6mzhVh8zHAdv0Xj60+28TxSqVut0TJx5ioSr\/UDJU\/546Vx\/xMlkhvLO1jkdLdgzNEpwhO8ckdO5qwp8zS7J3+ZmjUsx5JOOprzqzqUVzqVzooOFZ8jjY\/\/9k=\" class=\"attachment-large wp-post-image attachment-medium wd-lazy-load wd-lazy-fade\" alt=\"\" title=\"monte-escaliers\" srcset=\"\" sizes=\"(max-width: 300px) 100vw, 300px\" data-wood-src=\"https:\/\/www.mydemenageur.com\/blog\/wp-content\/uploads\/2023\/09\/monte-escaliers-300x225.jpg\" data-srcset=\"https:\/\/www.mydemenageur.com\/blog\/wp-content\/uploads\/2023\/09\/monte-escaliers-300x225.jpg 300w, https:\/\/www.mydemenageur.com\/blog\/wp-content\/uploads\/2023\/09\/monte-escaliers-768x576.jpg 768w, https:\/\/www.mydemenageur.com\/blog\/wp-content\/uploads\/2023\/09\/monte-escaliers.jpg 800w\" \/>\t\t\t\t\t\t\t\t<\/a>\n\t\t\t\t\t\t\t<\/div>\n\t\t\t\t\t\t\t<div class=\"post-image-mask\">\n\t\t\t\t\t\t\t\t<span><\/span>\n\t\t\t\t\t\t\t<\/div>\n\n\t\t\t\t\t\t\n\t\t\t\t\t<\/figure>\n\t\t\t\t\n\t\t\t\t\t\t\t\t\t\t\t\t<div class=\"post-date wd-post-date wd-style-with-bg\" onclick=\"\">\n\t\t\t\t<span class=\"post-date-day\">\n\t\t\t\t\t14\t\t\t\t<\/span>\n\t\t\t\t<span class=\"post-date-month\">\n\t\t\t\t\tSep\t\t\t\t<\/span>\n\t\t\t<\/div>\n\t\t\t\t\t\t\n\t\t\t<\/header><!-- .entry-header -->\n\n\t\t<div class=\"article-body-container\">\n\t\t\t\n\t\t\t\t\n\t\t\t\t\t\t\t\t\t<h3 class=\"wd-entities-title title post-title\">\n\t\t\t\t\t\t<a href=\"https:\/\/www.mydemenageur.com\/blog\/thyssenkrupp-monte-escalier\/\" rel=\"bookmark\">ThyssenKrupp : le monte-escalier haut de gamme<\/a>\n\t\t\t\t\t<\/h3>\n\t\t\t\t\n\t\t\t\t\t\t\t\n\t\t\t\t\t\t\t<div class=\"entry-content wd-entry-content\">\n\t\t\t\t\tThyssenKrupp est une entreprise internationale dans le milieu de la sid\u00e9rurgie. Le groupe fabrique notamment des ascenseurs et des mont...\t\t\t\t\t\t\t\t\t<\/div><!-- .entry-content -->\n\t\t\t\n\t\t\t\n\t\t\t\t\t<\/div>\n\t<\/div>\n<\/article><!-- #post -->\n\n\n<\/div>\t\t\t    \t<div class=\"wd-loop-footer blog-footer\">\n\t\t\t    \t\t\t\t\t\t\t\t    \t\t\t\t\t\t    \t\t\t\t\t\t    \t\t\t\t\t\t    \t\t\t<link rel=\"stylesheet\" id=\"wd-load-more-button-css\" href=\"https:\/\/www.mydemenageur.com\/blog\/wp-content\/themes\/woodmart\/css\/parts\/mod-load-more-button.min.css?ver=6.5.4\" type=\"text\/css\" media=\"all\" \/> \t\t\t\t\t\t\t\t\t\t<a href=\"#\" data-holder-id=\"69f2091991d65\" rel=\"nofollow noopener\" class=\"btn wd-load-more wd-blog-load-more load-on-click\"><span class=\"load-more-label\">Voir plus de conseils<\/span><\/a>\n\t\t\t\t\t\t\t<div class=\"btn wd-load-more wd-load-more-loader\"><span class=\"load-more-loading\">\u00c7a d\u00e9m\u00e9nage !<\/span><\/div>\n\t\t    \t\t\t\t\t\t    \t<\/div>\n\t\t\t    [\/vc_column][\/vc_row]<\/p>\n<\/section>","protected":false},"excerpt":{"rendered":"<p>[vc_row][vc_column][vc_column_text woodmart_inline=\u00a0\u00bbno\u00a0\u00bb text_larger=\u00a0\u00bbno\u00a0\u00bb]D\u00e9m\u00e9nager et emm\u00e9nager dans un nouveau logement implique de revoir une grande partie de son mode de vie<\/p>\n","protected":false},"author":6,"featured_media":21806,"parent":0,"menu_order":0,"comment_status":"closed","ping_status":"closed","template":"","meta":{"_lmt_disableupdate":"","_lmt_disable":"","footnotes":""},"yoast_head":"<!-- This site is optimized with the Yoast SEO Premium plugin v24.2 (Yoast SEO v24.5) - https:\/\/yoast.com\/wordpress\/plugins\/seo\/ -->\n<title>Logement : d\u00e9m\u00e9nagement et emm\u00e9nagement - MyDemenageur<\/title>\n<meta name=\"robots\" content=\"index, follow, max-snippet:-1, max-image-preview:large, max-video-preview:-1\" \/>\n<link rel=\"canonical\" href=\"https:\/\/www.mydemenageur.com\/blog\/logement\/\" \/>\n<meta property=\"og:locale\" content=\"fr_FR\" \/>\n<meta property=\"og:type\" content=\"article\" \/>\n<meta property=\"og:title\" content=\"Logement : d\u00e9m\u00e9nagement et emm\u00e9nagement\" \/>\n<meta property=\"og:description\" content=\"[vc_row][vc_column][vc_column_text woodmart_inline=\u00a0\u00bbno\u00a0\u00bb text_larger=\u00a0\u00bbno\u00a0\u00bb]D\u00e9m\u00e9nager et emm\u00e9nager dans un nouveau logement implique de revoir une grande partie de son mode de vie\" \/>\n<meta property=\"og:url\" content=\"https:\/\/www.mydemenageur.com\/blog\/logement\/\" \/>\n<meta property=\"og:site_name\" content=\"MyDemenageur\" \/>\n<meta property=\"article:publisher\" content=\"https:\/\/www.facebook.com\/mydemenageur\" \/>\n<meta property=\"article:modified_time\" content=\"2022-03-08T12:41:45+00:00\" \/>\n<meta property=\"og:image\" content=\"https:\/\/www.mydemenageur.com\/blog\/wp-content\/uploads\/2016\/04\/idees-deco-10-astuces-diy-pour-redecorer-pas-cher.jpeg\" \/>\n\t<meta property=\"og:image:width\" content=\"1000\" \/>\n\t<meta property=\"og:image:height\" content=\"666\" \/>\n\t<meta property=\"og:image:type\" content=\"image\/jpeg\" \/>\n<meta name=\"twitter:card\" content=\"summary_large_image\" \/>\n<meta name=\"twitter:site\" content=\"@mydemenageur\" \/>\n<meta name=\"twitter:label1\" content=\"Dur\u00e9e de lecture estim\u00e9e\" \/>\n\t<meta name=\"twitter:data1\" content=\"1 minute\" \/>\n<script type=\"application\/ld+json\" class=\"yoast-schema-graph\">{\"@context\":\"https:\/\/schema.org\",\"@graph\":[{\"@type\":\"WebPage\",\"@id\":\"https:\/\/www.mydemenageur.com\/blog\/logement\/\",\"url\":\"https:\/\/www.mydemenageur.com\/blog\/logement\/\",\"name\":\"Logement : d\u00e9m\u00e9nagement et emm\u00e9nagement - MyDemenageur\",\"isPartOf\":{\"@id\":\"https:\/\/www.mydemenageur.com\/blog\/#website\"},\"primaryImageOfPage\":{\"@id\":\"https:\/\/www.mydemenageur.com\/blog\/logement\/#primaryimage\"},\"image\":{\"@id\":\"https:\/\/www.mydemenageur.com\/blog\/logement\/#primaryimage\"},\"thumbnailUrl\":\"https:\/\/www.mydemenageur.com\/blog\/wp-content\/uploads\/2016\/04\/idees-deco-10-astuces-diy-pour-redecorer-pas-cher.jpeg\",\"datePublished\":\"2021-06-17T15:16:28+00:00\",\"dateModified\":\"2022-03-08T12:41:45+00:00\",\"breadcrumb\":{\"@id\":\"https:\/\/www.mydemenageur.com\/blog\/logement\/#breadcrumb\"},\"inLanguage\":\"fr-FR\",\"potentialAction\":[{\"@type\":\"ReadAction\",\"target\":[\"https:\/\/www.mydemenageur.com\/blog\/logement\/\"]}]},{\"@type\":\"ImageObject\",\"inLanguage\":\"fr-FR\",\"@id\":\"https:\/\/www.mydemenageur.com\/blog\/logement\/#primaryimage\",\"url\":\"https:\/\/www.mydemenageur.com\/blog\/wp-content\/uploads\/2016\/04\/idees-deco-10-astuces-diy-pour-redecorer-pas-cher.jpeg\",\"contentUrl\":\"https:\/\/www.mydemenageur.com\/blog\/wp-content\/uploads\/2016\/04\/idees-deco-10-astuces-diy-pour-redecorer-pas-cher.jpeg\",\"width\":1000,\"height\":666,\"caption\":\"Id\u00e9es d\u00e9co pas cher : 10 DIY d\u00e9co pour refaire sa d\u00e9coration int\u00e9rieur sans se ruiner !\"},{\"@type\":\"BreadcrumbList\",\"@id\":\"https:\/\/www.mydemenageur.com\/blog\/logement\/#breadcrumb\",\"itemListElement\":[{\"@type\":\"ListItem\",\"position\":1,\"name\":\"Accueil\",\"item\":\"https:\/\/www.mydemenageur.com\/blog\/\"},{\"@type\":\"ListItem\",\"position\":2,\"name\":\"Logement : d\u00e9m\u00e9nagement et emm\u00e9nagement\"}]},{\"@type\":\"WebSite\",\"@id\":\"https:\/\/www.mydemenageur.com\/blog\/#website\",\"url\":\"https:\/\/www.mydemenageur.com\/blog\/\",\"name\":\"MyDemenageur\",\"description\":\"Conseils d\u00e9m\u00e9ngement entre particuliers et d\u00e9m\u00e9nagement professionnel\",\"publisher\":{\"@id\":\"https:\/\/www.mydemenageur.com\/blog\/#organization\"},\"potentialAction\":[{\"@type\":\"SearchAction\",\"target\":{\"@type\":\"EntryPoint\",\"urlTemplate\":\"https:\/\/www.mydemenageur.com\/blog\/?s={search_term_string}\"},\"query-input\":{\"@type\":\"PropertyValueSpecification\",\"valueRequired\":true,\"valueName\":\"search_term_string\"}}],\"inLanguage\":\"fr-FR\"},{\"@type\":\"Organization\",\"@id\":\"https:\/\/www.mydemenageur.com\/blog\/#organization\",\"name\":\"MyDemenageur.com\",\"url\":\"https:\/\/www.mydemenageur.com\/blog\/\",\"logo\":{\"@type\":\"ImageObject\",\"inLanguage\":\"fr-FR\",\"@id\":\"https:\/\/www.mydemenageur.com\/blog\/#\/schema\/logo\/image\/\",\"url\":\"https:\/\/www.mydemenageur.com\/blog\/wp-content\/uploads\/2022\/05\/MyDemenageur_Symbol.jpg\",\"contentUrl\":\"https:\/\/www.mydemenageur.com\/blog\/wp-content\/uploads\/2022\/05\/MyDemenageur_Symbol.jpg\",\"width\":878,\"height\":877,\"caption\":\"MyDemenageur.com\"},\"image\":{\"@id\":\"https:\/\/www.mydemenageur.com\/blog\/#\/schema\/logo\/image\/\"},\"sameAs\":[\"https:\/\/www.facebook.com\/mydemenageur\",\"https:\/\/x.com\/mydemenageur\",\"https:\/\/www.pinterest.fr\/mydemenageur\/\"]}]}<\/script>\n<!-- \/ Yoast SEO Premium plugin. -->","yoast_head_json":{"title":"Logement : d\u00e9m\u00e9nagement et emm\u00e9nagement - MyDemenageur","robots":{"index":"index","follow":"follow","max-snippet":"max-snippet:-1","max-image-preview":"max-image-preview:large","max-video-preview":"max-video-preview:-1"},"canonical":"https:\/\/www.mydemenageur.com\/blog\/logement\/","og_locale":"fr_FR","og_type":"article","og_title":"Logement : d\u00e9m\u00e9nagement et emm\u00e9nagement","og_description":"[vc_row][vc_column][vc_column_text woodmart_inline=\u00a0\u00bbno\u00a0\u00bb text_larger=\u00a0\u00bbno\u00a0\u00bb]D\u00e9m\u00e9nager et emm\u00e9nager dans un nouveau logement implique de revoir une grande partie de son mode de vie","og_url":"https:\/\/www.mydemenageur.com\/blog\/logement\/","og_site_name":"MyDemenageur","article_publisher":"https:\/\/www.facebook.com\/mydemenageur","article_modified_time":"2022-03-08T12:41:45+00:00","og_image":[{"width":1000,"height":666,"url":"https:\/\/www.mydemenageur.com\/blog\/wp-content\/uploads\/2016\/04\/idees-deco-10-astuces-diy-pour-redecorer-pas-cher.jpeg","type":"image\/jpeg"}],"twitter_card":"summary_large_image","twitter_site":"@mydemenageur","twitter_misc":{"Dur\u00e9e de lecture estim\u00e9e":"1 minute"},"schema":{"@context":"https:\/\/schema.org","@graph":[{"@type":"WebPage","@id":"https:\/\/www.mydemenageur.com\/blog\/logement\/","url":"https:\/\/www.mydemenageur.com\/blog\/logement\/","name":"Logement : d\u00e9m\u00e9nagement et emm\u00e9nagement - MyDemenageur","isPartOf":{"@id":"https:\/\/www.mydemenageur.com\/blog\/#website"},"primaryImageOfPage":{"@id":"https:\/\/www.mydemenageur.com\/blog\/logement\/#primaryimage"},"image":{"@id":"https:\/\/www.mydemenageur.com\/blog\/logement\/#primaryimage"},"thumbnailUrl":"https:\/\/www.mydemenageur.com\/blog\/wp-content\/uploads\/2016\/04\/idees-deco-10-astuces-diy-pour-redecorer-pas-cher.jpeg","datePublished":"2021-06-17T15:16:28+00:00","dateModified":"2022-03-08T12:41:45+00:00","breadcrumb":{"@id":"https:\/\/www.mydemenageur.com\/blog\/logement\/#breadcrumb"},"inLanguage":"fr-FR","potentialAction":[{"@type":"ReadAction","target":["https:\/\/www.mydemenageur.com\/blog\/logement\/"]}]},{"@type":"ImageObject","inLanguage":"fr-FR","@id":"https:\/\/www.mydemenageur.com\/blog\/logement\/#primaryimage","url":"https:\/\/www.mydemenageur.com\/blog\/wp-content\/uploads\/2016\/04\/idees-deco-10-astuces-diy-pour-redecorer-pas-cher.jpeg","contentUrl":"https:\/\/www.mydemenageur.com\/blog\/wp-content\/uploads\/2016\/04\/idees-deco-10-astuces-diy-pour-redecorer-pas-cher.jpeg","width":1000,"height":666,"caption":"Id\u00e9es d\u00e9co pas cher : 10 DIY d\u00e9co pour refaire sa d\u00e9coration int\u00e9rieur sans se ruiner !"},{"@type":"BreadcrumbList","@id":"https:\/\/www.mydemenageur.com\/blog\/logement\/#breadcrumb","itemListElement":[{"@type":"ListItem","position":1,"name":"Accueil","item":"https:\/\/www.mydemenageur.com\/blog\/"},{"@type":"ListItem","position":2,"name":"Logement : d\u00e9m\u00e9nagement et emm\u00e9nagement"}]},{"@type":"WebSite","@id":"https:\/\/www.mydemenageur.com\/blog\/#website","url":"https:\/\/www.mydemenageur.com\/blog\/","name":"MyDemenageur","description":"Conseils d\u00e9m\u00e9ngement entre particuliers et d\u00e9m\u00e9nagement professionnel","publisher":{"@id":"https:\/\/www.mydemenageur.com\/blog\/#organization"},"potentialAction":[{"@type":"SearchAction","target":{"@type":"EntryPoint","urlTemplate":"https:\/\/www.mydemenageur.com\/blog\/?s={search_term_string}"},"query-input":{"@type":"PropertyValueSpecification","valueRequired":true,"valueName":"search_term_string"}}],"inLanguage":"fr-FR"},{"@type":"Organization","@id":"https:\/\/www.mydemenageur.com\/blog\/#organization","name":"MyDemenageur.com","url":"https:\/\/www.mydemenageur.com\/blog\/","logo":{"@type":"ImageObject","inLanguage":"fr-FR","@id":"https:\/\/www.mydemenageur.com\/blog\/#\/schema\/logo\/image\/","url":"https:\/\/www.mydemenageur.com\/blog\/wp-content\/uploads\/2022\/05\/MyDemenageur_Symbol.jpg","contentUrl":"https:\/\/www.mydemenageur.com\/blog\/wp-content\/uploads\/2022\/05\/MyDemenageur_Symbol.jpg","width":878,"height":877,"caption":"MyDemenageur.com"},"image":{"@id":"https:\/\/www.mydemenageur.com\/blog\/#\/schema\/logo\/image\/"},"sameAs":["https:\/\/www.facebook.com\/mydemenageur","https:\/\/x.com\/mydemenageur","https:\/\/www.pinterest.fr\/mydemenageur\/"]}]}},"_links":{"self":[{"href":"https:\/\/www.mydemenageur.com\/blog\/wp-json\/wp\/v2\/pages\/22170"}],"collection":[{"href":"https:\/\/www.mydemenageur.com\/blog\/wp-json\/wp\/v2\/pages"}],"about":[{"href":"https:\/\/www.mydemenageur.com\/blog\/wp-json\/wp\/v2\/types\/page"}],"author":[{"embeddable":true,"href":"https:\/\/www.mydemenageur.com\/blog\/wp-json\/wp\/v2\/users\/6"}],"replies":[{"embeddable":true,"href":"https:\/\/www.mydemenageur.com\/blog\/wp-json\/wp\/v2\/comments?post=22170"}],"version-history":[{"count":0,"href":"https:\/\/www.mydemenageur.com\/blog\/wp-json\/wp\/v2\/pages\/22170\/revisions"}],"wp:featuredmedia":[{"embeddable":true,"href":"https:\/\/www.mydemenageur.com\/blog\/wp-json\/wp\/v2\/media\/21806"}],"wp:attachment":[{"href":"https:\/\/www.mydemenageur.com\/blog\/wp-json\/wp\/v2\/media?parent=22170"}],"curies":[{"name":"wp","href":"https:\/\/api.w.org\/{rel}","templated":true}]}}