{"id":22191,"date":"2021-06-17T16:14:12","date_gmt":"2021-06-17T16:14:12","guid":{"rendered":"https:\/\/www.mydemenageur.com\/blog\/?page_id=22191"},"modified":"2022-02-03T20:09:20","modified_gmt":"2022-02-03T20:09:20","slug":"stockage-garde-meuble","status":"publish","type":"page","link":"https:\/\/www.mydemenageur.com\/blog\/stockage-garde-meuble\/","title":{"rendered":"D\u00e9m\u00e9nagement : stockage et garde meuble"},"content":{"rendered":"<section class=\"wpb-content-wrapper\"><p>[vc_row][vc_column][vc_column_text woodmart_inline=\u00a0\u00bbno\u00a0\u00bb text_larger=\u00a0\u00bbno\u00a0\u00bb]Vous devez d\u00e9m\u00e9nager mais vous n&rsquo;avez pas encore de logement pour accueillir tous vos meubles ? La solution c&rsquo;est la stockage exclusif ou partag\u00e9 ou le garde meuble classique. MyDemenageur vous dit tout sur le <a href=\"https:\/\/www.mydemenageur.com\/aide-demenagement\">stockage de meubles<\/a>.<\/p>\n<h2>Conseils stockage et garde-meubles<\/h2>\n<p>[\/vc_column_text]\t\t\t<link rel=\"stylesheet\" id=\"wd-blog-base-css\" href=\"https:\/\/www.mydemenageur.com\/blog\/wp-content\/themes\/woodmart\/css\/parts\/blog-base.min.css?ver=6.5.4\" type=\"text\/css\" media=\"all\" \/> \t\t\t\t\t\t<link rel=\"stylesheet\" id=\"wd-blog-loop-base-old-css\" href=\"https:\/\/www.mydemenageur.com\/blog\/wp-content\/themes\/woodmart\/css\/parts\/blog-loop-base-old.min.css?ver=6.5.4\" type=\"text\/css\" media=\"all\" \/> \t\t\t\t\t\t<link rel=\"stylesheet\" id=\"wd-blog-loop-design-masonry-css\" href=\"https:\/\/www.mydemenageur.com\/blog\/wp-content\/themes\/woodmart\/css\/parts\/blog-loop-design-masonry.min.css?ver=6.5.4\" type=\"text\/css\" media=\"all\" \/> \t\t\t<div class=\"wd-blog-holder blog-shortcode  masonry-container wd-spacing-20 row blog-pagination-more-btn\" id=\"69f44b5e23a57\" data-paged=\"1\" data-atts=\"{&quot;post_type&quot;:&quot;post&quot;,&quot;include&quot;:&quot;&quot;,&quot;custom_query&quot;:&quot;&quot;,&quot;taxonomies&quot;:&quot;111&quot;,&quot;pagination&quot;:&quot;more-btn&quot;,&quot;parts_media&quot;:true,&quot;parts_title&quot;:&quot;1&quot;,&quot;parts_meta&quot;:&quot;0&quot;,&quot;parts_text&quot;:&quot;1&quot;,&quot;parts_btn&quot;:&quot;0&quot;,&quot;items_per_page&quot;:&quot;20&quot;,&quot;offset&quot;:&quot;&quot;,&quot;orderby&quot;:&quot;date&quot;,&quot;order&quot;:&quot;DESC&quot;,&quot;meta_key&quot;:&quot;&quot;,&quot;exclude&quot;:&quot;&quot;,&quot;class&quot;:&quot;&quot;,&quot;ajax_page&quot;:&quot;&quot;,&quot;img_size&quot;:&quot;medium&quot;,&quot;blog_design&quot;:&quot;masonry&quot;,&quot;blog_carousel_design&quot;:&quot;masonry&quot;,&quot;blog_columns&quot;:&quot;3&quot;,&quot;blog_columns_tablet&quot;:&quot;auto&quot;,&quot;blog_columns_mobile&quot;:&quot;auto&quot;,&quot;blog_spacing&quot;:&quot;20&quot;,&quot;speed&quot;:&quot;5000&quot;,&quot;slides_per_view&quot;:&quot;3&quot;,&quot;slides_per_view_tablet&quot;:&quot;auto&quot;,&quot;slides_per_view_mobile&quot;:&quot;auto&quot;,&quot;wrap&quot;:&quot;&quot;,&quot;autoplay&quot;:&quot;no&quot;,&quot;hide_pagination_control&quot;:&quot;&quot;,&quot;hide_prev_next_buttons&quot;:&quot;&quot;,&quot;lazy_loading&quot;:&quot;no&quot;,&quot;scroll_carousel_init&quot;:&quot;no&quot;,&quot;scroll_per_page&quot;:&quot;yes&quot;,&quot;search&quot;:&quot;&quot;}\" data-source=\"shortcode\">\n<article id=\"post-31182\" class=\"blog-design-masonry blog-post-loop blog-style-shadow  col-lg-4 col-md-4 col-sm-6 col-12 post-31182 post type-post status-publish format-standard has-post-thumbnail hentry category-stockage\">\n\t<div class=\"article-inner\">\n\t\t\t\t\t<header class=\"entry-header\">\n\t\t\t\t\t\t\t\t\t\n\t\t\t\t\t<figure id=\"carousel-368\" class=\"entry-thumbnail\" data-owl-carousel data-hide_pagination_control=\"yes\" data-desktop=\"1\" data-tablet=\"1\" data-tablet_landscape=\"1\" data-mobile=\"1\">\n\t\t\t\t\t\t\n\t\t\t\t\t\t\t<div class=\"post-img-wrapp\">\n\t\t\t\t\t\t\t\t<a href=\"https:\/\/www.mydemenageur.com\/blog\/a-eviter-stocker-box\/\">\n\t\t\t\t\t\t\t\t\t<img decoding=\"async\" width=\"300\" height=\"180\" src=\"data:image\/jpg;base64,\/9j\/4AAQSkZJRgABAQEAYABgAAD\/\/gA7Q1JFQVRPUjogZ2QtanBlZyB2MS4wICh1c2luZyBJSkcgSlBFRyB2ODApLCBxdWFsaXR5ID0gODIK\/9sAQwAGBAQFBAQGBQUFBgYGBwkOCQkICAkSDQ0KDhUSFhYVEhQUFxohHBcYHxkUFB0nHR8iIyUlJRYcKSwoJCshJCUk\/9sAQwEGBgYJCAkRCQkRJBgUGCQkJCQkJCQkJCQkJCQkJCQkJCQkJCQkJCQkJCQkJCQkJCQkJCQkJCQkJCQkJCQkJCQk\/8AAEQgACgARAwEiAAIRAQMRAf\/EAB8AAAEFAQEBAQEBAAAAAAAAAAABAgMEBQYHCAkKC\/\/EALUQAAIBAwMCBAMFBQQEAAABfQECAwAEEQUSITFBBhNRYQcicRQygZGhCCNCscEVUtHwJDNicoIJChYXGBkaJSYnKCkqNDU2Nzg5OkNERUZHSElKU1RVVldYWVpjZGVmZ2hpanN0dXZ3eHl6g4SFhoeIiYqSk5SVlpeYmZqio6Slpqeoqaqys7S1tre4ubrCw8TFxsfIycrS09TV1tfY2drh4uPk5ebn6Onq8fLz9PX29\/j5+v\/EAB8BAAMBAQEBAQEBAQEAAAAAAAABAgMEBQYHCAkKC\/\/EALURAAIBAgQEAwQHBQQEAAECdwABAgMRBAUhMQYSQVEHYXETIjKBCBRCkaGxwQkjM1LwFWJy0QoWJDThJfEXGBkaJicoKSo1Njc4OTpDREVGR0hJSlNUVVZXWFlaY2RlZmdoaWpzdHV2d3h5eoKDhIWGh4iJipKTlJWWl5iZmqKjpKWmp6ipqrKztLW2t7i5usLDxMXGx8jJytLT1NXW19jZ2uLj5OXm5+jp6vLz9PX29\/j5+v\/aAAwDAQACEQMRAD8A6LU7SDU2M19E09ogAWJj+7V8fe259PaqGo3Fvjb5avsVEUNzgBeAK0bVi3h+TcSfnfr9RXKXJI3cnr\/7LXzedqagpc39anLXVle4Yj\/59m\/MUVieY\/8Afb86K+X5PM5D\/9k=\" class=\"attachment-large wp-post-image attachment-medium wd-lazy-load wd-lazy-fade\" alt=\"box de stockage\" title=\"box pour stockage\" srcset=\"\" sizes=\"(max-width: 300px) 100vw, 300px\" data-wood-src=\"https:\/\/www.mydemenageur.com\/blog\/wp-content\/uploads\/2024\/04\/box-pour-stockage-300x180.jpg\" data-srcset=\"https:\/\/www.mydemenageur.com\/blog\/wp-content\/uploads\/2024\/04\/box-pour-stockage-300x180.jpg 300w, https:\/\/www.mydemenageur.com\/blog\/wp-content\/uploads\/2024\/04\/box-pour-stockage-1200x720.jpg 1200w, https:\/\/www.mydemenageur.com\/blog\/wp-content\/uploads\/2024\/04\/box-pour-stockage-768x461.jpg 768w, https:\/\/www.mydemenageur.com\/blog\/wp-content\/uploads\/2024\/04\/box-pour-stockage.jpg 1500w\" \/>\t\t\t\t\t\t\t\t<\/a>\n\t\t\t\t\t\t\t<\/div>\n\t\t\t\t\t\t\t<div class=\"post-image-mask\">\n\t\t\t\t\t\t\t\t<span><\/span>\n\t\t\t\t\t\t\t<\/div>\n\n\t\t\t\t\t\t\n\t\t\t\t\t<\/figure>\n\t\t\t\t\n\t\t\t\t\t\t\t\t\t\t\t\t<div class=\"post-date wd-post-date wd-style-with-bg\" onclick=\"\">\n\t\t\t\t<span class=\"post-date-day\">\n\t\t\t\t\t16\t\t\t\t<\/span>\n\t\t\t\t<span class=\"post-date-month\">\n\t\t\t\t\tAvr\t\t\t\t<\/span>\n\t\t\t<\/div>\n\t\t\t\t\t\t\n\t\t\t<\/header><!-- .entry-header -->\n\n\t\t<div class=\"article-body-container\">\n\t\t\t\n\t\t\t\t\n\t\t\t\t\t\t\t\t\t<h3 class=\"wd-entities-title title post-title\">\n\t\t\t\t\t\t<a href=\"https:\/\/www.mydemenageur.com\/blog\/a-eviter-stocker-box\/\" rel=\"bookmark\">Les objets \u00e0 \u00e9viter de stocker dans un box de rangement<\/a>\n\t\t\t\t\t<\/h3>\n\t\t\t\t\n\t\t\t\t\t\t\t\n\t\t\t\t\t\t\t<div class=\"entry-content wd-entry-content\">\n\t\t\t\t\tDans notre monde moderne, il est fr\u00e9quent de manquer d'espace chez soi pour y stocker tous nos biens. Il devient donc parfois indispens...\t\t\t\t\t\t\t\t\t<\/div><!-- .entry-content -->\n\t\t\t\n\t\t\t\n\t\t\t\t\t<\/div>\n\t<\/div>\n<\/article><!-- #post -->\n\n\n\n<article id=\"post-30958\" class=\"blog-design-masonry blog-post-loop blog-style-shadow  col-lg-4 col-md-4 col-sm-6 col-12 first  post-30958 post type-post status-publish format-standard has-post-thumbnail hentry category-stockage\">\n\t<div class=\"article-inner\">\n\t\t\t\t\t<header class=\"entry-header\">\n\t\t\t\t\t\t\t\t\t\n\t\t\t\t\t<figure id=\"carousel-485\" class=\"entry-thumbnail\" data-owl-carousel data-hide_pagination_control=\"yes\" data-desktop=\"1\" data-tablet=\"1\" data-tablet_landscape=\"1\" data-mobile=\"1\">\n\t\t\t\t\t\t\n\t\t\t\t\t\t\t<div class=\"post-img-wrapp\">\n\t\t\t\t\t\t\t\t<a href=\"https:\/\/www.mydemenageur.com\/blog\/nice-criteres-garde-meuble\/\">\n\t\t\t\t\t\t\t\t\t<img decoding=\"async\" width=\"300\" height=\"200\" src=\"data:image\/jpg;base64,\/9j\/4AAQSkZJRgABAQEAYABgAAD\/\/gA7Q1JFQVRPUjogZ2QtanBlZyB2MS4wICh1c2luZyBJSkcgSlBFRyB2ODApLCBxdWFsaXR5ID0gODIK\/9sAQwAGBAQFBAQGBQUFBgYGBwkOCQkICAkSDQ0KDhUSFhYVEhQUFxohHBcYHxkUFB0nHR8iIyUlJRYcKSwoJCshJCUk\/9sAQwEGBgYJCAkRCQkRJBgUGCQkJCQkJCQkJCQkJCQkJCQkJCQkJCQkJCQkJCQkJCQkJCQkJCQkJCQkJCQkJCQkJCQk\/8AAEQgACgAPAwEiAAIRAQMRAf\/EAB8AAAEFAQEBAQEBAAAAAAAAAAABAgMEBQYHCAkKC\/\/EALUQAAIBAwMCBAMFBQQEAAABfQECAwAEEQUSITFBBhNRYQcicRQygZGhCCNCscEVUtHwJDNicoIJChYXGBkaJSYnKCkqNDU2Nzg5OkNERUZHSElKU1RVVldYWVpjZGVmZ2hpanN0dXZ3eHl6g4SFhoeIiYqSk5SVlpeYmZqio6Slpqeoqaqys7S1tre4ubrCw8TFxsfIycrS09TV1tfY2drh4uPk5ebn6Onq8fLz9PX29\/j5+v\/EAB8BAAMBAQEBAQEBAQEAAAAAAAABAgMEBQYHCAkKC\/\/EALURAAIBAgQEAwQHBQQEAAECdwABAgMRBAUhMQYSQVEHYXETIjKBCBRCkaGxwQkjM1LwFWJy0QoWJDThJfEXGBkaJicoKSo1Njc4OTpDREVGR0hJSlNUVVZXWFlaY2RlZmdoaWpzdHV2d3h5eoKDhIWGh4iJipKTlJWWl5iZmqKjpKWmp6ipqrKztLW2t7i5usLDxMXGx8jJytLT1NXW19jZ2uLj5OXm5+jp6vLz9PX29\/j5+v\/aAAwDAQACEQMRAD8A0tN8W6i+j6tf3wTdawB4BGdxyxbbn1OeM+gBxVODX77xBaCa015WRpnUQ3CLFgrjjgc4BH51Wt40FjMAqgEDPHXrStZWsukx+ZbQvk5O5AfSvEp5lKUveX4n0M8ugl7r\/A\/\/2Q==\" class=\"attachment-large wp-post-image attachment-medium wd-lazy-load wd-lazy-fade\" alt=\"Garde meuble Nice\" title=\"Garde meuble Nice\" srcset=\"\" sizes=\"(max-width: 300px) 100vw, 300px\" data-wood-src=\"https:\/\/www.mydemenageur.com\/blog\/wp-content\/uploads\/2023\/12\/Garde-meuble-Nice-300x200.jpg\" data-srcset=\"https:\/\/www.mydemenageur.com\/blog\/wp-content\/uploads\/2023\/12\/Garde-meuble-Nice-300x200.jpg 300w, https:\/\/www.mydemenageur.com\/blog\/wp-content\/uploads\/2023\/12\/Garde-meuble-Nice-1200x800.jpg 1200w, https:\/\/www.mydemenageur.com\/blog\/wp-content\/uploads\/2023\/12\/Garde-meuble-Nice-768x512.jpg 768w, https:\/\/www.mydemenageur.com\/blog\/wp-content\/uploads\/2023\/12\/Garde-meuble-Nice-1536x1025.jpg 1536w, https:\/\/www.mydemenageur.com\/blog\/wp-content\/uploads\/2023\/12\/Garde-meuble-Nice-2048x1366.jpg 2048w\" \/>\t\t\t\t\t\t\t\t<\/a>\n\t\t\t\t\t\t\t<\/div>\n\t\t\t\t\t\t\t<div class=\"post-image-mask\">\n\t\t\t\t\t\t\t\t<span><\/span>\n\t\t\t\t\t\t\t<\/div>\n\n\t\t\t\t\t\t\n\t\t\t\t\t<\/figure>\n\t\t\t\t\n\t\t\t\t\t\t\t\t\t\t\t\t<div class=\"post-date wd-post-date wd-style-with-bg\" onclick=\"\">\n\t\t\t\t<span class=\"post-date-day\">\n\t\t\t\t\t13\t\t\t\t<\/span>\n\t\t\t\t<span class=\"post-date-month\">\n\t\t\t\t\tD\u00e9c\t\t\t\t<\/span>\n\t\t\t<\/div>\n\t\t\t\t\t\t\n\t\t\t<\/header><!-- .entry-header -->\n\n\t\t<div class=\"article-body-container\">\n\t\t\t\n\t\t\t\t\n\t\t\t\t\t\t\t\t\t<h3 class=\"wd-entities-title title post-title\">\n\t\t\t\t\t\t<a href=\"https:\/\/www.mydemenageur.com\/blog\/nice-criteres-garde-meuble\/\" rel=\"bookmark\">Nice\u00a0: quels crit\u00e8res privil\u00e9gier pour choisir un garde-meuble adapt\u00e9 \u00e0 vos besoins ?<\/a>\n\t\t\t\t\t<\/h3>\n\t\t\t\t\n\t\t\t\t\t\t\t\n\t\t\t\t\t\t\t<div class=\"entry-content wd-entry-content\">\n\t\t\t\t\tVous avez besoin de stocker vos affaires dans un garde-meuble \u00e0 Nice, mais vous ne savez pas comment choisir le meilleur ? Cela est tou...\t\t\t\t\t\t\t\t\t<\/div><!-- .entry-content -->\n\t\t\t\n\t\t\t\n\t\t\t\t\t<\/div>\n\t<\/div>\n<\/article><!-- #post -->\n\n\n\n<article id=\"post-30640\" class=\"blog-design-masonry blog-post-loop blog-style-shadow  col-lg-4 col-md-4 col-sm-6 col-12 post-30640 post type-post status-publish format-standard has-post-thumbnail hentry category-stockage\">\n\t<div class=\"article-inner\">\n\t\t\t\t\t<header class=\"entry-header\">\n\t\t\t\t\t\t\t\t\t\n\t\t\t\t\t<figure id=\"carousel-394\" class=\"entry-thumbnail\" data-owl-carousel data-hide_pagination_control=\"yes\" data-desktop=\"1\" data-tablet=\"1\" data-tablet_landscape=\"1\" data-mobile=\"1\">\n\t\t\t\t\t\t\n\t\t\t\t\t\t\t<div class=\"post-img-wrapp\">\n\t\t\t\t\t\t\t\t<a href=\"https:\/\/www.mydemenageur.com\/blog\/stocker-affaires-tour-du-monde\/\">\n\t\t\t\t\t\t\t\t\t<img decoding=\"async\" width=\"300\" height=\"200\" src=\"data:image\/jpg;base64,\/9j\/4AAQSkZJRgABAQEAYABgAAD\/\/gA7Q1JFQVRPUjogZ2QtanBlZyB2MS4wICh1c2luZyBJSkcgSlBFRyB2ODApLCBxdWFsaXR5ID0gODIK\/9sAQwAGBAQFBAQGBQUFBgYGBwkOCQkICAkSDQ0KDhUSFhYVEhQUFxohHBcYHxkUFB0nHR8iIyUlJRYcKSwoJCshJCUk\/9sAQwEGBgYJCAkRCQkRJBgUGCQkJCQkJCQkJCQkJCQkJCQkJCQkJCQkJCQkJCQkJCQkJCQkJCQkJCQkJCQkJCQkJCQk\/8AAEQgACgAPAwEiAAIRAQMRAf\/EAB8AAAEFAQEBAQEBAAAAAAAAAAABAgMEBQYHCAkKC\/\/EALUQAAIBAwMCBAMFBQQEAAABfQECAwAEEQUSITFBBhNRYQcicRQygZGhCCNCscEVUtHwJDNicoIJChYXGBkaJSYnKCkqNDU2Nzg5OkNERUZHSElKU1RVVldYWVpjZGVmZ2hpanN0dXZ3eHl6g4SFhoeIiYqSk5SVlpeYmZqio6Slpqeoqaqys7S1tre4ubrCw8TFxsfIycrS09TV1tfY2drh4uPk5ebn6Onq8fLz9PX29\/j5+v\/EAB8BAAMBAQEBAQEBAQEAAAAAAAABAgMEBQYHCAkKC\/\/EALURAAIBAgQEAwQHBQQEAAECdwABAgMRBAUhMQYSQVEHYXETIjKBCBRCkaGxwQkjM1LwFWJy0QoWJDThJfEXGBkaJicoKSo1Njc4OTpDREVGR0hJSlNUVVZXWFlaY2RlZmdoaWpzdHV2d3h5eoKDhIWGh4iJipKTlJWWl5iZmqKjpKWmp6ipqrKztLW2t7i5usLDxMXGx8jJytLT1NXW19jZ2uLj5OXm5+jp6vLz9PX29\/j5+v\/aAAwDAQACEQMRAD8A23+NVpr+jw3EN+thuJV7ZR+9jIBPJH8JwMHgcgGuF8Z+NfEdzYOGneG3BTDO6kvnBGMfN3FecaEqlnyoORjke4q1eAMhDAEbQ2D67jzSas7IqMVuf\/\/Z\" class=\"attachment-large wp-post-image attachment-medium wd-lazy-load wd-lazy-fade\" alt=\"partir en tour du monde\" title=\"partir en tour du monde\" srcset=\"\" sizes=\"(max-width: 300px) 100vw, 300px\" data-wood-src=\"https:\/\/www.mydemenageur.com\/blog\/wp-content\/uploads\/2023\/10\/partir-en-tour-du-monde-300x200.jpg\" data-srcset=\"https:\/\/www.mydemenageur.com\/blog\/wp-content\/uploads\/2023\/10\/partir-en-tour-du-monde-300x200.jpg 300w, https:\/\/www.mydemenageur.com\/blog\/wp-content\/uploads\/2023\/10\/partir-en-tour-du-monde-768x512.jpg 768w, https:\/\/www.mydemenageur.com\/blog\/wp-content\/uploads\/2023\/10\/partir-en-tour-du-monde.jpg 1000w\" \/>\t\t\t\t\t\t\t\t<\/a>\n\t\t\t\t\t\t\t<\/div>\n\t\t\t\t\t\t\t<div class=\"post-image-mask\">\n\t\t\t\t\t\t\t\t<span><\/span>\n\t\t\t\t\t\t\t<\/div>\n\n\t\t\t\t\t\t\n\t\t\t\t\t<\/figure>\n\t\t\t\t\n\t\t\t\t\t\t\t\t\t\t\t\t<div class=\"post-date wd-post-date wd-style-with-bg\" onclick=\"\">\n\t\t\t\t<span class=\"post-date-day\">\n\t\t\t\t\t13\t\t\t\t<\/span>\n\t\t\t\t<span class=\"post-date-month\">\n\t\t\t\t\tOct\t\t\t\t<\/span>\n\t\t\t<\/div>\n\t\t\t\t\t\t\n\t\t\t<\/header><!-- .entry-header -->\n\n\t\t<div class=\"article-body-container\">\n\t\t\t\n\t\t\t\t\n\t\t\t\t\t\t\t\t\t<h3 class=\"wd-entities-title title post-title\">\n\t\t\t\t\t\t<a href=\"https:\/\/www.mydemenageur.com\/blog\/stocker-affaires-tour-du-monde\/\" rel=\"bookmark\">Stocker vos affaires pendant un tour du monde : le guide<\/a>\n\t\t\t\t\t<\/h3>\n\t\t\t\t\n\t\t\t\t\t\t\t\n\t\t\t\t\t\t\t<div class=\"entry-content wd-entry-content\">\n\t\t\t\t\tQuand on d\u00e9cide de partir \u00e0 l'aventure et de se d\u00e9tacher des routines quotidiennes en faisant un tour du monde, il y a un point essenti...\t\t\t\t\t\t\t\t\t<\/div><!-- .entry-content -->\n\t\t\t\n\t\t\t\n\t\t\t\t\t<\/div>\n\t<\/div>\n<\/article><!-- #post -->\n\n\n\n<article id=\"post-30078\" class=\"blog-design-masonry blog-post-loop blog-style-shadow  col-lg-4 col-md-4 col-sm-6 col-12 last  post-30078 post type-post status-publish format-standard has-post-thumbnail hentry category-stockage\">\n\t<div class=\"article-inner\">\n\t\t\t\t\t<header class=\"entry-header\">\n\t\t\t\t\t\t\t\t\t\n\t\t\t\t\t<figure id=\"carousel-911\" class=\"entry-thumbnail\" data-owl-carousel data-hide_pagination_control=\"yes\" data-desktop=\"1\" data-tablet=\"1\" data-tablet_landscape=\"1\" data-mobile=\"1\">\n\t\t\t\t\t\t\n\t\t\t\t\t\t\t<div class=\"post-img-wrapp\">\n\t\t\t\t\t\t\t\t<a href=\"https:\/\/www.mydemenageur.com\/blog\/que-pouvez-vous-stocker-dans-un-garde-meuble\/\">\n\t\t\t\t\t\t\t\t\t<img decoding=\"async\" width=\"300\" height=\"200\" src=\"data:image\/jpg;base64,\/9j\/4AAQSkZJRgABAQEAYABgAAD\/\/gA7Q1JFQVRPUjogZ2QtanBlZyB2MS4wICh1c2luZyBJSkcgSlBFRyB2ODApLCBxdWFsaXR5ID0gODIK\/9sAQwAGBAQFBAQGBQUFBgYGBwkOCQkICAkSDQ0KDhUSFhYVEhQUFxohHBcYHxkUFB0nHR8iIyUlJRYcKSwoJCshJCUk\/9sAQwEGBgYJCAkRCQkRJBgUGCQkJCQkJCQkJCQkJCQkJCQkJCQkJCQkJCQkJCQkJCQkJCQkJCQkJCQkJCQkJCQkJCQk\/8AAEQgACgAPAwEiAAIRAQMRAf\/EAB8AAAEFAQEBAQEBAAAAAAAAAAABAgMEBQYHCAkKC\/\/EALUQAAIBAwMCBAMFBQQEAAABfQECAwAEEQUSITFBBhNRYQcicRQygZGhCCNCscEVUtHwJDNicoIJChYXGBkaJSYnKCkqNDU2Nzg5OkNERUZHSElKU1RVVldYWVpjZGVmZ2hpanN0dXZ3eHl6g4SFhoeIiYqSk5SVlpeYmZqio6Slpqeoqaqys7S1tre4ubrCw8TFxsfIycrS09TV1tfY2drh4uPk5ebn6Onq8fLz9PX29\/j5+v\/EAB8BAAMBAQEBAQEBAQEAAAAAAAABAgMEBQYHCAkKC\/\/EALURAAIBAgQEAwQHBQQEAAECdwABAgMRBAUhMQYSQVEHYXETIjKBCBRCkaGxwQkjM1LwFWJy0QoWJDThJfEXGBkaJicoKSo1Njc4OTpDREVGR0hJSlNUVVZXWFlaY2RlZmdoaWpzdHV2d3h5eoKDhIWGh4iJipKTlJWWl5iZmqKjpKWmp6ipqrKztLW2t7i5usLDxMXGx8jJytLT1NXW19jZ2uLj5OXm5+jp6vLz9PX29\/j5+v\/aAAwDAQACEQMRAD8Aj8W3Nvp3j9Jopysi6lFIydgQVIOKmstXv9Uv73zZ5Lq1ESbJtQOGZi2cEA4wOfxrkvHLN\/wtA8n\/AJCVt390rq\/Jj+zTv5abpLmbe2OWxK+M+tdGYz96jH+6cuW0\/crS\/vH\/2Q==\" class=\"attachment-large wp-post-image attachment-medium wd-lazy-load wd-lazy-fade\" alt=\"\" title=\"30217.jpg\" srcset=\"\" sizes=\"(max-width: 300px) 100vw, 300px\" data-wood-src=\"https:\/\/www.mydemenageur.com\/blog\/wp-content\/uploads\/2023\/09\/30217-300x200.jpg\" data-srcset=\"https:\/\/www.mydemenageur.com\/blog\/wp-content\/uploads\/2023\/09\/30217-300x200.jpg 300w, https:\/\/www.mydemenageur.com\/blog\/wp-content\/uploads\/2023\/09\/30217-1200x800.jpg 1200w, https:\/\/www.mydemenageur.com\/blog\/wp-content\/uploads\/2023\/09\/30217-768x512.jpg 768w, https:\/\/www.mydemenageur.com\/blog\/wp-content\/uploads\/2023\/09\/30217.jpg 1254w\" \/>\t\t\t\t\t\t\t\t<\/a>\n\t\t\t\t\t\t\t<\/div>\n\t\t\t\t\t\t\t<div class=\"post-image-mask\">\n\t\t\t\t\t\t\t\t<span><\/span>\n\t\t\t\t\t\t\t<\/div>\n\n\t\t\t\t\t\t\n\t\t\t\t\t<\/figure>\n\t\t\t\t\n\t\t\t\t\t\t\t\t\t\t\t\t<div class=\"post-date wd-post-date wd-style-with-bg\" onclick=\"\">\n\t\t\t\t<span class=\"post-date-day\">\n\t\t\t\t\t01\t\t\t\t<\/span>\n\t\t\t\t<span class=\"post-date-month\">\n\t\t\t\t\tSep\t\t\t\t<\/span>\n\t\t\t<\/div>\n\t\t\t\t\t\t\n\t\t\t<\/header><!-- .entry-header -->\n\n\t\t<div class=\"article-body-container\">\n\t\t\t\n\t\t\t\t\n\t\t\t\t\t\t\t\t\t<h3 class=\"wd-entities-title title post-title\">\n\t\t\t\t\t\t<a href=\"https:\/\/www.mydemenageur.com\/blog\/que-pouvez-vous-stocker-dans-un-garde-meuble\/\" rel=\"bookmark\">Que pouvez-vous stocker dans un garde-meuble ?<\/a>\n\t\t\t\t\t<\/h3>\n\t\t\t\t\n\t\t\t\t\t\t\t\n\t\t\t\t\t\t\t<div class=\"entry-content wd-entry-content\">\n\t\t\t\t\tSi vous constatez que vous avez \u00e9norm\u00e9ment d'affaires chez vous ou si vous pr\u00e9voyez de d\u00e9m\u00e9nager, vous vous \u00eates alors d\u00e9j\u00e0 pos\u00e9 la que...\t\t\t\t\t\t\t\t\t<\/div><!-- .entry-content -->\n\t\t\t\n\t\t\t\n\t\t\t\t\t<\/div>\n\t<\/div>\n<\/article><!-- #post -->\n\n\n\n<article id=\"post-2489\" class=\"blog-design-masonry blog-post-loop blog-style-shadow  col-lg-4 col-md-4 col-sm-6 col-12 first  post-2489 post type-post status-publish format-standard has-post-thumbnail hentry category-transport category-emaballage-carton category-stockage\">\n\t<div class=\"article-inner\">\n\t\t\t\t\t<header class=\"entry-header\">\n\t\t\t\t\t\t\t\t\t\n\t\t\t\t\t<figure id=\"carousel-692\" class=\"entry-thumbnail\" data-owl-carousel data-hide_pagination_control=\"yes\" data-desktop=\"1\" data-tablet=\"1\" data-tablet_landscape=\"1\" data-mobile=\"1\">\n\t\t\t\t\t\t\n\t\t\t\t\t\t\t<div class=\"post-img-wrapp\">\n\t\t\t\t\t\t\t\t<a href=\"https:\/\/www.mydemenageur.com\/blog\/comment-bien-emballer-des-objets-fragiles\/\">\n\t\t\t\t\t\t\t\t\t<img decoding=\"async\" width=\"300\" height=\"200\" src=\"data:image\/jpeg;base64,\/9j\/4AAQSkZJRgABAQEAYABgAAD\/\/gA7Q1JFQVRPUjogZ2QtanBlZyB2MS4wICh1c2luZyBJSkcgSlBFRyB2NjIpLCBxdWFsaXR5ID0gODIK\/9sAQwAGBAQFBAQGBQUFBgYGBwkOCQkICAkSDQ0KDhUSFhYVEhQUFxohHBcYHxkUFB0nHR8iIyUlJRYcKSwoJCshJCUk\/9sAQwEGBgYJCAkRCQkRJBgUGCQkJCQkJCQkJCQkJCQkJCQkJCQkJCQkJCQkJCQkJCQkJCQkJCQkJCQkJCQkJCQkJCQk\/8AAEQgACgAPAwEiAAIRAQMRAf\/EAB8AAAEFAQEBAQEBAAAAAAAAAAABAgMEBQYHCAkKC\/\/EALUQAAIBAwMCBAMFBQQEAAABfQECAwAEEQUSITFBBhNRYQcicRQygZGhCCNCscEVUtHwJDNicoIJChYXGBkaJSYnKCkqNDU2Nzg5OkNERUZHSElKU1RVVldYWVpjZGVmZ2hpanN0dXZ3eHl6g4SFhoeIiYqSk5SVlpeYmZqio6Slpqeoqaqys7S1tre4ubrCw8TFxsfIycrS09TV1tfY2drh4uPk5ebn6Onq8fLz9PX29\/j5+v\/EAB8BAAMBAQEBAQEBAQEAAAAAAAABAgMEBQYHCAkKC\/\/EALURAAIBAgQEAwQHBQQEAAECdwABAgMRBAUhMQYSQVEHYXETIjKBCBRCkaGxwQkjM1LwFWJy0QoWJDThJfEXGBkaJicoKSo1Njc4OTpDREVGR0hJSlNUVVZXWFlaY2RlZmdoaWpzdHV2d3h5eoKDhIWGh4iJipKTlJWWl5iZmqKjpKWmp6ipqrKztLW2t7i5usLDxMXGx8jJytLT1NXW19jZ2uLj5OXm5+jp6vLz9PX29\/j5+v\/aAAwDAQACEQMRAD8A7mxuZZpCklhNAgB\/eOyYPPoCTTdW0G+cLqEd55EJTYkDuoEh3feA2ls++ccHvWpEi7Puj8qgvCTjPPQV88kkew2z\/9k=\" class=\"attachment-large wp-post-image attachment-medium wd-lazy-load wd-lazy-fade\" alt=\"Comment emballer les objets fragiles ?\" title=\"Comment emballer les objets fragiles ?\" srcset=\"\" sizes=\"(max-width: 300px) 100vw, 300px\" data-wood-src=\"https:\/\/www.mydemenageur.com\/blog\/wp-content\/uploads\/2021\/03\/comment-emballer-objets-fragiles-300x200.jpeg\" data-srcset=\"https:\/\/www.mydemenageur.com\/blog\/wp-content\/uploads\/2021\/03\/comment-emballer-objets-fragiles-300x200.jpeg 300w, https:\/\/www.mydemenageur.com\/blog\/wp-content\/uploads\/2021\/03\/comment-emballer-objets-fragiles-768x511.jpeg 768w, https:\/\/www.mydemenageur.com\/blog\/wp-content\/uploads\/2021\/03\/comment-emballer-objets-fragiles-930x620.jpeg 930w, https:\/\/www.mydemenageur.com\/blog\/wp-content\/uploads\/2021\/03\/comment-emballer-objets-fragiles.jpeg 1000w\" \/>\t\t\t\t\t\t\t\t<\/a>\n\t\t\t\t\t\t\t<\/div>\n\t\t\t\t\t\t\t<div class=\"post-image-mask\">\n\t\t\t\t\t\t\t\t<span><\/span>\n\t\t\t\t\t\t\t<\/div>\n\n\t\t\t\t\t\t\n\t\t\t\t\t<\/figure>\n\t\t\t\t\n\t\t\t\t\t\t\t\t\t\t\t\t<div class=\"post-date wd-post-date wd-style-with-bg\" onclick=\"\">\n\t\t\t\t<span class=\"post-date-day\">\n\t\t\t\t\t19\t\t\t\t<\/span>\n\t\t\t\t<span class=\"post-date-month\">\n\t\t\t\t\tMar\t\t\t\t<\/span>\n\t\t\t<\/div>\n\t\t\t\t\t\t\n\t\t\t<\/header><!-- .entry-header -->\n\n\t\t<div class=\"article-body-container\">\n\t\t\t\n\t\t\t\t\n\t\t\t\t\t\t\t\t\t<h3 class=\"wd-entities-title title post-title\">\n\t\t\t\t\t\t<a href=\"https:\/\/www.mydemenageur.com\/blog\/comment-bien-emballer-des-objets-fragiles\/\" rel=\"bookmark\">Comment bien emballer des objets fragiles ?<\/a>\n\t\t\t\t\t<\/h3>\n\t\t\t\t\n\t\t\t\t\t\t\t\n\t\t\t\t\t\t\t<div class=\"entry-content wd-entry-content\">\n\t\t\t\t\tMise \u00e0 jour novembre 2023\r\n\r\nEmballer des objets fragiles peut sembler simple pour certains et compliqu\u00e9 voire impossible pour d\u2019autres...\t\t\t\t\t\t\t\t\t<\/div><!-- .entry-content -->\n\t\t\t\n\t\t\t\n\t\t\t\t\t<\/div>\n\t<\/div>\n<\/article><!-- #post -->\n\n\n\n<article id=\"post-2209\" class=\"blog-design-masonry blog-post-loop blog-style-shadow  col-lg-4 col-md-4 col-sm-6 col-12 post-2209 post type-post status-publish format-standard has-post-thumbnail hentry category-stockage\">\n\t<div class=\"article-inner\">\n\t\t\t\t\t<header class=\"entry-header\">\n\t\t\t\t\t\t\t\t\t\n\t\t\t\t\t<figure id=\"carousel-913\" class=\"entry-thumbnail\" data-owl-carousel data-hide_pagination_control=\"yes\" data-desktop=\"1\" data-tablet=\"1\" data-tablet_landscape=\"1\" data-mobile=\"1\">\n\t\t\t\t\t\t\n\t\t\t\t\t\t\t<div class=\"post-img-wrapp\">\n\t\t\t\t\t\t\t\t<a href=\"https:\/\/www.mydemenageur.com\/blog\/comment-choisir-un-box-de-demenagement\/\">\n\t\t\t\t\t\t\t\t\t<img decoding=\"async\" width=\"300\" height=\"208\" src=\"data:image\/jpeg;base64,\/9j\/4AAQSkZJRgABAQEAYABgAAD\/\/gA7Q1JFQVRPUjogZ2QtanBlZyB2MS4wICh1c2luZyBJSkcgSlBFRyB2NjIpLCBxdWFsaXR5ID0gODIK\/9sAQwAGBAQFBAQGBQUFBgYGBwkOCQkICAkSDQ0KDhUSFhYVEhQUFxohHBcYHxkUFB0nHR8iIyUlJRYcKSwoJCshJCUk\/9sAQwEGBgYJCAkRCQkRJBgUGCQkJCQkJCQkJCQkJCQkJCQkJCQkJCQkJCQkJCQkJCQkJCQkJCQkJCQkJCQkJCQkJCQk\/8AAEQgACgAPAwEiAAIRAQMRAf\/EAB8AAAEFAQEBAQEBAAAAAAAAAAABAgMEBQYHCAkKC\/\/EALUQAAIBAwMCBAMFBQQEAAABfQECAwAEEQUSITFBBhNRYQcicRQygZGhCCNCscEVUtHwJDNicoIJChYXGBkaJSYnKCkqNDU2Nzg5OkNERUZHSElKU1RVVldYWVpjZGVmZ2hpanN0dXZ3eHl6g4SFhoeIiYqSk5SVlpeYmZqio6Slpqeoqaqys7S1tre4ubrCw8TFxsfIycrS09TV1tfY2drh4uPk5ebn6Onq8fLz9PX29\/j5+v\/EAB8BAAMBAQEBAQEBAQEAAAAAAAABAgMEBQYHCAkKC\/\/EALURAAIBAgQEAwQHBQQEAAECdwABAgMRBAUhMQYSQVEHYXETIjKBCBRCkaGxwQkjM1LwFWJy0QoWJDThJfEXGBkaJicoKSo1Njc4OTpDREVGR0hJSlNUVVZXWFlaY2RlZmdoaWpzdHV2d3h5eoKDhIWGh4iJipKTlJWWl5iZmqKjpKWmp6ipqrKztLW2t7i5usLDxMXGx8jJytLT1NXW19jZ2uLj5OXm5+jp6vLz9PX29\/j5+v\/aAAwDAQACEQMRAD8AwfhqZr+K5sYESSS4ZFbPpiQg\/gQPxrO+I95I11CkqrFLEGTC9lDEAD2qX4SuyXtyVYqfMi6HH96sf4lMzazGSxJ8ruf9tq1ufUrFr+0ZPlW36H\/\/2Q==\" class=\"attachment-large wp-post-image attachment-medium wd-lazy-load wd-lazy-fade\" alt=\"box de stockage\" title=\"stockage box\" srcset=\"\" sizes=\"(max-width: 300px) 100vw, 300px\" data-wood-src=\"https:\/\/www.mydemenageur.com\/blog\/wp-content\/uploads\/2021\/02\/stockage-box-300x208.jpeg\" data-srcset=\"https:\/\/www.mydemenageur.com\/blog\/wp-content\/uploads\/2021\/02\/stockage-box-300x208.jpeg 300w, https:\/\/www.mydemenageur.com\/blog\/wp-content\/uploads\/2021\/02\/stockage-box.jpeg 680w\" \/>\t\t\t\t\t\t\t\t<\/a>\n\t\t\t\t\t\t\t<\/div>\n\t\t\t\t\t\t\t<div class=\"post-image-mask\">\n\t\t\t\t\t\t\t\t<span><\/span>\n\t\t\t\t\t\t\t<\/div>\n\n\t\t\t\t\t\t\n\t\t\t\t\t<\/figure>\n\t\t\t\t\n\t\t\t\t\t\t\t\t\t\t\t\t<div class=\"post-date wd-post-date wd-style-with-bg\" onclick=\"\">\n\t\t\t\t<span class=\"post-date-day\">\n\t\t\t\t\t12\t\t\t\t<\/span>\n\t\t\t\t<span class=\"post-date-month\">\n\t\t\t\t\tJan\t\t\t\t<\/span>\n\t\t\t<\/div>\n\t\t\t\t\t\t\n\t\t\t<\/header><!-- .entry-header -->\n\n\t\t<div class=\"article-body-container\">\n\t\t\t\n\t\t\t\t\n\t\t\t\t\t\t\t\t\t<h3 class=\"wd-entities-title title post-title\">\n\t\t\t\t\t\t<a href=\"https:\/\/www.mydemenageur.com\/blog\/comment-choisir-un-box-de-demenagement\/\" rel=\"bookmark\">Comment choisir un box de d\u00e9m\u00e9nagement ?<\/a>\n\t\t\t\t\t<\/h3>\n\t\t\t\t\n\t\t\t\t\t\t\t\n\t\t\t\t\t\t\t<div class=\"entry-content wd-entry-content\">\n\t\t\t\t\tMise \u00e0 jour novembre 2023\r\n\r\nLors d'un d\u00e9m\u00e9nagement, il peut-\u00eatre n\u00e9cessaire de stocker ses affaires entre les deux adresses, si le nou...\t\t\t\t\t\t\t\t\t<\/div><!-- .entry-content -->\n\t\t\t\n\t\t\t\n\t\t\t\t\t<\/div>\n\t<\/div>\n<\/article><!-- #post -->\n\n\n\n<article id=\"post-17966\" class=\"blog-design-masonry blog-post-loop blog-style-shadow  col-lg-4 col-md-4 col-sm-6 col-12 last  post-17966 post type-post status-publish format-standard has-post-thumbnail hentry category-stockage\">\n\t<div class=\"article-inner\">\n\t\t\t\t\t<header class=\"entry-header\">\n\t\t\t\t\t\t\t\t\t\n\t\t\t\t\t<figure id=\"carousel-429\" class=\"entry-thumbnail\" data-owl-carousel data-hide_pagination_control=\"yes\" data-desktop=\"1\" data-tablet=\"1\" data-tablet_landscape=\"1\" data-mobile=\"1\">\n\t\t\t\t\t\t\n\t\t\t\t\t\t\t<div class=\"post-img-wrapp\">\n\t\t\t\t\t\t\t\t<a href=\"https:\/\/www.mydemenageur.com\/blog\/centres-de-self-stockage-demenagement\/\">\n\t\t\t\t\t\t\t\t\t<img decoding=\"async\" width=\"300\" height=\"200\" src=\"data:image\/jpeg;base64,\/9j\/4AAQSkZJRgABAQEAYABgAAD\/\/gA7Q1JFQVRPUjogZ2QtanBlZyB2MS4wICh1c2luZyBJSkcgSlBFRyB2NjIpLCBxdWFsaXR5ID0gODIK\/9sAQwAGBAQFBAQGBQUFBgYGBwkOCQkICAkSDQ0KDhUSFhYVEhQUFxohHBcYHxkUFB0nHR8iIyUlJRYcKSwoJCshJCUk\/9sAQwEGBgYJCAkRCQkRJBgUGCQkJCQkJCQkJCQkJCQkJCQkJCQkJCQkJCQkJCQkJCQkJCQkJCQkJCQkJCQkJCQkJCQk\/8AAEQgACgAPAwEiAAIRAQMRAf\/EAB8AAAEFAQEBAQEBAAAAAAAAAAABAgMEBQYHCAkKC\/\/EALUQAAIBAwMCBAMFBQQEAAABfQECAwAEEQUSITFBBhNRYQcicRQygZGhCCNCscEVUtHwJDNicoIJChYXGBkaJSYnKCkqNDU2Nzg5OkNERUZHSElKU1RVVldYWVpjZGVmZ2hpanN0dXZ3eHl6g4SFhoeIiYqSk5SVlpeYmZqio6Slpqeoqaqys7S1tre4ubrCw8TFxsfIycrS09TV1tfY2drh4uPk5ebn6Onq8fLz9PX29\/j5+v\/EAB8BAAMBAQEBAQEBAQEAAAAAAAABAgMEBQYHCAkKC\/\/EALURAAIBAgQEAwQHBQQEAAECdwABAgMRBAUhMQYSQVEHYXETIjKBCBRCkaGxwQkjM1LwFWJy0QoWJDThJfEXGBkaJicoKSo1Njc4OTpDREVGR0hJSlNUVVZXWFlaY2RlZmdoaWpzdHV2d3h5eoKDhIWGh4iJipKTlJWWl5iZmqKjpKWmp6ipqrKztLW2t7i5usLDxMXGx8jJytLT1NXW19jZ2uLj5OXm5+jp6vLz9PX29\/j5+v\/aAAwDAQACEQMRAD8A43xR4Rk0q1a4SGV0ky4y6eXtH1Oc+2K4dY4o0uAyKJcqoXOcDkkj8gPxr1O8ijkspC6KxJ5LDOeK8xulVb24CqABIwGB70oL3mOcrxR\/\/9k=\" class=\"attachment-large wp-post-image attachment-medium wd-lazy-load wd-lazy-fade\" alt=\"Les centres de self-stockage pour un d\u00e9m\u00e9nagement\" title=\"Les centres de self-stockage pour un d\u00e9m\u00e9nagement\" srcset=\"\" sizes=\"(max-width: 300px) 100vw, 300px\" data-wood-src=\"https:\/\/www.mydemenageur.com\/blog\/wp-content\/uploads\/2018\/03\/centres-de-self-stockage-demenagement-300x200.jpeg\" data-srcset=\"https:\/\/www.mydemenageur.com\/blog\/wp-content\/uploads\/2018\/03\/centres-de-self-stockage-demenagement-300x200.jpeg 300w, https:\/\/www.mydemenageur.com\/blog\/wp-content\/uploads\/2018\/03\/centres-de-self-stockage-demenagement-768x511.jpeg 768w, https:\/\/www.mydemenageur.com\/blog\/wp-content\/uploads\/2018\/03\/centres-de-self-stockage-demenagement-930x620.jpeg 930w, https:\/\/www.mydemenageur.com\/blog\/wp-content\/uploads\/2018\/03\/centres-de-self-stockage-demenagement.jpeg 1000w\" \/>\t\t\t\t\t\t\t\t<\/a>\n\t\t\t\t\t\t\t<\/div>\n\t\t\t\t\t\t\t<div class=\"post-image-mask\">\n\t\t\t\t\t\t\t\t<span><\/span>\n\t\t\t\t\t\t\t<\/div>\n\n\t\t\t\t\t\t\n\t\t\t\t\t<\/figure>\n\t\t\t\t\n\t\t\t\t\t\t\t\t\t\t\t\t<div class=\"post-date wd-post-date wd-style-with-bg\" onclick=\"\">\n\t\t\t\t<span class=\"post-date-day\">\n\t\t\t\t\t23\t\t\t\t<\/span>\n\t\t\t\t<span class=\"post-date-month\">\n\t\t\t\t\tMar\t\t\t\t<\/span>\n\t\t\t<\/div>\n\t\t\t\t\t\t\n\t\t\t<\/header><!-- .entry-header -->\n\n\t\t<div class=\"article-body-container\">\n\t\t\t\n\t\t\t\t\n\t\t\t\t\t\t\t\t\t<h3 class=\"wd-entities-title title post-title\">\n\t\t\t\t\t\t<a href=\"https:\/\/www.mydemenageur.com\/blog\/centres-de-self-stockage-demenagement\/\" rel=\"bookmark\">Les centres de self-stockage pour un d\u00e9m\u00e9nagement<\/a>\n\t\t\t\t\t<\/h3>\n\t\t\t\t\n\t\t\t\t\t\t\t\n\t\t\t\t\t\t\t<div class=\"entry-content wd-entry-content\">\n\t\t\t\t\tLors de son d\u00e9m\u00e9nagement, il est possible d\u2019avoir besoin de faire d\u2019un garde meuble. Les raisons sont multiples. On a du bazar que l\u2019on...\t\t\t\t\t\t\t\t\t<\/div><!-- .entry-content -->\n\t\t\t\n\t\t\t\n\t\t\t\t\t<\/div>\n\t<\/div>\n<\/article><!-- #post -->\n\n\n\n<article id=\"post-275\" class=\"blog-design-masonry blog-post-loop blog-style-shadow  col-lg-4 col-md-4 col-sm-6 col-12 first  post-275 post type-post status-publish format-standard has-post-thumbnail hentry category-stockage\">\n\t<div class=\"article-inner\">\n\t\t\t\t\t<header class=\"entry-header\">\n\t\t\t\t\t\t\t\t\t\n\t\t\t\t\t<figure id=\"carousel-258\" class=\"entry-thumbnail\" data-owl-carousel data-hide_pagination_control=\"yes\" data-desktop=\"1\" data-tablet=\"1\" data-tablet_landscape=\"1\" data-mobile=\"1\">\n\t\t\t\t\t\t\n\t\t\t\t\t\t\t<div class=\"post-img-wrapp\">\n\t\t\t\t\t\t\t\t<a href=\"https:\/\/www.mydemenageur.com\/blog\/interview-de-ouistock\/\">\n\t\t\t\t\t\t\t\t\t<img decoding=\"async\" width=\"300\" height=\"200\" src=\"data:image\/jpeg;base64,\/9j\/4AAQSkZJRgABAQEAYABgAAD\/\/gA7Q1JFQVRPUjogZ2QtanBlZyB2MS4wICh1c2luZyBJSkcgSlBFRyB2NjIpLCBxdWFsaXR5ID0gODIK\/9sAQwAGBAQFBAQGBQUFBgYGBwkOCQkICAkSDQ0KDhUSFhYVEhQUFxohHBcYHxkUFB0nHR8iIyUlJRYcKSwoJCshJCUk\/9sAQwEGBgYJCAkRCQkRJBgUGCQkJCQkJCQkJCQkJCQkJCQkJCQkJCQkJCQkJCQkJCQkJCQkJCQkJCQkJCQkJCQkJCQk\/8AAEQgACgAPAwEiAAIRAQMRAf\/EAB8AAAEFAQEBAQEBAAAAAAAAAAABAgMEBQYHCAkKC\/\/EALUQAAIBAwMCBAMFBQQEAAABfQECAwAEEQUSITFBBhNRYQcicRQygZGhCCNCscEVUtHwJDNicoIJChYXGBkaJSYnKCkqNDU2Nzg5OkNERUZHSElKU1RVVldYWVpjZGVmZ2hpanN0dXZ3eHl6g4SFhoeIiYqSk5SVlpeYmZqio6Slpqeoqaqys7S1tre4ubrCw8TFxsfIycrS09TV1tfY2drh4uPk5ebn6Onq8fLz9PX29\/j5+v\/EAB8BAAMBAQEBAQEBAQEAAAAAAAABAgMEBQYHCAkKC\/\/EALURAAIBAgQEAwQHBQQEAAECdwABAgMRBAUhMQYSQVEHYXETIjKBCBRCkaGxwQkjM1LwFWJy0QoWJDThJfEXGBkaJicoKSo1Njc4OTpDREVGR0hJSlNUVVZXWFlaY2RlZmdoaWpzdHV2d3h5eoKDhIWGh4iJipKTlJWWl5iZmqKjpKWmp6ipqrKztLW2t7i5usLDxMXGx8jJytLT1NXW19jZ2uLj5OXm5+jp6vLz9PX29\/j5+v\/aAAwDAQACEQMRAD8A2YvF+j6TERIJN4XdgKSMfXHFbGm+J9O1mN\/KSSMoBuDrgHPoe9cX4htoTqBUwx7TEBjaMdK3PBMMSSX22NF4Xoo9a8xYmp9YUb6XZ6NDDU54apOW6tY\/\/9k=\" class=\"attachment-large wp-post-image attachment-medium wd-lazy-load wd-lazy-fade\" alt=\"Interview de Ouistock, stockage entre particuliers 2 \u00e0 3 fois mois cher\" title=\"Interview de Ouistock, stockage entre particuliers 2 \u00e0 3 fois mois cher\" srcset=\"\" sizes=\"(max-width: 300px) 100vw, 300px\" data-wood-src=\"https:\/\/www.mydemenageur.com\/blog\/wp-content\/uploads\/2017\/03\/ouistock-300x200.jpeg\" data-srcset=\"https:\/\/www.mydemenageur.com\/blog\/wp-content\/uploads\/2017\/03\/ouistock-300x200.jpeg 300w, https:\/\/www.mydemenageur.com\/blog\/wp-content\/uploads\/2017\/03\/ouistock-768x511.jpeg 768w, https:\/\/www.mydemenageur.com\/blog\/wp-content\/uploads\/2017\/03\/ouistock-930x620.jpeg 930w, https:\/\/www.mydemenageur.com\/blog\/wp-content\/uploads\/2017\/03\/ouistock.jpeg 1000w\" \/>\t\t\t\t\t\t\t\t<\/a>\n\t\t\t\t\t\t\t<\/div>\n\t\t\t\t\t\t\t<div class=\"post-image-mask\">\n\t\t\t\t\t\t\t\t<span><\/span>\n\t\t\t\t\t\t\t<\/div>\n\n\t\t\t\t\t\t\n\t\t\t\t\t<\/figure>\n\t\t\t\t\n\t\t\t\t\t\t\t\t\t\t\t\t<div class=\"post-date wd-post-date wd-style-with-bg\" onclick=\"\">\n\t\t\t\t<span class=\"post-date-day\">\n\t\t\t\t\t22\t\t\t\t<\/span>\n\t\t\t\t<span class=\"post-date-month\">\n\t\t\t\t\tMar\t\t\t\t<\/span>\n\t\t\t<\/div>\n\t\t\t\t\t\t\n\t\t\t<\/header><!-- .entry-header -->\n\n\t\t<div class=\"article-body-container\">\n\t\t\t\n\t\t\t\t\n\t\t\t\t\t\t\t\t\t<h3 class=\"wd-entities-title title post-title\">\n\t\t\t\t\t\t<a href=\"https:\/\/www.mydemenageur.com\/blog\/interview-de-ouistock\/\" rel=\"bookmark\">Interview de Ouistock, stockage entre particuliers 2 \u00e0 3 fois mois cher<\/a>\n\t\t\t\t\t<\/h3>\n\t\t\t\t\n\t\t\t\t\t\t\t\n\t\t\t\t\t\t\t<div class=\"entry-content wd-entry-content\">\n\t\t\t\t\tNous avons interview\u00e9 Ouistock qui est une startup dont l'id\u00e9e est elle aussi issue de la Consommation Collaborative. Le site met les p...\t\t\t\t\t\t\t\t\t<\/div><!-- .entry-content -->\n\t\t\t\n\t\t\t\n\t\t\t\t\t<\/div>\n\t<\/div>\n<\/article><!-- #post -->\n\n\n\n<article id=\"post-16197\" class=\"blog-design-masonry blog-post-loop blog-style-shadow  col-lg-4 col-md-4 col-sm-6 col-12 post-16197 post type-post status-publish format-standard has-post-thumbnail hentry category-stockage\">\n\t<div class=\"article-inner\">\n\t\t\t\t\t<header class=\"entry-header\">\n\t\t\t\t\t\t\t\t\t\n\t\t\t\t\t<figure id=\"carousel-365\" class=\"entry-thumbnail\" data-owl-carousel data-hide_pagination_control=\"yes\" data-desktop=\"1\" data-tablet=\"1\" data-tablet_landscape=\"1\" data-mobile=\"1\">\n\t\t\t\t\t\t\n\t\t\t\t\t\t\t<div class=\"post-img-wrapp\">\n\t\t\t\t\t\t\t\t<a href=\"https:\/\/www.mydemenageur.com\/blog\/stockage-meuble-demenagement-garde-meuble\/\">\n\t\t\t\t\t\t\t\t\t<img decoding=\"async\" width=\"300\" height=\"200\" src=\"data:image\/jpeg;base64,\/9j\/4AAQSkZJRgABAQEAYABgAAD\/\/gA7Q1JFQVRPUjogZ2QtanBlZyB2MS4wICh1c2luZyBJSkcgSlBFRyB2NjIpLCBxdWFsaXR5ID0gODIK\/9sAQwAGBAQFBAQGBQUFBgYGBwkOCQkICAkSDQ0KDhUSFhYVEhQUFxohHBcYHxkUFB0nHR8iIyUlJRYcKSwoJCshJCUk\/9sAQwEGBgYJCAkRCQkRJBgUGCQkJCQkJCQkJCQkJCQkJCQkJCQkJCQkJCQkJCQkJCQkJCQkJCQkJCQkJCQkJCQkJCQk\/8AAEQgACgAPAwEiAAIRAQMRAf\/EAB8AAAEFAQEBAQEBAAAAAAAAAAABAgMEBQYHCAkKC\/\/EALUQAAIBAwMCBAMFBQQEAAABfQECAwAEEQUSITFBBhNRYQcicRQygZGhCCNCscEVUtHwJDNicoIJChYXGBkaJSYnKCkqNDU2Nzg5OkNERUZHSElKU1RVVldYWVpjZGVmZ2hpanN0dXZ3eHl6g4SFhoeIiYqSk5SVlpeYmZqio6Slpqeoqaqys7S1tre4ubrCw8TFxsfIycrS09TV1tfY2drh4uPk5ebn6Onq8fLz9PX29\/j5+v\/EAB8BAAMBAQEBAQEBAQEAAAAAAAABAgMEBQYHCAkKC\/\/EALURAAIBAgQEAwQHBQQEAAECdwABAgMRBAUhMQYSQVEHYXETIjKBCBRCkaGxwQkjM1LwFWJy0QoWJDThJfEXGBkaJicoKSo1Njc4OTpDREVGR0hJSlNUVVZXWFlaY2RlZmdoaWpzdHV2d3h5eoKDhIWGh4iJipKTlJWWl5iZmqKjpKWmp6ipqrKztLW2t7i5usLDxMXGx8jJytLT1NXW19jZ2uLj5OXm5+jp6vLz9PX29\/j5+v\/aAAwDAQACEQMRAD8A4X+0tM0\/Q72YQmedIAkLsnCnG1m7c8ZB962\/B+rXmiyR3YFuftEW0xuT8uQG5H4AV5y7sdJmBYnlB1\/2hXX3xK6fEynBKAkj61yYdKrC8ls2e9mlapha0qNOXuuMU\/lovQ\/\/2Q==\" class=\"attachment-large wp-post-image attachment-medium wd-lazy-load wd-lazy-fade\" alt=\"Garde meuble ou comment stocker ses meubles lors d\u2019un d\u00e9m\u00e9nagement ?\" title=\"Garde meuble ou comment stocker ses meubles lors d\u2019un d\u00e9m\u00e9nagement ?\" srcset=\"\" sizes=\"(max-width: 300px) 100vw, 300px\" data-wood-src=\"https:\/\/www.mydemenageur.com\/blog\/wp-content\/uploads\/2016\/11\/stockage-meuble-demenagement-garde-meuble-300x200.jpeg\" data-srcset=\"https:\/\/www.mydemenageur.com\/blog\/wp-content\/uploads\/2016\/11\/stockage-meuble-demenagement-garde-meuble-300x200.jpeg 300w, https:\/\/www.mydemenageur.com\/blog\/wp-content\/uploads\/2016\/11\/stockage-meuble-demenagement-garde-meuble-768x511.jpeg 768w, https:\/\/www.mydemenageur.com\/blog\/wp-content\/uploads\/2016\/11\/stockage-meuble-demenagement-garde-meuble-930x620.jpeg 930w, https:\/\/www.mydemenageur.com\/blog\/wp-content\/uploads\/2016\/11\/stockage-meuble-demenagement-garde-meuble.jpeg 1000w\" \/>\t\t\t\t\t\t\t\t<\/a>\n\t\t\t\t\t\t\t<\/div>\n\t\t\t\t\t\t\t<div class=\"post-image-mask\">\n\t\t\t\t\t\t\t\t<span><\/span>\n\t\t\t\t\t\t\t<\/div>\n\n\t\t\t\t\t\t\n\t\t\t\t\t<\/figure>\n\t\t\t\t\n\t\t\t\t\t\t\t\t\t\t\t\t<div class=\"post-date wd-post-date wd-style-with-bg\" onclick=\"\">\n\t\t\t\t<span class=\"post-date-day\">\n\t\t\t\t\t29\t\t\t\t<\/span>\n\t\t\t\t<span class=\"post-date-month\">\n\t\t\t\t\tNov\t\t\t\t<\/span>\n\t\t\t<\/div>\n\t\t\t\t\t\t\n\t\t\t<\/header><!-- .entry-header -->\n\n\t\t<div class=\"article-body-container\">\n\t\t\t\n\t\t\t\t\n\t\t\t\t\t\t\t\t\t<h3 class=\"wd-entities-title title post-title\">\n\t\t\t\t\t\t<a href=\"https:\/\/www.mydemenageur.com\/blog\/stockage-meuble-demenagement-garde-meuble\/\" rel=\"bookmark\">Garde meuble ou comment stocker ses meubles lors d\u2019un d\u00e9m\u00e9nagement ?<\/a>\n\t\t\t\t\t<\/h3>\n\t\t\t\t\n\t\t\t\t\t\t\t\n\t\t\t\t\t\t\t<div class=\"entry-content wd-entry-content\">\n\t\t\t\t\tMise \u00e0 jour novembre 2023\r\n\r\nNombreux sont les fran\u00e7ais \u00e0 d\u00e9m\u00e9nager pour un logement moins spacieux ou \u00e0 r\u00e9aliser des travaux dans leur...\t\t\t\t\t\t\t\t\t<\/div><!-- .entry-content -->\n\t\t\t\n\t\t\t\n\t\t\t\t\t<\/div>\n\t<\/div>\n<\/article><!-- #post -->\n\n\n\n<article id=\"post-3246\" class=\"blog-design-masonry blog-post-loop blog-style-shadow  col-lg-4 col-md-4 col-sm-6 col-12 last  post-3246 post type-post status-publish format-standard has-post-thumbnail hentry category-transport category-emaballage-carton category-stockage\">\n\t<div class=\"article-inner\">\n\t\t\t\t\t<header class=\"entry-header\">\n\t\t\t\t\t\t\t\t\t\n\t\t\t\t\t<figure id=\"carousel-394\" class=\"entry-thumbnail\" data-owl-carousel data-hide_pagination_control=\"yes\" data-desktop=\"1\" data-tablet=\"1\" data-tablet_landscape=\"1\" data-mobile=\"1\">\n\t\t\t\t\t\t\n\t\t\t\t\t\t\t<div class=\"post-img-wrapp\">\n\t\t\t\t\t\t\t\t<a href=\"https:\/\/www.mydemenageur.com\/blog\/trouver-des-cartons-de-demenagement-gratuits-10-moyens-dobtenir-gratuitement-des-cartons-pour-demenager\/\">\n\t\t\t\t\t\t\t\t\t<img decoding=\"async\" width=\"300\" height=\"200\" src=\"data:image\/jpeg;base64,\/9j\/4AAQSkZJRgABAQEAYABgAAD\/\/gA7Q1JFQVRPUjogZ2QtanBlZyB2MS4wICh1c2luZyBJSkcgSlBFRyB2NjIpLCBxdWFsaXR5ID0gODIK\/9sAQwAGBAQFBAQGBQUFBgYGBwkOCQkICAkSDQ0KDhUSFhYVEhQUFxohHBcYHxkUFB0nHR8iIyUlJRYcKSwoJCshJCUk\/9sAQwEGBgYJCAkRCQkRJBgUGCQkJCQkJCQkJCQkJCQkJCQkJCQkJCQkJCQkJCQkJCQkJCQkJCQkJCQkJCQkJCQkJCQk\/8AAEQgACgAPAwEiAAIRAQMRAf\/EAB8AAAEFAQEBAQEBAAAAAAAAAAABAgMEBQYHCAkKC\/\/EALUQAAIBAwMCBAMFBQQEAAABfQECAwAEEQUSITFBBhNRYQcicRQygZGhCCNCscEVUtHwJDNicoIJChYXGBkaJSYnKCkqNDU2Nzg5OkNERUZHSElKU1RVVldYWVpjZGVmZ2hpanN0dXZ3eHl6g4SFhoeIiYqSk5SVlpeYmZqio6Slpqeoqaqys7S1tre4ubrCw8TFxsfIycrS09TV1tfY2drh4uPk5ebn6Onq8fLz9PX29\/j5+v\/EAB8BAAMBAQEBAQEBAQEAAAAAAAABAgMEBQYHCAkKC\/\/EALURAAIBAgQEAwQHBQQEAAECdwABAgMRBAUhMQYSQVEHYXETIjKBCBRCkaGxwQkjM1LwFWJy0QoWJDThJfEXGBkaJicoKSo1Njc4OTpDREVGR0hJSlNUVVZXWFlaY2RlZmdoaWpzdHV2d3h5eoKDhIWGh4iJipKTlJWWl5iZmqKjpKWmp6ipqrKztLW2t7i5usLDxMXGx8jJytLT1NXW19jZ2uLj5OXm5+jp6vLz9PX29\/j5+v\/aAAwDAQACEQMRAD8A9kubxYbJ5BHlo1LHt0rL8P8AiFdcW5PkGDyZPLGX3bv0FaQAKkHkEVVsbW3to28iCKLcxZtiBcn1OKt351roJW5Hpqf\/2Q==\" class=\"attachment-large wp-post-image attachment-medium wd-lazy-load wd-lazy-fade\" alt=\"Trouver des cartons de d\u00e9m\u00e9nagement gratuits ? 10 moyens d&#039;obtenir gratuitement des cartons pour d\u00e9m\u00e9nager\" title=\"Trouver des cartons de d\u00e9m\u00e9nagement gratuits ? 10 moyens d&#039;obtenir gratuitement des cartons pour d\u00e9m\u00e9nager\" srcset=\"\" sizes=\"(max-width: 300px) 100vw, 300px\" data-wood-src=\"https:\/\/www.mydemenageur.com\/blog\/wp-content\/uploads\/2016\/04\/trouver-des-cartons-de-demenagement-gratuits-10-moyens-dobtenir-gratuitement-des-cartons-pour-demenager-300x200.jpeg\" data-srcset=\"https:\/\/www.mydemenageur.com\/blog\/wp-content\/uploads\/2016\/04\/trouver-des-cartons-de-demenagement-gratuits-10-moyens-dobtenir-gratuitement-des-cartons-pour-demenager-300x200.jpeg 300w, https:\/\/www.mydemenageur.com\/blog\/wp-content\/uploads\/2016\/04\/trouver-des-cartons-de-demenagement-gratuits-10-moyens-dobtenir-gratuitement-des-cartons-pour-demenager-768x511.jpeg 768w, https:\/\/www.mydemenageur.com\/blog\/wp-content\/uploads\/2016\/04\/trouver-des-cartons-de-demenagement-gratuits-10-moyens-dobtenir-gratuitement-des-cartons-pour-demenager.jpeg 1000w\" \/>\t\t\t\t\t\t\t\t<\/a>\n\t\t\t\t\t\t\t<\/div>\n\t\t\t\t\t\t\t<div class=\"post-image-mask\">\n\t\t\t\t\t\t\t\t<span><\/span>\n\t\t\t\t\t\t\t<\/div>\n\n\t\t\t\t\t\t\n\t\t\t\t\t<\/figure>\n\t\t\t\t\n\t\t\t\t\t\t\t\t\t\t\t\t<div class=\"post-date wd-post-date wd-style-with-bg\" onclick=\"\">\n\t\t\t\t<span class=\"post-date-day\">\n\t\t\t\t\t01\t\t\t\t<\/span>\n\t\t\t\t<span class=\"post-date-month\">\n\t\t\t\t\tAvr\t\t\t\t<\/span>\n\t\t\t<\/div>\n\t\t\t\t\t\t\n\t\t\t<\/header><!-- .entry-header -->\n\n\t\t<div class=\"article-body-container\">\n\t\t\t\n\t\t\t\t\n\t\t\t\t\t\t\t\t\t<h3 class=\"wd-entities-title title post-title\">\n\t\t\t\t\t\t<a href=\"https:\/\/www.mydemenageur.com\/blog\/trouver-des-cartons-de-demenagement-gratuits-10-moyens-dobtenir-gratuitement-des-cartons-pour-demenager\/\" rel=\"bookmark\">Trouver des cartons de d\u00e9m\u00e9nagement gratuits : 10 moyens d&rsquo;obtenir gratuitement des cartons pour d\u00e9m\u00e9nager<\/a>\n\t\t\t\t\t<\/h3>\n\t\t\t\t\n\t\t\t\t\t\t\t\n\t\t\t\t\t\t\t<div class=\"entry-content wd-entry-content\">\n\t\t\t\t\t\r\n\r\n\r\n\r\n\r\n\r\n\r\n\r\nCeux qui pr\u00e9parent leur d\u00e9m\u00e9nagement en avance et avec s\u00e9rieux le savent, trouver des cartons pour d\u00e9m\u00e9nager est bien s...\t\t\t\t\t\t\t\t\t<\/div><!-- .entry-content -->\n\t\t\t\n\t\t\t\n\t\t\t\t\t<\/div>\n\t<\/div>\n<\/article><!-- #post -->\n\n\n\n<article id=\"post-422\" class=\"blog-design-masonry blog-post-loop blog-style-shadow  col-lg-4 col-md-4 col-sm-6 col-12 first  post-422 post type-post status-publish format-standard has-post-thumbnail hentry category-stockage\">\n\t<div class=\"article-inner\">\n\t\t\t\t\t<header class=\"entry-header\">\n\t\t\t\t\t\t\t\t\t\n\t\t\t\t\t<figure id=\"carousel-524\" class=\"entry-thumbnail\" data-owl-carousel data-hide_pagination_control=\"yes\" data-desktop=\"1\" data-tablet=\"1\" data-tablet_landscape=\"1\" data-mobile=\"1\">\n\t\t\t\t\t\t\n\t\t\t\t\t\t\t<div class=\"post-img-wrapp\">\n\t\t\t\t\t\t\t\t<a href=\"https:\/\/www.mydemenageur.com\/blog\/solutions-de-self-stockage-et-garde-meuble\/\">\n\t\t\t\t\t\t\t\t\t<img decoding=\"async\" width=\"300\" height=\"200\" src=\"data:image\/jpeg;base64,\/9j\/4AAQSkZJRgABAQEAYABgAAD\/\/gA7Q1JFQVRPUjogZ2QtanBlZyB2MS4wICh1c2luZyBJSkcgSlBFRyB2NjIpLCBxdWFsaXR5ID0gODIK\/9sAQwAGBAQFBAQGBQUFBgYGBwkOCQkICAkSDQ0KDhUSFhYVEhQUFxohHBcYHxkUFB0nHR8iIyUlJRYcKSwoJCshJCUk\/9sAQwEGBgYJCAkRCQkRJBgUGCQkJCQkJCQkJCQkJCQkJCQkJCQkJCQkJCQkJCQkJCQkJCQkJCQkJCQkJCQkJCQkJCQk\/8AAEQgACgAPAwEiAAIRAQMRAf\/EAB8AAAEFAQEBAQEBAAAAAAAAAAABAgMEBQYHCAkKC\/\/EALUQAAIBAwMCBAMFBQQEAAABfQECAwAEEQUSITFBBhNRYQcicRQygZGhCCNCscEVUtHwJDNicoIJChYXGBkaJSYnKCkqNDU2Nzg5OkNERUZHSElKU1RVVldYWVpjZGVmZ2hpanN0dXZ3eHl6g4SFhoeIiYqSk5SVlpeYmZqio6Slpqeoqaqys7S1tre4ubrCw8TFxsfIycrS09TV1tfY2drh4uPk5ebn6Onq8fLz9PX29\/j5+v\/EAB8BAAMBAQEBAQEBAQEAAAAAAAABAgMEBQYHCAkKC\/\/EALURAAIBAgQEAwQHBQQEAAECdwABAgMRBAUhMQYSQVEHYXETIjKBCBRCkaGxwQkjM1LwFWJy0QoWJDThJfEXGBkaJicoKSo1Njc4OTpDREVGR0hJSlNUVVZXWFlaY2RlZmdoaWpzdHV2d3h5eoKDhIWGh4iJipKTlJWWl5iZmqKjpKWmp6ipqrKztLW2t7i5usLDxMXGx8jJytLT1NXW19jZ2uLj5OXm5+jp6vLz9PX29\/j5+v\/aAAwDAQACEQMRAD8A8t0zUPL8WyeVMHil1FHkJI2su9CDn0wTWh49v5b6wF5qBhnvJIUiM5+aQ7ZCApb0CquB2xXI3fyeJ9TiX5Y0uCFUcBf3yjgdqr60T9kjPv8A1Ncbi+dNM7FJezaaP\/\/Z\" class=\"attachment-large wp-post-image attachment-medium wd-lazy-load wd-lazy-fade\" alt=\"10 solutions de garde-meuble et self-stockage pour tous les budgets\" title=\"10 solutions de garde-meuble et self-stockage pour tous les budgets\" srcset=\"\" sizes=\"(max-width: 300px) 100vw, 300px\" data-wood-src=\"https:\/\/www.mydemenageur.com\/blog\/wp-content\/uploads\/2015\/09\/solutions-de-self-stockage-et-garde-meuble-300x200.jpeg\" data-srcset=\"https:\/\/www.mydemenageur.com\/blog\/wp-content\/uploads\/2015\/09\/solutions-de-self-stockage-et-garde-meuble-300x200.jpeg 300w, https:\/\/www.mydemenageur.com\/blog\/wp-content\/uploads\/2015\/09\/solutions-de-self-stockage-et-garde-meuble-768x511.jpeg 768w, https:\/\/www.mydemenageur.com\/blog\/wp-content\/uploads\/2015\/09\/solutions-de-self-stockage-et-garde-meuble-930x620.jpeg 930w, https:\/\/www.mydemenageur.com\/blog\/wp-content\/uploads\/2015\/09\/solutions-de-self-stockage-et-garde-meuble.jpeg 1000w\" \/>\t\t\t\t\t\t\t\t<\/a>\n\t\t\t\t\t\t\t<\/div>\n\t\t\t\t\t\t\t<div class=\"post-image-mask\">\n\t\t\t\t\t\t\t\t<span><\/span>\n\t\t\t\t\t\t\t<\/div>\n\n\t\t\t\t\t\t\n\t\t\t\t\t<\/figure>\n\t\t\t\t\n\t\t\t\t\t\t\t\t\t\t\t\t<div class=\"post-date wd-post-date wd-style-with-bg\" onclick=\"\">\n\t\t\t\t<span class=\"post-date-day\">\n\t\t\t\t\t10\t\t\t\t<\/span>\n\t\t\t\t<span class=\"post-date-month\">\n\t\t\t\t\tSep\t\t\t\t<\/span>\n\t\t\t<\/div>\n\t\t\t\t\t\t\n\t\t\t<\/header><!-- .entry-header -->\n\n\t\t<div class=\"article-body-container\">\n\t\t\t\n\t\t\t\t\n\t\t\t\t\t\t\t\t\t<h3 class=\"wd-entities-title title post-title\">\n\t\t\t\t\t\t<a href=\"https:\/\/www.mydemenageur.com\/blog\/solutions-de-self-stockage-et-garde-meuble\/\" rel=\"bookmark\">10 solutions de garde-meuble et self-stockage pour tous les budgets<\/a>\n\t\t\t\t\t<\/h3>\n\t\t\t\t\n\t\t\t\t\t\t\t\n\t\t\t\t\t\t\t<div class=\"entry-content wd-entry-content\">\n\t\t\t\t\tVous avez besoin d\u2019un espace de stockage suite \u00e0 un d\u00e9m\u00e9nagement, pour faire des travaux, pour un d\u00e9part \u00e0 l\u2019\u00e9tranger ou simplement pou...\t\t\t\t\t\t\t\t\t<\/div><!-- .entry-content -->\n\t\t\t\n\t\t\t\n\t\t\t\t\t<\/div>\n\t<\/div>\n<\/article><!-- #post -->\n\n\n\n<article id=\"post-905\" class=\"blog-design-masonry blog-post-loop blog-style-shadow  col-lg-4 col-md-4 col-sm-6 col-12 post-905 post type-post status-publish format-standard has-post-thumbnail hentry category-stockage\">\n\t<div class=\"article-inner\">\n\t\t\t\t\t<header class=\"entry-header\">\n\t\t\t\t\t\t\t\t\t\n\t\t\t\t\t<figure id=\"carousel-939\" class=\"entry-thumbnail\" data-owl-carousel data-hide_pagination_control=\"yes\" data-desktop=\"1\" data-tablet=\"1\" data-tablet_landscape=\"1\" data-mobile=\"1\">\n\t\t\t\t\t\t\n\t\t\t\t\t\t\t<div class=\"post-img-wrapp\">\n\t\t\t\t\t\t\t\t<a href=\"https:\/\/www.mydemenageur.com\/blog\/interviews-consommation-collaborative-rencontre-avec-laure-courty-de-jestocke\/\">\n\t\t\t\t\t\t\t\t\t<img decoding=\"async\" width=\"288\" height=\"300\" src=\"data:image\/png;base64,iVBORw0KGgoAAAANSUhEUgAAAAoAAAALCAYAAABGbhwYAAAACXBIWXMAAA7EAAAOxAGVKw4bAAAA\/UlEQVQYlXWRPU\/DQBBE3+6d7XwAQUgIJIQoqCn5\/3+ChhpBkSKOgx3n7PMuRRAgEK9+0oxmpK43zg8cEP6iVaGk7IgI0RNtU7PeJUTAHLI5VaFEgOe3d4ZsLMrAOClp3LNpRw7DhKrweH9+FGdlYF4G5qUC0KeJqggEFVSPRSKAmbNuEqtFZLfPqAplFPrBuLmYASD7duvZnO7liap9pdIMNnHwguHkltO7B1Q+RYApD3T9iFvGXCjUmS+XhBC\/owFCLGmzYabEoMQyfElf4uhOs09c1g2iio8ZvVphVUTkuGsEmBy6YeKsH3B3MKftEtsYuZ4VVCrI72f+4wOfVnssKi+mkwAAAABJRU5ErkJggg==\" class=\"attachment-large wp-post-image attachment-medium wd-lazy-load wd-lazy-fade\" alt=\"consommation-collaborative-jestocke\" title=\"consommation-collaborative-jestocke\" srcset=\"\" sizes=\"(max-width: 288px) 100vw, 288px\" data-wood-src=\"https:\/\/www.mydemenageur.com\/blog\/wp-content\/uploads\/2015\/05\/CCITWpjestocke-288x300.png\" data-srcset=\"https:\/\/www.mydemenageur.com\/blog\/wp-content\/uploads\/2015\/05\/CCITWpjestocke-288x300.png 288w, https:\/\/www.mydemenageur.com\/blog\/wp-content\/uploads\/2015\/05\/CCITWpjestocke.png 750w\" \/>\t\t\t\t\t\t\t\t<\/a>\n\t\t\t\t\t\t\t<\/div>\n\t\t\t\t\t\t\t<div class=\"post-image-mask\">\n\t\t\t\t\t\t\t\t<span><\/span>\n\t\t\t\t\t\t\t<\/div>\n\n\t\t\t\t\t\t\n\t\t\t\t\t<\/figure>\n\t\t\t\t\n\t\t\t\t\t\t\t\t\t\t\t\t<div class=\"post-date wd-post-date wd-style-with-bg\" onclick=\"\">\n\t\t\t\t<span class=\"post-date-day\">\n\t\t\t\t\t04\t\t\t\t<\/span>\n\t\t\t\t<span class=\"post-date-month\">\n\t\t\t\t\tMai\t\t\t\t<\/span>\n\t\t\t<\/div>\n\t\t\t\t\t\t\n\t\t\t<\/header><!-- .entry-header -->\n\n\t\t<div class=\"article-body-container\">\n\t\t\t\n\t\t\t\t\n\t\t\t\t\t\t\t\t\t<h3 class=\"wd-entities-title title post-title\">\n\t\t\t\t\t\t<a href=\"https:\/\/www.mydemenageur.com\/blog\/interviews-consommation-collaborative-rencontre-avec-laure-courty-de-jestocke\/\" rel=\"bookmark\">Interviews \u00ab\u00a0consommation collaborative\u00a0\u00bb : Rencontre avec Laure Courty de Jestocke.com<\/a>\n\t\t\t\t\t<\/h3>\n\t\t\t\t\n\t\t\t\t\t\t\t\n\t\t\t\t\t\t\t<div class=\"entry-content wd-entry-content\">\n\t\t\t\t\tUn pas de plus dans nos investigations sur le d\u00e9veloppement de la consommation collaborative en France.\r\nNotre s\u00e9rie d'interviews des a...\t\t\t\t\t\t\t\t\t<\/div><!-- .entry-content -->\n\t\t\t\n\t\t\t\n\t\t\t\t\t<\/div>\n\t<\/div>\n<\/article><!-- #post -->\n\n\n\n<article id=\"post-109\" class=\"blog-design-masonry blog-post-loop blog-style-shadow  col-lg-4 col-md-4 col-sm-6 col-12 last  post-109 post type-post status-publish format-standard has-post-thumbnail hentry category-argent category-stockage tag-pas-cher\">\n\t<div class=\"article-inner\">\n\t\t\t\t\t<header class=\"entry-header\">\n\t\t\t\t\t\t\t\t\t\n\t\t\t\t\t<figure id=\"carousel-658\" class=\"entry-thumbnail\" data-owl-carousel data-hide_pagination_control=\"yes\" data-desktop=\"1\" data-tablet=\"1\" data-tablet_landscape=\"1\" data-mobile=\"1\">\n\t\t\t\t\t\t\n\t\t\t\t\t\t\t<div class=\"post-img-wrapp\">\n\t\t\t\t\t\t\t\t<a href=\"https:\/\/www.mydemenageur.com\/blog\/interview-costockage\/\">\n\t\t\t\t\t\t\t\t\t<img decoding=\"async\" width=\"150\" height=\"150\" src=\"data:image\/jpg;base64,\/9j\/4AAQSkZJRgABAQEAYABgAAD\/\/gA7Q1JFQVRPUjogZ2QtanBlZyB2MS4wICh1c2luZyBJSkcgSlBFRyB2NjIpLCBxdWFsaXR5ID0gODIK\/9sAQwAGBAQFBAQGBQUFBgYGBwkOCQkICAkSDQ0KDhUSFhYVEhQUFxohHBcYHxkUFB0nHR8iIyUlJRYcKSwoJCshJCUk\/9sAQwEGBgYJCAkRCQkRJBgUGCQkJCQkJCQkJCQkJCQkJCQkJCQkJCQkJCQkJCQkJCQkJCQkJCQkJCQkJCQkJCQkJCQk\/8AAEQgACgAKAwEiAAIRAQMRAf\/EAB8AAAEFAQEBAQEBAAAAAAAAAAABAgMEBQYHCAkKC\/\/EALUQAAIBAwMCBAMFBQQEAAABfQECAwAEEQUSITFBBhNRYQcicRQygZGhCCNCscEVUtHwJDNicoIJChYXGBkaJSYnKCkqNDU2Nzg5OkNERUZHSElKU1RVVldYWVpjZGVmZ2hpanN0dXZ3eHl6g4SFhoeIiYqSk5SVlpeYmZqio6Slpqeoqaqys7S1tre4ubrCw8TFxsfIycrS09TV1tfY2drh4uPk5ebn6Onq8fLz9PX29\/j5+v\/EAB8BAAMBAQEBAQEBAQEAAAAAAAABAgMEBQYHCAkKC\/\/EALURAAIBAgQEAwQHBQQEAAECdwABAgMRBAUhMQYSQVEHYXETIjKBCBRCkaGxwQkjM1LwFWJy0QoWJDThJfEXGBkaJicoKSo1Njc4OTpDREVGR0hJSlNUVVZXWFlaY2RlZmdoaWpzdHV2d3h5eoKDhIWGh4iJipKTlJWWl5iZmqKjpKWmp6ipqrKztLW2t7i5usLDxMXGx8jJytLT1NXW19jZ2uLj5OXm5+jp6vLz9PX29\/j5+v\/aAAwDAQACEQMRAD8A7K9+KN5Pqa3UN3ZrbFCq28lysajncGYEZPCgDHZjVQ\/ES4clpZ9E8w8t5d4Cue+CQDj8K821C+uoZUEdzOgMa52uRng1mXcrtdTMzsSXYkk9ea5fZtrWTOjnjf4T\/9k=\" class=\"attachment-large wp-post-image attachment-medium wd-lazy-load wd-lazy-fade\" alt=\"Coctockage : la solution pour partager le stockage\" title=\"Coctockage : la solution pour partager le stockage\" data-wood-src=\"https:\/\/www.mydemenageur.com\/blog\/wp-content\/uploads\/2013\/12\/coctockage_logo.jpg\" srcset=\"\" \/>\t\t\t\t\t\t\t\t<\/a>\n\t\t\t\t\t\t\t<\/div>\n\t\t\t\t\t\t\t<div class=\"post-image-mask\">\n\t\t\t\t\t\t\t\t<span><\/span>\n\t\t\t\t\t\t\t<\/div>\n\n\t\t\t\t\t\t\n\t\t\t\t\t<\/figure>\n\t\t\t\t\n\t\t\t\t\t\t\t\t\t\t\t\t<div class=\"post-date wd-post-date wd-style-with-bg\" onclick=\"\">\n\t\t\t\t<span class=\"post-date-day\">\n\t\t\t\t\t12\t\t\t\t<\/span>\n\t\t\t\t<span class=\"post-date-month\">\n\t\t\t\t\tD\u00e9c\t\t\t\t<\/span>\n\t\t\t<\/div>\n\t\t\t\t\t\t\n\t\t\t<\/header><!-- .entry-header -->\n\n\t\t<div class=\"article-body-container\">\n\t\t\t\n\t\t\t\t\n\t\t\t\t\t\t\t\t\t<h3 class=\"wd-entities-title title post-title\">\n\t\t\t\t\t\t<a href=\"https:\/\/www.mydemenageur.com\/blog\/interview-costockage\/\" rel=\"bookmark\">Costockage : stocker ses meubles 50% moins cher [Interview]<\/a>\n\t\t\t\t\t<\/h3>\n\t\t\t\t\n\t\t\t\t\t\t\t\n\t\t\t\t\t\t\t<div class=\"entry-content wd-entry-content\">\n\t\t\t\t\tInterview d'Adam, le cofondateur de Costockage.fr, un site qui permet de stocker ses affaires chez des particuliers \u00e0 des tarifs imbatt...\t\t\t\t\t\t\t\t\t<\/div><!-- .entry-content -->\n\t\t\t\n\t\t\t\n\t\t\t\t\t<\/div>\n\t<\/div>\n<\/article><!-- #post -->\n\n\n<\/div>[\/vc_column][\/vc_row]<\/p>\n<\/section>","protected":false},"excerpt":{"rendered":"<p>[vc_row][vc_column][vc_column_text woodmart_inline=\u00a0\u00bbno\u00a0\u00bb text_larger=\u00a0\u00bbno\u00a0\u00bb]Vous devez d\u00e9m\u00e9nager mais vous n&rsquo;avez pas encore de logement pour accueillir tous vos meubles ? La solution<\/p>\n","protected":false},"author":6,"featured_media":21767,"parent":0,"menu_order":0,"comment_status":"closed","ping_status":"closed","template":"","meta":{"_lmt_disableupdate":"","_lmt_disable":"","footnotes":""},"yoast_head":"<!-- This site is optimized with the Yoast SEO Premium plugin v24.2 (Yoast SEO v24.5) - https:\/\/yoast.com\/wordpress\/plugins\/seo\/ -->\n<title>D\u00e9m\u00e9nagement : stockage et garde meuble - MyDemenageur<\/title>\n<meta name=\"description\" content=\"D\u00e9couvrez les offres de services aux propri\u00e9taires et aux entreprises, y compris le self-stockage et l&#039;entreposage dans un garde-meuble.\" \/>\n<meta name=\"robots\" content=\"index, follow, max-snippet:-1, max-image-preview:large, max-video-preview:-1\" \/>\n<link rel=\"canonical\" href=\"https:\/\/www.mydemenageur.com\/blog\/stockage-garde-meuble\/\" \/>\n<meta property=\"og:locale\" content=\"fr_FR\" \/>\n<meta property=\"og:type\" content=\"article\" \/>\n<meta property=\"og:title\" content=\"D\u00e9m\u00e9nagement : stockage et garde meuble\" \/>\n<meta property=\"og:description\" content=\"D\u00e9couvrez les offres de services aux propri\u00e9taires et aux entreprises, y compris le self-stockage et l&#039;entreposage dans un garde-meuble.\" \/>\n<meta property=\"og:url\" content=\"https:\/\/www.mydemenageur.com\/blog\/stockage-garde-meuble\/\" \/>\n<meta property=\"og:site_name\" content=\"MyDemenageur\" \/>\n<meta property=\"article:publisher\" content=\"https:\/\/www.facebook.com\/mydemenageur\" \/>\n<meta property=\"article:modified_time\" content=\"2022-02-03T20:09:20+00:00\" \/>\n<meta property=\"og:image\" content=\"https:\/\/www.mydemenageur.com\/blog\/wp-content\/uploads\/2016\/11\/stockage-meuble-demenagement-garde-meuble.jpeg\" \/>\n\t<meta property=\"og:image:width\" content=\"1000\" \/>\n\t<meta property=\"og:image:height\" content=\"666\" \/>\n\t<meta property=\"og:image:type\" content=\"image\/jpeg\" \/>\n<meta name=\"twitter:card\" content=\"summary_large_image\" \/>\n<meta name=\"twitter:site\" content=\"@mydemenageur\" \/>\n<meta name=\"twitter:label1\" content=\"Dur\u00e9e de lecture estim\u00e9e\" \/>\n\t<meta name=\"twitter:data1\" content=\"1 minute\" \/>\n<script type=\"application\/ld+json\" class=\"yoast-schema-graph\">{\"@context\":\"https:\/\/schema.org\",\"@graph\":[{\"@type\":\"WebPage\",\"@id\":\"https:\/\/www.mydemenageur.com\/blog\/stockage-garde-meuble\/\",\"url\":\"https:\/\/www.mydemenageur.com\/blog\/stockage-garde-meuble\/\",\"name\":\"D\u00e9m\u00e9nagement : stockage et garde meuble - MyDemenageur\",\"isPartOf\":{\"@id\":\"https:\/\/www.mydemenageur.com\/blog\/#website\"},\"primaryImageOfPage\":{\"@id\":\"https:\/\/www.mydemenageur.com\/blog\/stockage-garde-meuble\/#primaryimage\"},\"image\":{\"@id\":\"https:\/\/www.mydemenageur.com\/blog\/stockage-garde-meuble\/#primaryimage\"},\"thumbnailUrl\":\"https:\/\/www.mydemenageur.com\/blog\/wp-content\/uploads\/2016\/11\/stockage-meuble-demenagement-garde-meuble.jpeg\",\"datePublished\":\"2021-06-17T16:14:12+00:00\",\"dateModified\":\"2022-02-03T20:09:20+00:00\",\"description\":\"D\u00e9couvrez les offres de services aux propri\u00e9taires et aux entreprises, y compris le self-stockage et l'entreposage dans un garde-meuble.\",\"breadcrumb\":{\"@id\":\"https:\/\/www.mydemenageur.com\/blog\/stockage-garde-meuble\/#breadcrumb\"},\"inLanguage\":\"fr-FR\",\"potentialAction\":[{\"@type\":\"ReadAction\",\"target\":[\"https:\/\/www.mydemenageur.com\/blog\/stockage-garde-meuble\/\"]}]},{\"@type\":\"ImageObject\",\"inLanguage\":\"fr-FR\",\"@id\":\"https:\/\/www.mydemenageur.com\/blog\/stockage-garde-meuble\/#primaryimage\",\"url\":\"https:\/\/www.mydemenageur.com\/blog\/wp-content\/uploads\/2016\/11\/stockage-meuble-demenagement-garde-meuble.jpeg\",\"contentUrl\":\"https:\/\/www.mydemenageur.com\/blog\/wp-content\/uploads\/2016\/11\/stockage-meuble-demenagement-garde-meuble.jpeg\",\"width\":1000,\"height\":666,\"caption\":\"Garde meuble ou comment stocker ses meubles lors d\u2019un d\u00e9m\u00e9nagement ?\"},{\"@type\":\"BreadcrumbList\",\"@id\":\"https:\/\/www.mydemenageur.com\/blog\/stockage-garde-meuble\/#breadcrumb\",\"itemListElement\":[{\"@type\":\"ListItem\",\"position\":1,\"name\":\"Accueil\",\"item\":\"https:\/\/www.mydemenageur.com\/blog\/\"},{\"@type\":\"ListItem\",\"position\":2,\"name\":\"D\u00e9m\u00e9nagement : stockage et garde meuble\"}]},{\"@type\":\"WebSite\",\"@id\":\"https:\/\/www.mydemenageur.com\/blog\/#website\",\"url\":\"https:\/\/www.mydemenageur.com\/blog\/\",\"name\":\"MyDemenageur\",\"description\":\"Conseils d\u00e9m\u00e9ngement entre particuliers et d\u00e9m\u00e9nagement professionnel\",\"publisher\":{\"@id\":\"https:\/\/www.mydemenageur.com\/blog\/#organization\"},\"potentialAction\":[{\"@type\":\"SearchAction\",\"target\":{\"@type\":\"EntryPoint\",\"urlTemplate\":\"https:\/\/www.mydemenageur.com\/blog\/?s={search_term_string}\"},\"query-input\":{\"@type\":\"PropertyValueSpecification\",\"valueRequired\":true,\"valueName\":\"search_term_string\"}}],\"inLanguage\":\"fr-FR\"},{\"@type\":\"Organization\",\"@id\":\"https:\/\/www.mydemenageur.com\/blog\/#organization\",\"name\":\"MyDemenageur.com\",\"url\":\"https:\/\/www.mydemenageur.com\/blog\/\",\"logo\":{\"@type\":\"ImageObject\",\"inLanguage\":\"fr-FR\",\"@id\":\"https:\/\/www.mydemenageur.com\/blog\/#\/schema\/logo\/image\/\",\"url\":\"https:\/\/www.mydemenageur.com\/blog\/wp-content\/uploads\/2022\/05\/MyDemenageur_Symbol.jpg\",\"contentUrl\":\"https:\/\/www.mydemenageur.com\/blog\/wp-content\/uploads\/2022\/05\/MyDemenageur_Symbol.jpg\",\"width\":878,\"height\":877,\"caption\":\"MyDemenageur.com\"},\"image\":{\"@id\":\"https:\/\/www.mydemenageur.com\/blog\/#\/schema\/logo\/image\/\"},\"sameAs\":[\"https:\/\/www.facebook.com\/mydemenageur\",\"https:\/\/x.com\/mydemenageur\",\"https:\/\/www.pinterest.fr\/mydemenageur\/\"]}]}<\/script>\n<!-- \/ Yoast SEO Premium plugin. -->","yoast_head_json":{"title":"D\u00e9m\u00e9nagement : stockage et garde meuble - MyDemenageur","description":"D\u00e9couvrez les offres de services aux propri\u00e9taires et aux entreprises, y compris le self-stockage et l'entreposage dans un garde-meuble.","robots":{"index":"index","follow":"follow","max-snippet":"max-snippet:-1","max-image-preview":"max-image-preview:large","max-video-preview":"max-video-preview:-1"},"canonical":"https:\/\/www.mydemenageur.com\/blog\/stockage-garde-meuble\/","og_locale":"fr_FR","og_type":"article","og_title":"D\u00e9m\u00e9nagement : stockage et garde meuble","og_description":"D\u00e9couvrez les offres de services aux propri\u00e9taires et aux entreprises, y compris le self-stockage et l'entreposage dans un garde-meuble.","og_url":"https:\/\/www.mydemenageur.com\/blog\/stockage-garde-meuble\/","og_site_name":"MyDemenageur","article_publisher":"https:\/\/www.facebook.com\/mydemenageur","article_modified_time":"2022-02-03T20:09:20+00:00","og_image":[{"width":1000,"height":666,"url":"https:\/\/www.mydemenageur.com\/blog\/wp-content\/uploads\/2016\/11\/stockage-meuble-demenagement-garde-meuble.jpeg","type":"image\/jpeg"}],"twitter_card":"summary_large_image","twitter_site":"@mydemenageur","twitter_misc":{"Dur\u00e9e de lecture estim\u00e9e":"1 minute"},"schema":{"@context":"https:\/\/schema.org","@graph":[{"@type":"WebPage","@id":"https:\/\/www.mydemenageur.com\/blog\/stockage-garde-meuble\/","url":"https:\/\/www.mydemenageur.com\/blog\/stockage-garde-meuble\/","name":"D\u00e9m\u00e9nagement : stockage et garde meuble - MyDemenageur","isPartOf":{"@id":"https:\/\/www.mydemenageur.com\/blog\/#website"},"primaryImageOfPage":{"@id":"https:\/\/www.mydemenageur.com\/blog\/stockage-garde-meuble\/#primaryimage"},"image":{"@id":"https:\/\/www.mydemenageur.com\/blog\/stockage-garde-meuble\/#primaryimage"},"thumbnailUrl":"https:\/\/www.mydemenageur.com\/blog\/wp-content\/uploads\/2016\/11\/stockage-meuble-demenagement-garde-meuble.jpeg","datePublished":"2021-06-17T16:14:12+00:00","dateModified":"2022-02-03T20:09:20+00:00","description":"D\u00e9couvrez les offres de services aux propri\u00e9taires et aux entreprises, y compris le self-stockage et l'entreposage dans un garde-meuble.","breadcrumb":{"@id":"https:\/\/www.mydemenageur.com\/blog\/stockage-garde-meuble\/#breadcrumb"},"inLanguage":"fr-FR","potentialAction":[{"@type":"ReadAction","target":["https:\/\/www.mydemenageur.com\/blog\/stockage-garde-meuble\/"]}]},{"@type":"ImageObject","inLanguage":"fr-FR","@id":"https:\/\/www.mydemenageur.com\/blog\/stockage-garde-meuble\/#primaryimage","url":"https:\/\/www.mydemenageur.com\/blog\/wp-content\/uploads\/2016\/11\/stockage-meuble-demenagement-garde-meuble.jpeg","contentUrl":"https:\/\/www.mydemenageur.com\/blog\/wp-content\/uploads\/2016\/11\/stockage-meuble-demenagement-garde-meuble.jpeg","width":1000,"height":666,"caption":"Garde meuble ou comment stocker ses meubles lors d\u2019un d\u00e9m\u00e9nagement ?"},{"@type":"BreadcrumbList","@id":"https:\/\/www.mydemenageur.com\/blog\/stockage-garde-meuble\/#breadcrumb","itemListElement":[{"@type":"ListItem","position":1,"name":"Accueil","item":"https:\/\/www.mydemenageur.com\/blog\/"},{"@type":"ListItem","position":2,"name":"D\u00e9m\u00e9nagement : stockage et garde meuble"}]},{"@type":"WebSite","@id":"https:\/\/www.mydemenageur.com\/blog\/#website","url":"https:\/\/www.mydemenageur.com\/blog\/","name":"MyDemenageur","description":"Conseils d\u00e9m\u00e9ngement entre particuliers et d\u00e9m\u00e9nagement professionnel","publisher":{"@id":"https:\/\/www.mydemenageur.com\/blog\/#organization"},"potentialAction":[{"@type":"SearchAction","target":{"@type":"EntryPoint","urlTemplate":"https:\/\/www.mydemenageur.com\/blog\/?s={search_term_string}"},"query-input":{"@type":"PropertyValueSpecification","valueRequired":true,"valueName":"search_term_string"}}],"inLanguage":"fr-FR"},{"@type":"Organization","@id":"https:\/\/www.mydemenageur.com\/blog\/#organization","name":"MyDemenageur.com","url":"https:\/\/www.mydemenageur.com\/blog\/","logo":{"@type":"ImageObject","inLanguage":"fr-FR","@id":"https:\/\/www.mydemenageur.com\/blog\/#\/schema\/logo\/image\/","url":"https:\/\/www.mydemenageur.com\/blog\/wp-content\/uploads\/2022\/05\/MyDemenageur_Symbol.jpg","contentUrl":"https:\/\/www.mydemenageur.com\/blog\/wp-content\/uploads\/2022\/05\/MyDemenageur_Symbol.jpg","width":878,"height":877,"caption":"MyDemenageur.com"},"image":{"@id":"https:\/\/www.mydemenageur.com\/blog\/#\/schema\/logo\/image\/"},"sameAs":["https:\/\/www.facebook.com\/mydemenageur","https:\/\/x.com\/mydemenageur","https:\/\/www.pinterest.fr\/mydemenageur\/"]}]}},"_links":{"self":[{"href":"https:\/\/www.mydemenageur.com\/blog\/wp-json\/wp\/v2\/pages\/22191"}],"collection":[{"href":"https:\/\/www.mydemenageur.com\/blog\/wp-json\/wp\/v2\/pages"}],"about":[{"href":"https:\/\/www.mydemenageur.com\/blog\/wp-json\/wp\/v2\/types\/page"}],"author":[{"embeddable":true,"href":"https:\/\/www.mydemenageur.com\/blog\/wp-json\/wp\/v2\/users\/6"}],"replies":[{"embeddable":true,"href":"https:\/\/www.mydemenageur.com\/blog\/wp-json\/wp\/v2\/comments?post=22191"}],"version-history":[{"count":0,"href":"https:\/\/www.mydemenageur.com\/blog\/wp-json\/wp\/v2\/pages\/22191\/revisions"}],"wp:featuredmedia":[{"embeddable":true,"href":"https:\/\/www.mydemenageur.com\/blog\/wp-json\/wp\/v2\/media\/21767"}],"wp:attachment":[{"href":"https:\/\/www.mydemenageur.com\/blog\/wp-json\/wp\/v2\/media?parent=22191"}],"curies":[{"name":"wp","href":"https:\/\/api.w.org\/{rel}","templated":true}]}}